{"id":691,"date":"2022-02-16T21:39:47","date_gmt":"2022-02-16T21:39:47","guid":{"rendered":"https:\/\/frauenkreis.frauenkreis-immensee.ch\/?page_id=691"},"modified":"2026-07-05T13:10:49","modified_gmt":"2026-07-05T13:10:49","slug":"impressioen","status":"publish","type":"page","link":"https:\/\/frauenkreis-immensee.ch\/?page_id=691","title":{"rendered":"Impressionen"},"content":{"rendered":"\t\t<div data-elementor-type=\"wp-page\" data-elementor-id=\"691\" class=\"elementor elementor-691\">\n\t\t\t\t\t\t<section class=\"elementor-section elementor-top-section elementor-element elementor-element-146d3be elementor-section-boxed elementor-section-height-default elementor-section-height-default\" data-id=\"146d3be\" data-element_type=\"section\" data-e-type=\"section\">\n\t\t\t\t\t\t<div class=\"elementor-container elementor-column-gap-default\">\n\t\t\t\t\t<div class=\"elementor-column elementor-col-100 elementor-top-column elementor-element elementor-element-ab16bd6\" data-id=\"ab16bd6\" data-element_type=\"column\" data-e-type=\"column\">\n\t\t\t<div class=\"elementor-widget-wrap elementor-element-populated\">\n\t\t\t\t\t\t<div class=\"elementor-element elementor-element-e6dc348 elementor-drop-cap-yes elementor-drop-cap-view-default elementor-widget elementor-widget-text-editor\" data-id=\"e6dc348\" data-element_type=\"widget\" data-e-type=\"widget\" data-settings=\"{&quot;drop_cap&quot;:&quot;yes&quot;}\" data-widget_type=\"text-editor.default\">\n\t\t\t\t<div class=\"elementor-widget-container\">\n\t\t\t\t\t\t\t\t\t<p><b>Wenn Du mit der Ver\u00f6ffentlichung eines Bildes nicht einverstanden bist,\u00a0<\/b><\/p><p><b>informiere dringend den\u00a0<\/b><a title=\"\" href=\"mailto:webmaster@frauenkreis-immensee.ch\" target=\"_blank\" rel=\"noopener\">WEBMASTER<\/a><b>. Wir werden das Bild sofort von der Seite nehmen.<\/b><\/p><p><strong>Bild antippen und weitere Fotos geniessen.<\/strong>\u00a0<\/p>\t\t\t\t\t\t\t\t<\/div>\n\t\t\t\t<\/div>\n\t\t\t\t\t<\/div>\n\t\t<\/div>\n\t\t\t\t\t<\/div>\n\t\t<\/section>\n\t\t\t\t<section class=\"elementor-section elementor-top-section elementor-element elementor-element-75070b9 elementor-section-boxed elementor-section-height-default elementor-section-height-default\" data-id=\"75070b9\" data-element_type=\"section\" data-e-type=\"section\">\n\t\t\t\t\t\t<div class=\"elementor-container elementor-column-gap-default\">\n\t\t\t\t\t<div class=\"elementor-column elementor-col-33 elementor-top-column elementor-element elementor-element-a8d08de\" data-id=\"a8d08de\" data-element_type=\"column\" data-e-type=\"column\">\n\t\t\t<div class=\"elementor-widget-wrap elementor-element-populated\">\n\t\t\t\t\t\t<div class=\"elementor-element elementor-element-7871545 elementor-widget elementor-widget-image\" data-id=\"7871545\" data-element_type=\"widget\" data-e-type=\"widget\" data-widget_type=\"image.default\">\n\t\t\t\t<div class=\"elementor-widget-container\">\n\t\t\t\t\t\t\t\t\t\t\t\t\t\t\t\t<a href=\"https:\/\/photos.app.goo.gl\/6WX2ChGsDi1QxMFP6\" target=\"_blank\" https=\"\">\n\t\t\t\t\t\t\t<img fetchpriority=\"high\" decoding=\"async\" width=\"300\" height=\"200\" src=\"https:\/\/frauenkreis-immensee.ch\/wp-content\/uploads\/2026\/07\/IMG_1087-300x200.jpg\" class=\"attachment-medium size-medium wp-image-5730\" alt=\"\" srcset=\"https:\/\/frauenkreis-immensee.ch\/wp-content\/uploads\/2026\/07\/IMG_1087-300x200.jpg 300w, https:\/\/frauenkreis-immensee.ch\/wp-content\/uploads\/2026\/07\/IMG_1087-1024x682.jpg 1024w, https:\/\/frauenkreis-immensee.ch\/wp-content\/uploads\/2026\/07\/IMG_1087-768x511.jpg 768w, https:\/\/frauenkreis-immensee.ch\/wp-content\/uploads\/2026\/07\/IMG_1087.jpg 1200w\" sizes=\"(max-width: 300px) 100vw, 300px\" \/>\t\t\t\t\t\t\t\t<\/a>\n\t\t\t\t\t\t\t\t\t\t\t\t\t\t\t<\/div>\n\t\t\t\t<\/div>\n\t\t\t\t\t<\/div>\n\t\t<\/div>\n\t\t\t\t<div class=\"elementor-column elementor-col-66 elementor-top-column elementor-element elementor-element-a107cef\" data-id=\"a107cef\" data-element_type=\"column\" data-e-type=\"column\">\n\t\t\t<div class=\"elementor-widget-wrap elementor-element-populated\">\n\t\t\t\t\t\t<div class=\"elementor-element elementor-element-fdb04e7 elementor-widget elementor-widget-heading\" data-id=\"fdb04e7\" data-element_type=\"widget\" data-e-type=\"widget\" data-widget_type=\"heading.default\">\n\t\t\t\t<div class=\"elementor-widget-container\">\n\t\t\t\t\t<p class=\"elementor-heading-title elementor-size-default\"><a href=\"https:\/\/photos.app.goo.gl\/6WX2ChGsDi1QxMFP6\" target=\"_blank\">Wieder ist vorbei -  der Muddy Angel Run 4.7.2026 <\/a><\/p>\t\t\t\t<\/div>\n\t\t\t\t<\/div>\n\t\t\t\t<div class=\"elementor-element elementor-element-d64adf1 elementor-widget__width-initial elementor-widget elementor-widget-text-editor\" data-id=\"d64adf1\" data-element_type=\"widget\" data-e-type=\"widget\" data-widget_type=\"text-editor.default\">\n\t\t\t\t<div class=\"elementor-widget-container\">\n\t\t\t\t\t\t\t\t\t<p>Mit f\u00fcnf Frauen vom Frauenkreis Immensee waren wir \u00a0mitten im Schlamm, voller Lacher und Teamgeist. Spassfaktor? Riesig! Es war wie ein grosser Spielplatz f\u00fcr Frauen &#8211; mit Teilnehmerinnen aus der ganzen Schweiz sowie aus Deutschland, Frankreich und \u00d6sterreich. Gemeinsam lachen, gemeinsam an Grenzen gehen und dabei noch ein wichtiges Zeichen f\u00fcr die Brustkrebspr\u00e4ventation setzen.\u00a0<\/p><p>Eins ist sicher: Nach dem Lauf ist vor dem Lauf! Werk kommt n\u00e4chstes Jahr mit?<\/p>\t\t\t\t\t\t\t\t<\/div>\n\t\t\t\t<\/div>\n\t\t\t\t<div class=\"elementor-element elementor-element-59297c4 elementor-widget__width-initial elementor-widget elementor-widget-text-editor\" data-id=\"59297c4\" data-element_type=\"widget\" data-e-type=\"widget\" data-widget_type=\"text-editor.default\">\n\t\t\t\t<div class=\"elementor-widget-container\">\n\t\t\t\t\t\t\t\t\t<h3>\u00a0<\/h3>\t\t\t\t\t\t\t\t<\/div>\n\t\t\t\t<\/div>\n\t\t\t\t\t<\/div>\n\t\t<\/div>\n\t\t\t\t\t<\/div>\n\t\t<\/section>\n\t\t\t\t<section class=\"elementor-section elementor-top-section elementor-element elementor-element-105368c elementor-section-boxed elementor-section-height-default elementor-section-height-default\" data-id=\"105368c\" data-element_type=\"section\" data-e-type=\"section\">\n\t\t\t\t\t\t<div class=\"elementor-container elementor-column-gap-default\">\n\t\t\t\t\t<div class=\"elementor-column elementor-col-33 elementor-top-column elementor-element elementor-element-2dc986d\" data-id=\"2dc986d\" data-element_type=\"column\" data-e-type=\"column\">\n\t\t\t<div class=\"elementor-widget-wrap elementor-element-populated\">\n\t\t\t\t\t\t<div class=\"elementor-element elementor-element-808deae elementor-widget elementor-widget-image\" data-id=\"808deae\" data-element_type=\"widget\" data-e-type=\"widget\" data-widget_type=\"image.default\">\n\t\t\t\t<div class=\"elementor-widget-container\">\n\t\t\t\t\t\t\t\t\t\t\t\t\t\t\t\t<a href=\"https:\/\/photos.app.goo.gl\/ysNWwgo4XSxCRU9r5\" target=\"_blank\" https=\"\">\n\t\t\t\t\t\t\t<img decoding=\"async\" width=\"300\" height=\"298\" src=\"https:\/\/frauenkreis-immensee.ch\/wp-content\/uploads\/2026\/06\/01c67420-ec49-4825-8a06-f8bcf45251ec-300x298.jpg\" class=\"attachment-medium size-medium wp-image-5698\" alt=\"\" srcset=\"https:\/\/frauenkreis-immensee.ch\/wp-content\/uploads\/2026\/06\/01c67420-ec49-4825-8a06-f8bcf45251ec-300x298.jpg 300w, https:\/\/frauenkreis-immensee.ch\/wp-content\/uploads\/2026\/06\/01c67420-ec49-4825-8a06-f8bcf45251ec-1024x1019.jpg 1024w, https:\/\/frauenkreis-immensee.ch\/wp-content\/uploads\/2026\/06\/01c67420-ec49-4825-8a06-f8bcf45251ec-150x150.jpg 150w, https:\/\/frauenkreis-immensee.ch\/wp-content\/uploads\/2026\/06\/01c67420-ec49-4825-8a06-f8bcf45251ec-768x764.jpg 768w, https:\/\/frauenkreis-immensee.ch\/wp-content\/uploads\/2026\/06\/01c67420-ec49-4825-8a06-f8bcf45251ec-1536x1528.jpg 1536w, https:\/\/frauenkreis-immensee.ch\/wp-content\/uploads\/2026\/06\/01c67420-ec49-4825-8a06-f8bcf45251ec.jpg 2048w\" sizes=\"(max-width: 300px) 100vw, 300px\" \/>\t\t\t\t\t\t\t\t<\/a>\n\t\t\t\t\t\t\t\t\t\t\t\t\t\t\t<\/div>\n\t\t\t\t<\/div>\n\t\t\t\t\t<\/div>\n\t\t<\/div>\n\t\t\t\t<div class=\"elementor-column elementor-col-66 elementor-top-column elementor-element elementor-element-e206de3\" data-id=\"e206de3\" data-element_type=\"column\" data-e-type=\"column\">\n\t\t\t<div class=\"elementor-widget-wrap elementor-element-populated\">\n\t\t\t\t\t\t<div class=\"elementor-element elementor-element-f767b79 elementor-widget elementor-widget-heading\" data-id=\"f767b79\" data-element_type=\"widget\" data-e-type=\"widget\" data-widget_type=\"heading.default\">\n\t\t\t\t<div class=\"elementor-widget-container\">\n\t\t\t\t\t<p class=\"elementor-heading-title elementor-size-default\"><a href=\"https:\/\/photos.app.goo.gl\/ysNWwgo4XSxCRU9r5\" target=\"_blank\">Frauen-Ap\u00e9ro im Schl\u00fcssel - ein Abend wie in Italien 16.06.2026<\/a><\/p>\t\t\t\t<\/div>\n\t\t\t\t<\/div>\n\t\t\t\t<div class=\"elementor-element elementor-element-3609d05 elementor-widget__width-initial elementor-widget elementor-widget-text-editor\" data-id=\"3609d05\" data-element_type=\"widget\" data-e-type=\"widget\" data-widget_type=\"text-editor.default\">\n\t\t\t\t<div class=\"elementor-widget-container\">\n\t\t\t\t\t\t\t\t\t<p>Wiederum durften wir einen rundum gelungenen Frauenap\u00e9ro im Restaurant Schl\u00fcssel geniessen. Trotz des st\u00fcrmischen Wetters liessen wir uns die gute Laune nicht nehmen &#8211; im Gegenteil: Die gem\u00fctliche Atmosph\u00e4re, das feine italienische Essen und das mediterrane Flair machten den Abend zu etwas Besonderem.<\/p><p>F\u00fcr viele Lacher sorgte unser aufmerksamer Kellner, der uns mit einem charmanten &#8222;buona serata, diciotto belle donne, buon appetito, devi mangiare&#8230;.&#8220; beinahe noch eine kleinen Italienischkurs mit auf den Weg gab.\u00a0<\/p><p>Es wurde viel gelacht, angeregt geplaudert und die gemeinsame Zeit genossen. Ein Abend, an dem einfach alles gepasst hat &#8211; herzlichen Dank an das gesamte Team vom Seerestaurant Schl\u00fcssel Immensee &#8211; herzlichen Dank an alle, die dabei waren und diesen Frauenap\u00e9ro zu einem sch\u00f6nen Erlebnis gemacht haben.\u00a0<\/p><p>\u00a0<\/p>\t\t\t\t\t\t\t\t<\/div>\n\t\t\t\t<\/div>\n\t\t\t\t<div class=\"elementor-element elementor-element-8edfb04 elementor-widget__width-initial elementor-widget elementor-widget-text-editor\" data-id=\"8edfb04\" data-element_type=\"widget\" data-e-type=\"widget\" data-widget_type=\"text-editor.default\">\n\t\t\t\t<div class=\"elementor-widget-container\">\n\t\t\t\t\t\t\t\t\t<h3>\u00a0<\/h3>\t\t\t\t\t\t\t\t<\/div>\n\t\t\t\t<\/div>\n\t\t\t\t\t<\/div>\n\t\t<\/div>\n\t\t\t\t\t<\/div>\n\t\t<\/section>\n\t\t\t\t<section class=\"elementor-section elementor-top-section elementor-element elementor-element-aadbf66 elementor-section-boxed elementor-section-height-default elementor-section-height-default\" data-id=\"aadbf66\" data-element_type=\"section\" data-e-type=\"section\">\n\t\t\t\t\t\t<div class=\"elementor-container elementor-column-gap-default\">\n\t\t\t\t\t<div class=\"elementor-column elementor-col-33 elementor-top-column elementor-element elementor-element-b6c38b1\" data-id=\"b6c38b1\" data-element_type=\"column\" data-e-type=\"column\">\n\t\t\t<div class=\"elementor-widget-wrap elementor-element-populated\">\n\t\t\t\t\t\t<div class=\"elementor-element elementor-element-34efde1 elementor-widget elementor-widget-image\" data-id=\"34efde1\" data-element_type=\"widget\" data-e-type=\"widget\" data-widget_type=\"image.default\">\n\t\t\t\t<div class=\"elementor-widget-container\">\n\t\t\t\t\t\t\t\t\t\t\t\t\t\t\t\t<a href=\"https:\/\/photos.app.goo.gl\/9oUXDd4Mw7fyF74P6\" target=\"_blank\" https=\"\">\n\t\t\t\t\t\t\t<img decoding=\"async\" width=\"300\" height=\"200\" src=\"https:\/\/frauenkreis-immensee.ch\/wp-content\/uploads\/2026\/06\/4cdd2b72-ac66-488b-9b5c-9b9f00cd885c-300x200.jpg\" class=\"attachment-medium size-medium wp-image-5675\" alt=\"\" srcset=\"https:\/\/frauenkreis-immensee.ch\/wp-content\/uploads\/2026\/06\/4cdd2b72-ac66-488b-9b5c-9b9f00cd885c-300x200.jpg 300w, https:\/\/frauenkreis-immensee.ch\/wp-content\/uploads\/2026\/06\/4cdd2b72-ac66-488b-9b5c-9b9f00cd885c-1024x683.jpg 1024w, https:\/\/frauenkreis-immensee.ch\/wp-content\/uploads\/2026\/06\/4cdd2b72-ac66-488b-9b5c-9b9f00cd885c-768x512.jpg 768w, https:\/\/frauenkreis-immensee.ch\/wp-content\/uploads\/2026\/06\/4cdd2b72-ac66-488b-9b5c-9b9f00cd885c-1536x1024.jpg 1536w, https:\/\/frauenkreis-immensee.ch\/wp-content\/uploads\/2026\/06\/4cdd2b72-ac66-488b-9b5c-9b9f00cd885c-2048x1366.jpg 2048w\" sizes=\"(max-width: 300px) 100vw, 300px\" \/>\t\t\t\t\t\t\t\t<\/a>\n\t\t\t\t\t\t\t\t\t\t\t\t\t\t\t<\/div>\n\t\t\t\t<\/div>\n\t\t\t\t\t<\/div>\n\t\t<\/div>\n\t\t\t\t<div class=\"elementor-column elementor-col-66 elementor-top-column elementor-element elementor-element-f9f6bc8\" data-id=\"f9f6bc8\" data-element_type=\"column\" data-e-type=\"column\">\n\t\t\t<div class=\"elementor-widget-wrap elementor-element-populated\">\n\t\t\t\t\t\t<div class=\"elementor-element elementor-element-d0f416f elementor-widget elementor-widget-heading\" data-id=\"d0f416f\" data-element_type=\"widget\" data-e-type=\"widget\" data-widget_type=\"heading.default\">\n\t\t\t\t<div class=\"elementor-widget-container\">\n\t\t\t\t\t<p class=\"elementor-heading-title elementor-size-default\"><a href=\"https:\/\/photos.app.goo.gl\/9oUXDd4Mw7fyF74P6\" target=\"_blank\">Maiandacht  Frauenkreis Immensee und frauennetz k\u00fcssnacht merlischachen 20.5.2026<\/a><\/p>\t\t\t\t<\/div>\n\t\t\t\t<\/div>\n\t\t\t\t<div class=\"elementor-element elementor-element-1b7ef48 elementor-widget__width-initial elementor-widget elementor-widget-text-editor\" data-id=\"1b7ef48\" data-element_type=\"widget\" data-e-type=\"widget\" data-widget_type=\"text-editor.default\">\n\t\t\t\t<div class=\"elementor-widget-container\">\n\t\t\t\t\t\t\t\t\t<p>Am 20. Mai traf sich eine kleine Gruppe von Frauen zu einem gemeinsamen Fussmarsch auf dem Tellerenweg nach K\u00fcssnacht. Bei fr\u00f6hlicher Stimmung und guten Gespr\u00e4chen \u00a0war das Unterwegssein ein besonders Erlebnis.\u00a0<\/p><p>Anschliessend feierten wir die Maiandacht im Mons\u00e9jour Besinnungsraum. \u00a0Claudia Zimmermann gestaltete die Andacht zum Thema &#8222;Unsere Tr\u00e4ume und die Tr\u00e4ume Marias.&#8220; Die besinnlichen Gedanken luden dazu ein, \u00fcber die eigenen Hoffnungen und W\u00fcnsche nachzudenken und diese mit dem \u00a0Vertrauen \u00a0Marias zu verbinden. Die Andacht wurde musikalisch von einer ehemaligen K\u00fcssnachterin Trudy Sch\u00e4r-Hess mit Zitherkl\u00e4ngen und Gesang versch\u00f6nert.\u00a0<\/p><p>Der frauennetz k\u00fcssnacht merlischachen lud danach zu Kaffe und Kuchen ein. So wurde der Abend zu einer gelungenen Mischung aus Gemeinschaft, Besinnung und Freude.<\/p>\t\t\t\t\t\t\t\t<\/div>\n\t\t\t\t<\/div>\n\t\t\t\t<div class=\"elementor-element elementor-element-c3fa490 elementor-widget__width-initial elementor-widget elementor-widget-text-editor\" data-id=\"c3fa490\" data-element_type=\"widget\" data-e-type=\"widget\" data-widget_type=\"text-editor.default\">\n\t\t\t\t<div class=\"elementor-widget-container\">\n\t\t\t\t\t\t\t\t\t<h3>\u00a0<\/h3>\t\t\t\t\t\t\t\t<\/div>\n\t\t\t\t<\/div>\n\t\t\t\t\t<\/div>\n\t\t<\/div>\n\t\t\t\t\t<\/div>\n\t\t<\/section>\n\t\t\t\t<section class=\"elementor-section elementor-top-section elementor-element elementor-element-e94e44f elementor-section-boxed elementor-section-height-default elementor-section-height-default\" data-id=\"e94e44f\" data-element_type=\"section\" data-e-type=\"section\">\n\t\t\t\t\t\t<div class=\"elementor-container elementor-column-gap-default\">\n\t\t\t\t\t<div class=\"elementor-column elementor-col-33 elementor-top-column elementor-element elementor-element-f0c70f0\" data-id=\"f0c70f0\" data-element_type=\"column\" data-e-type=\"column\">\n\t\t\t<div class=\"elementor-widget-wrap elementor-element-populated\">\n\t\t\t\t\t\t<div class=\"elementor-element elementor-element-878e2ad elementor-widget elementor-widget-image\" data-id=\"878e2ad\" data-element_type=\"widget\" data-e-type=\"widget\" data-widget_type=\"image.default\">\n\t\t\t\t<div class=\"elementor-widget-container\">\n\t\t\t\t\t\t\t\t\t\t\t\t\t\t\t\t<a href=\"https:\/\/photos.app.goo.gl\/1xiL8HNnS6EsUNab7\" target=\"_blank\" https=\"\">\n\t\t\t\t\t\t\t<img loading=\"lazy\" decoding=\"async\" width=\"300\" height=\"300\" src=\"https:\/\/frauenkreis-immensee.ch\/wp-content\/uploads\/2026\/05\/Bildschirmfoto-2026-05-03-um-14.21.56-300x300.png\" class=\"attachment-medium size-medium wp-image-5612\" alt=\"\" srcset=\"https:\/\/frauenkreis-immensee.ch\/wp-content\/uploads\/2026\/05\/Bildschirmfoto-2026-05-03-um-14.21.56-300x300.png 300w, https:\/\/frauenkreis-immensee.ch\/wp-content\/uploads\/2026\/05\/Bildschirmfoto-2026-05-03-um-14.21.56-150x150.png 150w\" sizes=\"(max-width: 300px) 100vw, 300px\" \/>\t\t\t\t\t\t\t\t<\/a>\n\t\t\t\t\t\t\t\t\t\t\t\t\t\t\t<\/div>\n\t\t\t\t<\/div>\n\t\t\t\t\t<\/div>\n\t\t<\/div>\n\t\t\t\t<div class=\"elementor-column elementor-col-66 elementor-top-column elementor-element elementor-element-23fe2c0\" data-id=\"23fe2c0\" data-element_type=\"column\" data-e-type=\"column\">\n\t\t\t<div class=\"elementor-widget-wrap elementor-element-populated\">\n\t\t\t\t\t\t<div class=\"elementor-element elementor-element-2cc4121 elementor-widget elementor-widget-heading\" data-id=\"2cc4121\" data-element_type=\"widget\" data-e-type=\"widget\" data-widget_type=\"heading.default\">\n\t\t\t\t<div class=\"elementor-widget-container\">\n\t\t\t\t\t<p class=\"elementor-heading-title elementor-size-default\"><a href=\"https:\/\/photos.app.goo.gl\/1xiL8HNnS6EsUNab7\" target=\"_blank\">Astrologie und Quantenfrequenz ein Wegweiser f\u00fcr K\u00f6rper Geist und Seele 21.4.2026<\/a><\/p>\t\t\t\t<\/div>\n\t\t\t\t<\/div>\n\t\t\t\t<div class=\"elementor-element elementor-element-0938850 elementor-widget__width-initial elementor-widget elementor-widget-text-editor\" data-id=\"0938850\" data-element_type=\"widget\" data-e-type=\"widget\" data-widget_type=\"text-editor.default\">\n\t\t\t\t<div class=\"elementor-widget-container\">\n\t\t\t\t\t\t\t\t\t<p class=\"p1\">Der Frauenkreis-Abend mit <span class=\"s2\">Sigi Wolf<\/span><span class=\"s1\"> und <\/span><span class=\"s2\">Beatrice Studer<\/span><span class=\"s1\"> war ein ruhiger und informativer Kursabend f\u00fcr Frauen.<\/span><\/p><p class=\"p1\">Sigi Wolf gab einen einfachen Einblick in die Astrologie. Dabei erkl\u00e4rte sie auch den Astrologie-Kreis (Tierkreis), der in 12 Abschnitte mit den Sternzeichen wie <span class=\"s2\">Widder<\/span><span class=\"s1\">, <\/span><span class=\"s2\">Stier<\/span><span class=\"s1\"> oder <\/span><span class=\"s2\">Fische<\/span><span class=\"s1\"> unterteilt ist. Anhand dieses Kreises zeigte sie, wie die Positionen von Sonne, Mond und Planeten gedeutet werden und wie diese das pers\u00f6nliche Empfinden beeinflussen k\u00f6nnen. Der Fokus lag darauf, sich selbst besser zu verstehen.<\/span><\/p><p>\u00a0<\/p><p class=\"p1\">Beatrice Studer erkl\u00e4rte anhand von Beispielen, wie verschiedene Umwelteinfl\u00fcsse auf uns wirken k\u00f6nnen. Sie f\u00fchrte aus, dass diese Einfl\u00fcsse Auswirkungen auf unsere biologische Leistungsf\u00e4higkeit und unser Bewusstsein haben k\u00f6nnen und dass dadurch das pers\u00f6nliche Energieempfinden sinken kann. In ihrem Ansatz wird davon ausgegangen, dass ein Energiemangel im K\u00f6rper mit k\u00f6rperlichen und psychischen Beschwerden zusammenh\u00e4ngen kann.<\/p><p class=\"p1\">Im Zusammenhang damit stellte sie die Quantenfrequenz-Schwingungskosmetik vor. Diese soll den K\u00f6rper bei der Regeneration unterst\u00fctzen, beispielsweise durch Anwendungen wie Cremen oder Sprays.<\/p><p class=\"p1\">\u00a0<\/p><p class=\"p1\">Der Abend kombinierte Theorie und praktische Impulse. Ziel war es, mehr Verst\u00e4ndnis f\u00fcr sich selbst zu entwickeln und neue Energie f\u00fcr den Alltag mitzunehmen.<\/p>\t\t\t\t\t\t\t\t<\/div>\n\t\t\t\t<\/div>\n\t\t\t\t<div class=\"elementor-element elementor-element-e53a4ae elementor-widget__width-initial elementor-widget elementor-widget-text-editor\" data-id=\"e53a4ae\" data-element_type=\"widget\" data-e-type=\"widget\" data-widget_type=\"text-editor.default\">\n\t\t\t\t<div class=\"elementor-widget-container\">\n\t\t\t\t\t\t\t\t\t<h3>\u00a0<\/h3>\t\t\t\t\t\t\t\t<\/div>\n\t\t\t\t<\/div>\n\t\t\t\t\t<\/div>\n\t\t<\/div>\n\t\t\t\t\t<\/div>\n\t\t<\/section>\n\t\t\t\t<section class=\"elementor-section elementor-top-section elementor-element elementor-element-89b8cef elementor-section-boxed elementor-section-height-default elementor-section-height-default\" data-id=\"89b8cef\" data-element_type=\"section\" data-e-type=\"section\">\n\t\t\t\t\t\t<div class=\"elementor-container elementor-column-gap-default\">\n\t\t\t\t\t<div class=\"elementor-column elementor-col-33 elementor-top-column elementor-element elementor-element-8b8e599\" data-id=\"8b8e599\" data-element_type=\"column\" data-e-type=\"column\">\n\t\t\t<div class=\"elementor-widget-wrap elementor-element-populated\">\n\t\t\t\t\t\t<div class=\"elementor-element elementor-element-99d942e elementor-widget elementor-widget-image\" data-id=\"99d942e\" data-element_type=\"widget\" data-e-type=\"widget\" data-widget_type=\"image.default\">\n\t\t\t\t<div class=\"elementor-widget-container\">\n\t\t\t\t\t\t\t\t\t\t\t\t\t\t\t\t<a href=\"https:\/\/photos.app.goo.gl\/AtAfoUEb8UKfBGTe9\" target=\"_blank\">\n\t\t\t\t\t\t\t<img loading=\"lazy\" decoding=\"async\" width=\"678\" height=\"509\" src=\"https:\/\/frauenkreis-immensee.ch\/wp-content\/uploads\/2026\/04\/67340b06-4737-4ca9-aeb0-2481feab8959-768x576.jpg\" class=\"attachment-medium_large size-medium_large wp-image-5583\" alt=\"\" srcset=\"https:\/\/frauenkreis-immensee.ch\/wp-content\/uploads\/2026\/04\/67340b06-4737-4ca9-aeb0-2481feab8959-768x576.jpg 768w, https:\/\/frauenkreis-immensee.ch\/wp-content\/uploads\/2026\/04\/67340b06-4737-4ca9-aeb0-2481feab8959-300x225.jpg 300w, https:\/\/frauenkreis-immensee.ch\/wp-content\/uploads\/2026\/04\/67340b06-4737-4ca9-aeb0-2481feab8959-1024x768.jpg 1024w, https:\/\/frauenkreis-immensee.ch\/wp-content\/uploads\/2026\/04\/67340b06-4737-4ca9-aeb0-2481feab8959-1536x1152.jpg 1536w, https:\/\/frauenkreis-immensee.ch\/wp-content\/uploads\/2026\/04\/67340b06-4737-4ca9-aeb0-2481feab8959.jpg 1600w\" sizes=\"(max-width: 678px) 100vw, 678px\" \/>\t\t\t\t\t\t\t\t<\/a>\n\t\t\t\t\t\t\t\t\t\t\t\t\t\t\t<\/div>\n\t\t\t\t<\/div>\n\t\t\t\t\t<\/div>\n\t\t<\/div>\n\t\t\t\t<div class=\"elementor-column elementor-col-66 elementor-top-column elementor-element elementor-element-1eb7277\" data-id=\"1eb7277\" data-element_type=\"column\" data-e-type=\"column\">\n\t\t\t<div class=\"elementor-widget-wrap elementor-element-populated\">\n\t\t\t\t\t\t<div class=\"elementor-element elementor-element-137b743 elementor-widget elementor-widget-heading\" data-id=\"137b743\" data-element_type=\"widget\" data-e-type=\"widget\" data-widget_type=\"heading.default\">\n\t\t\t\t<div class=\"elementor-widget-container\">\n\t\t\t\t\t<p class=\"elementor-heading-title elementor-size-default\"><a href=\"https:\/\/photos.app.goo.gl\/AtAfoUEb8UKfBGTe9\" target=\"_blank\">Sonnenaufgangswanderung auf Rigi Kulm 18.4.2026<\/a><\/p>\t\t\t\t<\/div>\n\t\t\t\t<\/div>\n\t\t\t\t<div class=\"elementor-element elementor-element-5049f56 elementor-widget__width-initial elementor-widget elementor-widget-text-editor\" data-id=\"5049f56\" data-element_type=\"widget\" data-e-type=\"widget\" data-widget_type=\"text-editor.default\">\n\t\t\t\t<div class=\"elementor-widget-container\">\n\t\t\t\t\t\t\t\t\t<p>Fr\u00fchmorgens um 4.30 Uhr sind wir auf der Seebodenalp gestartet und gemeinsam Richtung Rigi Kulm aufgestiegen. Rechtzeitig vor dem Sonnenaufgang haben wir den Gipfel erreicht und wurden mit einem beeindruckenden Naturschauspiel belohnt. In der stillen Morgenstimmung konnten wir die besondere Atmosph\u00e4re genie\u00dfen, zur Ruhe kommen aber zugleich wertvolle Gespr\u00e4che f\u00fchren.<\/p><p>Es war eine eindr\u00fcckliche Wanderung voller sch\u00f6ner Momente, die uns noch lange in Erinnerung bleiben wird. Sie Fotos sprechen f\u00fcr sich &#8211; schaut selbst!<\/p>\t\t\t\t\t\t\t\t<\/div>\n\t\t\t\t<\/div>\n\t\t\t\t<div class=\"elementor-element elementor-element-9bd8e4b elementor-widget__width-initial elementor-widget elementor-widget-text-editor\" data-id=\"9bd8e4b\" data-element_type=\"widget\" data-e-type=\"widget\" data-widget_type=\"text-editor.default\">\n\t\t\t\t<div class=\"elementor-widget-container\">\n\t\t\t\t\t\t\t\t\t<h3>\u00a0<\/h3>\t\t\t\t\t\t\t\t<\/div>\n\t\t\t\t<\/div>\n\t\t\t\t\t<\/div>\n\t\t<\/div>\n\t\t\t\t\t<\/div>\n\t\t<\/section>\n\t\t\t\t<section class=\"elementor-section elementor-top-section elementor-element elementor-element-7da3fec elementor-section-boxed elementor-section-height-default elementor-section-height-default\" data-id=\"7da3fec\" data-element_type=\"section\" data-e-type=\"section\">\n\t\t\t\t\t\t<div class=\"elementor-container elementor-column-gap-default\">\n\t\t\t\t\t<div class=\"elementor-column elementor-col-33 elementor-top-column elementor-element elementor-element-59ee91a\" data-id=\"59ee91a\" data-element_type=\"column\" data-e-type=\"column\">\n\t\t\t<div class=\"elementor-widget-wrap elementor-element-populated\">\n\t\t\t\t\t\t<div class=\"elementor-element elementor-element-7d5b3bf elementor-widget elementor-widget-image\" data-id=\"7d5b3bf\" data-element_type=\"widget\" data-e-type=\"widget\" data-widget_type=\"image.default\">\n\t\t\t\t<div class=\"elementor-widget-container\">\n\t\t\t\t\t\t\t\t\t\t\t\t\t\t\t\t<a href=\"https:\/\/photos.app.goo.gl\/RtkiXjsY2p1FU1q76\" target=\"_blank\">\n\t\t\t\t\t\t\t<img loading=\"lazy\" decoding=\"async\" width=\"678\" height=\"904\" src=\"https:\/\/frauenkreis-immensee.ch\/wp-content\/uploads\/2026\/04\/IMG_0516-768x1024.jpeg\" class=\"attachment-medium_large size-medium_large wp-image-5564\" alt=\"\" srcset=\"https:\/\/frauenkreis-immensee.ch\/wp-content\/uploads\/2026\/04\/IMG_0516-768x1024.jpeg 768w, https:\/\/frauenkreis-immensee.ch\/wp-content\/uploads\/2026\/04\/IMG_0516-225x300.jpeg 225w, https:\/\/frauenkreis-immensee.ch\/wp-content\/uploads\/2026\/04\/IMG_0516-1152x1536.jpeg 1152w, https:\/\/frauenkreis-immensee.ch\/wp-content\/uploads\/2026\/04\/IMG_0516-1536x2048.jpeg 1536w, https:\/\/frauenkreis-immensee.ch\/wp-content\/uploads\/2026\/04\/IMG_0516-scaled.jpeg 1920w\" sizes=\"(max-width: 678px) 100vw, 678px\" \/>\t\t\t\t\t\t\t\t<\/a>\n\t\t\t\t\t\t\t\t\t\t\t\t\t\t\t<\/div>\n\t\t\t\t<\/div>\n\t\t\t\t\t<\/div>\n\t\t<\/div>\n\t\t\t\t<div class=\"elementor-column elementor-col-66 elementor-top-column elementor-element elementor-element-54c22aa\" data-id=\"54c22aa\" data-element_type=\"column\" data-e-type=\"column\">\n\t\t\t<div class=\"elementor-widget-wrap elementor-element-populated\">\n\t\t\t\t\t\t<div class=\"elementor-element elementor-element-ef28c19 elementor-widget elementor-widget-heading\" data-id=\"ef28c19\" data-element_type=\"widget\" data-e-type=\"widget\" data-widget_type=\"heading.default\">\n\t\t\t\t<div class=\"elementor-widget-container\">\n\t\t\t\t\t<p class=\"elementor-heading-title elementor-size-default\"><a href=\"https:\/\/photos.app.goo.gl\/RtkiXjsY2p1FU1q76\" target=\"_blank\">Osterbescherung f\u00fcr BewohnerInnen Altersheim Sunnehof 30.3.2026<\/a><\/p>\t\t\t\t<\/div>\n\t\t\t\t<\/div>\n\t\t\t\t<div class=\"elementor-element elementor-element-e66a6f2 elementor-widget__width-initial elementor-widget elementor-widget-text-editor\" data-id=\"e66a6f2\" data-element_type=\"widget\" data-e-type=\"widget\" data-widget_type=\"text-editor.default\">\n\t\t\t\t<div class=\"elementor-widget-container\">\n\t\t\t\t\t\t\t\t\t<p class=\"p1\">Am Montag vor Ostern f\u00fchrte der Frauenkreis Immensee im Altersheim Sunnehof die j\u00e4hrliche Osterbescherung durch. Jede Bewohnerin und jeder Bewohner wurde pers\u00f6nlich besucht und erhielt eine kleine Aufmerksamkeit, dieses Jahr eine Tulpe und einen Kaffeegutschein.<\/p><p class=\"p1\">Die Freude und Dankbarkeit waren \u00fcberall sp\u00fcrbar &#8211; oft gen\u00fcgte schon diese kleine Geste, um strahlende Augen zu sehen.\u00a0<\/p><p class=\"p1\">\u00a0<\/p>\t\t\t\t\t\t\t\t<\/div>\n\t\t\t\t<\/div>\n\t\t\t\t<div class=\"elementor-element elementor-element-dfd33c5 elementor-widget__width-initial elementor-widget elementor-widget-text-editor\" data-id=\"dfd33c5\" data-element_type=\"widget\" data-e-type=\"widget\" data-widget_type=\"text-editor.default\">\n\t\t\t\t<div class=\"elementor-widget-container\">\n\t\t\t\t\t\t\t\t\t<h3>\u00a0<\/h3>\t\t\t\t\t\t\t\t<\/div>\n\t\t\t\t<\/div>\n\t\t\t\t\t<\/div>\n\t\t<\/div>\n\t\t\t\t\t<\/div>\n\t\t<\/section>\n\t\t\t\t<section class=\"elementor-section elementor-top-section elementor-element elementor-element-00123b3 elementor-section-boxed elementor-section-height-default elementor-section-height-default\" data-id=\"00123b3\" data-element_type=\"section\" data-e-type=\"section\">\n\t\t\t\t\t\t<div class=\"elementor-container elementor-column-gap-default\">\n\t\t\t\t\t<div class=\"elementor-column elementor-col-33 elementor-top-column elementor-element elementor-element-8a0442d\" data-id=\"8a0442d\" data-element_type=\"column\" data-e-type=\"column\">\n\t\t\t<div class=\"elementor-widget-wrap elementor-element-populated\">\n\t\t\t\t\t\t<div class=\"elementor-element elementor-element-ed7d626 elementor-widget elementor-widget-image\" data-id=\"ed7d626\" data-element_type=\"widget\" data-e-type=\"widget\" data-widget_type=\"image.default\">\n\t\t\t\t<div class=\"elementor-widget-container\">\n\t\t\t\t\t\t\t\t\t\t\t\t\t\t\t\t<a href=\"https:\/\/photos.app.goo.gl\/epZF82GFWfy4kMpPA\" target=\"_blank\">\n\t\t\t\t\t\t\t<img loading=\"lazy\" decoding=\"async\" width=\"678\" height=\"904\" src=\"https:\/\/frauenkreis-immensee.ch\/wp-content\/uploads\/2026\/03\/450556fb-5f14-4e9a-855d-600a53d4e80c-768x1024.jpg\" class=\"attachment-medium_large size-medium_large wp-image-5538\" alt=\"\" srcset=\"https:\/\/frauenkreis-immensee.ch\/wp-content\/uploads\/2026\/03\/450556fb-5f14-4e9a-855d-600a53d4e80c-768x1024.jpg 768w, https:\/\/frauenkreis-immensee.ch\/wp-content\/uploads\/2026\/03\/450556fb-5f14-4e9a-855d-600a53d4e80c-225x300.jpg 225w, https:\/\/frauenkreis-immensee.ch\/wp-content\/uploads\/2026\/03\/450556fb-5f14-4e9a-855d-600a53d4e80c-1152x1536.jpg 1152w, https:\/\/frauenkreis-immensee.ch\/wp-content\/uploads\/2026\/03\/450556fb-5f14-4e9a-855d-600a53d4e80c.jpg 1536w\" sizes=\"(max-width: 678px) 100vw, 678px\" \/>\t\t\t\t\t\t\t\t<\/a>\n\t\t\t\t\t\t\t\t\t\t\t\t\t\t\t<\/div>\n\t\t\t\t<\/div>\n\t\t\t\t\t<\/div>\n\t\t<\/div>\n\t\t\t\t<div class=\"elementor-column elementor-col-66 elementor-top-column elementor-element elementor-element-53f89ae\" data-id=\"53f89ae\" data-element_type=\"column\" data-e-type=\"column\">\n\t\t\t<div class=\"elementor-widget-wrap elementor-element-populated\">\n\t\t\t\t\t\t<div class=\"elementor-element elementor-element-56b749f elementor-widget elementor-widget-heading\" data-id=\"56b749f\" data-element_type=\"widget\" data-e-type=\"widget\" data-widget_type=\"heading.default\">\n\t\t\t\t<div class=\"elementor-widget-container\">\n\t\t\t\t\t<p class=\"elementor-heading-title elementor-size-default\"><a href=\"https:\/\/photos.app.goo.gl\/epZF82GFWfy4kMpPA\" target=\"_blank\">Dankes-Essen f\u00fcr ehrenamtliche HelferInnen 19.3.2026<\/a><\/p>\t\t\t\t<\/div>\n\t\t\t\t<\/div>\n\t\t\t\t<div class=\"elementor-element elementor-element-334746b elementor-widget__width-initial elementor-widget elementor-widget-text-editor\" data-id=\"334746b\" data-element_type=\"widget\" data-e-type=\"widget\" data-widget_type=\"text-editor.default\">\n\t\t\t\t<div class=\"elementor-widget-container\">\n\t\t\t\t\t\t\t\t\t<p class=\"p1\">\u00a0<\/p><p class=\"p2\">\u00a0<\/p><p class=\"p1\"><span class=\"s1\">Der Frauenkreis durfte k\u00fcrzlich ein herzliches Dankesessen f\u00fcr alle ehrenamtlichen Mitarbeiterinnen und Mitarbeiter veranstalten. Beim gem\u00fctlichen Spaghetti-Plausch verbrachten wir einen geselligen und fr\u00f6hlichen Abend miteinander.<\/span><\/p><p class=\"p1\"><strong><span class=\"s1\">Wir sind sehr dankbar f\u00fcr die vielen helfenden H\u00e4nde, die unseren Frauenkreis tragen und bereichern \u2013 ohne euch w\u00e4re vieles nicht m\u00f6glich.<\/span><\/strong><\/p><p class=\"p1\"><span class=\"s1\">Ein besonderes Dankesch\u00f6n gilt auch dem Vorstand, der mit viel Engagement und Liebe das feine Essen zubereitet und so zu diesem gelungenen Abend im Pfarrsaal am Seppi-Tag beigetragen hat.<\/span><\/p><p class=\"p1\"><span class=\"s1\">Herzlichen Dank an euch alle!<\/span><\/p>\t\t\t\t\t\t\t\t<\/div>\n\t\t\t\t<\/div>\n\t\t\t\t<div class=\"elementor-element elementor-element-d959998 elementor-widget__width-initial elementor-widget elementor-widget-text-editor\" data-id=\"d959998\" data-element_type=\"widget\" data-e-type=\"widget\" data-widget_type=\"text-editor.default\">\n\t\t\t\t<div class=\"elementor-widget-container\">\n\t\t\t\t\t\t\t\t\t<h3>\u00a0<\/h3>\t\t\t\t\t\t\t\t<\/div>\n\t\t\t\t<\/div>\n\t\t\t\t\t<\/div>\n\t\t<\/div>\n\t\t\t\t\t<\/div>\n\t\t<\/section>\n\t\t\t\t<section class=\"elementor-section elementor-top-section elementor-element elementor-element-d0f2d65 elementor-section-boxed elementor-section-height-default elementor-section-height-default\" data-id=\"d0f2d65\" data-element_type=\"section\" data-e-type=\"section\">\n\t\t\t\t\t\t<div class=\"elementor-container elementor-column-gap-default\">\n\t\t\t\t\t<div class=\"elementor-column elementor-col-33 elementor-top-column elementor-element elementor-element-219cd18\" data-id=\"219cd18\" data-element_type=\"column\" data-e-type=\"column\">\n\t\t\t<div class=\"elementor-widget-wrap elementor-element-populated\">\n\t\t\t\t\t\t<div class=\"elementor-element elementor-element-a22aa30 elementor-widget elementor-widget-image\" data-id=\"a22aa30\" data-element_type=\"widget\" data-e-type=\"widget\" data-widget_type=\"image.default\">\n\t\t\t\t<div class=\"elementor-widget-container\">\n\t\t\t\t\t\t\t\t\t\t\t\t\t\t\t\t<a href=\"https:\/\/photos.app.goo.gl\/YpiB9P19kfqXXSoe9\" target=\"_blank\">\n\t\t\t\t\t\t\t<img loading=\"lazy\" decoding=\"async\" width=\"678\" height=\"500\" src=\"https:\/\/frauenkreis-immensee.ch\/wp-content\/uploads\/2026\/03\/9744f132-1a45-4aee-bbea-435da7ff08cd-768x566.jpg\" class=\"attachment-medium_large size-medium_large wp-image-5487\" alt=\"\" srcset=\"https:\/\/frauenkreis-immensee.ch\/wp-content\/uploads\/2026\/03\/9744f132-1a45-4aee-bbea-435da7ff08cd-768x566.jpg 768w, https:\/\/frauenkreis-immensee.ch\/wp-content\/uploads\/2026\/03\/9744f132-1a45-4aee-bbea-435da7ff08cd-300x221.jpg 300w, https:\/\/frauenkreis-immensee.ch\/wp-content\/uploads\/2026\/03\/9744f132-1a45-4aee-bbea-435da7ff08cd-1024x755.jpg 1024w, https:\/\/frauenkreis-immensee.ch\/wp-content\/uploads\/2026\/03\/9744f132-1a45-4aee-bbea-435da7ff08cd-1536x1132.jpg 1536w, https:\/\/frauenkreis-immensee.ch\/wp-content\/uploads\/2026\/03\/9744f132-1a45-4aee-bbea-435da7ff08cd.jpg 1823w\" sizes=\"(max-width: 678px) 100vw, 678px\" \/>\t\t\t\t\t\t\t\t<\/a>\n\t\t\t\t\t\t\t\t\t\t\t\t\t\t\t<\/div>\n\t\t\t\t<\/div>\n\t\t\t\t\t<\/div>\n\t\t<\/div>\n\t\t\t\t<div class=\"elementor-column elementor-col-66 elementor-top-column elementor-element elementor-element-6a6bbc3\" data-id=\"6a6bbc3\" data-element_type=\"column\" data-e-type=\"column\">\n\t\t\t<div class=\"elementor-widget-wrap elementor-element-populated\">\n\t\t\t\t\t\t<div class=\"elementor-element elementor-element-db33cad elementor-widget elementor-widget-heading\" data-id=\"db33cad\" data-element_type=\"widget\" data-e-type=\"widget\" data-widget_type=\"heading.default\">\n\t\t\t\t<div class=\"elementor-widget-container\">\n\t\t\t\t\t<p class=\"elementor-heading-title elementor-size-default\"><a href=\"https:\/\/photos.app.goo.gl\/YpiB9P19kfqXXSoe9\" target=\"_blank\">85. Generalversammlung Frauenkreis 10.3.2026<\/a><\/p>\t\t\t\t<\/div>\n\t\t\t\t<\/div>\n\t\t\t\t<div class=\"elementor-element elementor-element-0d40e73 elementor-widget__width-initial elementor-widget elementor-widget-text-editor\" data-id=\"0d40e73\" data-element_type=\"widget\" data-e-type=\"widget\" data-widget_type=\"text-editor.default\">\n\t\t\t\t<div class=\"elementor-widget-container\">\n\t\t\t\t\t\t\t\t\t<p>Die diesj\u00e4hrige Generalversammlung des Frauenkreises Immensee stand unter dem Motto &#8222;Damals und heute&#8220;. 85 Jahre &#8211; das ist kein Alter, das ist Erfahrung. Wie ein roter Faden zog sich der Vergleich zwischen der Rolle der Frau fr\u00fcher und heute durch den Abend und regte zum Schmunzeln, Nachdenken und Erinnern an.\u00a0<\/p><p>Lasst euch inspirieren und schaut die Fotos und Filme an&#8230;. Da gibt es einige \u00dcberraschungen&#8230;.<\/p>\t\t\t\t\t\t\t\t<\/div>\n\t\t\t\t<\/div>\n\t\t\t\t<div class=\"elementor-element elementor-element-9f857b5 elementor-widget__width-initial elementor-widget elementor-widget-text-editor\" data-id=\"9f857b5\" data-element_type=\"widget\" data-e-type=\"widget\" data-widget_type=\"text-editor.default\">\n\t\t\t\t<div class=\"elementor-widget-container\">\n\t\t\t\t\t\t\t\t\t<h3>\u00a0<\/h3><h3>\u00a0Link: <a href=\"https:\/\/photos.app.goo.gl\/Ec8YXsXQaruWiJdh6\" target=\"_blank\" rel=\"noopener\">Theater &#8222;Frauen damals und heute&#8220; &amp; \u00a0Frauenkreis-Song <\/a><\/h3>\t\t\t\t\t\t\t\t<\/div>\n\t\t\t\t<\/div>\n\t\t\t\t\t<\/div>\n\t\t<\/div>\n\t\t\t\t\t<\/div>\n\t\t<\/section>\n\t\t\t\t<section class=\"elementor-section elementor-top-section elementor-element elementor-element-2a88c23 elementor-section-boxed elementor-section-height-default elementor-section-height-default\" data-id=\"2a88c23\" data-element_type=\"section\" data-e-type=\"section\">\n\t\t\t\t\t\t<div class=\"elementor-container elementor-column-gap-default\">\n\t\t\t\t\t<div class=\"elementor-column elementor-col-33 elementor-top-column elementor-element elementor-element-2a21416\" data-id=\"2a21416\" data-element_type=\"column\" data-e-type=\"column\">\n\t\t\t<div class=\"elementor-widget-wrap elementor-element-populated\">\n\t\t\t\t\t\t<div class=\"elementor-element elementor-element-0779963 elementor-widget elementor-widget-image\" data-id=\"0779963\" data-element_type=\"widget\" data-e-type=\"widget\" data-widget_type=\"image.default\">\n\t\t\t\t<div class=\"elementor-widget-container\">\n\t\t\t\t\t\t\t\t\t\t\t\t\t\t\t\t<a href=\"https:\/\/photos.app.goo.gl\/2f2BGNB3E259HnhJ8\" target=\"_blank\">\n\t\t\t\t\t\t\t<img loading=\"lazy\" decoding=\"async\" width=\"678\" height=\"509\" src=\"https:\/\/frauenkreis-immensee.ch\/wp-content\/uploads\/2026\/03\/IMG_0299-768x576.jpeg\" class=\"attachment-medium_large size-medium_large wp-image-5466\" alt=\"\" srcset=\"https:\/\/frauenkreis-immensee.ch\/wp-content\/uploads\/2026\/03\/IMG_0299-768x576.jpeg 768w, https:\/\/frauenkreis-immensee.ch\/wp-content\/uploads\/2026\/03\/IMG_0299-300x225.jpeg 300w, https:\/\/frauenkreis-immensee.ch\/wp-content\/uploads\/2026\/03\/IMG_0299-1024x768.jpeg 1024w, https:\/\/frauenkreis-immensee.ch\/wp-content\/uploads\/2026\/03\/IMG_0299-1536x1152.jpeg 1536w, https:\/\/frauenkreis-immensee.ch\/wp-content\/uploads\/2026\/03\/IMG_0299-2048x1536.jpeg 2048w\" sizes=\"(max-width: 678px) 100vw, 678px\" \/>\t\t\t\t\t\t\t\t<\/a>\n\t\t\t\t\t\t\t\t\t\t\t\t\t\t\t<\/div>\n\t\t\t\t<\/div>\n\t\t\t\t\t<\/div>\n\t\t<\/div>\n\t\t\t\t<div class=\"elementor-column elementor-col-66 elementor-top-column elementor-element elementor-element-494a1f2\" data-id=\"494a1f2\" data-element_type=\"column\" data-e-type=\"column\">\n\t\t\t<div class=\"elementor-widget-wrap elementor-element-populated\">\n\t\t\t\t\t\t<div class=\"elementor-element elementor-element-99cc663 elementor-widget elementor-widget-heading\" data-id=\"99cc663\" data-element_type=\"widget\" data-e-type=\"widget\" data-widget_type=\"heading.default\">\n\t\t\t\t<div class=\"elementor-widget-container\">\n\t\t\t\t\t<p class=\"elementor-heading-title elementor-size-default\"><a href=\"https:\/\/photos.app.goo.gl\/2f2BGNB3E259HnhJ8\" target=\"_blank\">Weltgebetstag 5.3.2026<\/a><\/p>\t\t\t\t<\/div>\n\t\t\t\t<\/div>\n\t\t\t\t<div class=\"elementor-element elementor-element-825d221 elementor-widget__width-initial elementor-widget elementor-widget-text-editor\" data-id=\"825d221\" data-element_type=\"widget\" data-e-type=\"widget\" data-widget_type=\"text-editor.default\">\n\t\t\t\t<div class=\"elementor-widget-container\">\n\t\t\t\t\t\t\t\t\t<p class=\"p1\">Am 5. M\u00e4rz 2026 fand in K\u00fcssnacht der diesj\u00e4hrige Weltgebetstag statt, organisiert \u00a0in Zusammenarbeit mit dem frauennetz k\u00fcssnacht-merlischachen und dem Frauenkreis Immensee. Das Thema stand im Zeichen von Nigeria. Frauen aus Nigeria erz\u00e4hlten eindr\u00fccklich von ihrem Leben, ihrem Glauben und den Herausforderungen, denen sie begegnen. Die Andacht ber\u00fchrte viele Teilnehmende und machten auch auf das Leid von Frauen weltweit aufmerksam.\u00a0<\/p><p>Im Anschluss an die Feier waren alle zu Kaffe und Kuchen eingeladen. Beim gem\u00fctlichen Beisammensein entstanden viele Gespr\u00e4che und Begegnungen. Ein grosses Dankesch\u00f6n an Heidi B\u00fchler, Margit Hodel und Irma Odermatt.\u00a0<\/p><p class=\"p1\">\u00a0<\/p>\t\t\t\t\t\t\t\t<\/div>\n\t\t\t\t<\/div>\n\t\t\t\t\t<\/div>\n\t\t<\/div>\n\t\t\t\t\t<\/div>\n\t\t<\/section>\n\t\t\t\t<section class=\"elementor-section elementor-top-section elementor-element elementor-element-c1234e6 elementor-section-boxed elementor-section-height-default elementor-section-height-default\" data-id=\"c1234e6\" data-element_type=\"section\" data-e-type=\"section\">\n\t\t\t\t\t\t<div class=\"elementor-container elementor-column-gap-default\">\n\t\t\t\t\t<div class=\"elementor-column elementor-col-33 elementor-top-column elementor-element elementor-element-2ab20f0\" data-id=\"2ab20f0\" data-element_type=\"column\" data-e-type=\"column\">\n\t\t\t<div class=\"elementor-widget-wrap elementor-element-populated\">\n\t\t\t\t\t\t<div class=\"elementor-element elementor-element-af3ab95 elementor-widget elementor-widget-image\" data-id=\"af3ab95\" data-element_type=\"widget\" data-e-type=\"widget\" data-widget_type=\"image.default\">\n\t\t\t\t<div class=\"elementor-widget-container\">\n\t\t\t\t\t\t\t\t\t\t\t\t\t\t\t\t<a href=\"https:\/\/photos.app.goo.gl\/jFJyWGLgevRR8AEQ8\" target=\"_blank\">\n\t\t\t\t\t\t\t<img loading=\"lazy\" decoding=\"async\" width=\"678\" height=\"509\" src=\"https:\/\/frauenkreis-immensee.ch\/wp-content\/uploads\/2026\/02\/4cae4860-a826-40bf-9a1d-9f39e43351ec-768x576.jpg\" class=\"attachment-medium_large size-medium_large wp-image-5425\" alt=\"\" srcset=\"https:\/\/frauenkreis-immensee.ch\/wp-content\/uploads\/2026\/02\/4cae4860-a826-40bf-9a1d-9f39e43351ec-768x576.jpg 768w, https:\/\/frauenkreis-immensee.ch\/wp-content\/uploads\/2026\/02\/4cae4860-a826-40bf-9a1d-9f39e43351ec-300x225.jpg 300w, https:\/\/frauenkreis-immensee.ch\/wp-content\/uploads\/2026\/02\/4cae4860-a826-40bf-9a1d-9f39e43351ec-1024x768.jpg 1024w, https:\/\/frauenkreis-immensee.ch\/wp-content\/uploads\/2026\/02\/4cae4860-a826-40bf-9a1d-9f39e43351ec-1536x1152.jpg 1536w, https:\/\/frauenkreis-immensee.ch\/wp-content\/uploads\/2026\/02\/4cae4860-a826-40bf-9a1d-9f39e43351ec.jpg 2000w\" sizes=\"(max-width: 678px) 100vw, 678px\" \/>\t\t\t\t\t\t\t\t<\/a>\n\t\t\t\t\t\t\t\t\t\t\t\t\t\t\t<\/div>\n\t\t\t\t<\/div>\n\t\t\t\t\t<\/div>\n\t\t<\/div>\n\t\t\t\t<div class=\"elementor-column elementor-col-66 elementor-top-column elementor-element elementor-element-0533da9\" data-id=\"0533da9\" data-element_type=\"column\" data-e-type=\"column\">\n\t\t\t<div class=\"elementor-widget-wrap elementor-element-populated\">\n\t\t\t\t\t\t<div class=\"elementor-element elementor-element-a37a7db elementor-widget elementor-widget-heading\" data-id=\"a37a7db\" data-element_type=\"widget\" data-e-type=\"widget\" data-widget_type=\"heading.default\">\n\t\t\t\t<div class=\"elementor-widget-container\">\n\t\t\t\t\t<p class=\"elementor-heading-title elementor-size-default\"><a href=\"https:\/\/photos.app.goo.gl\/jFJyWGLgevRR8AEQ8\" target=\"_blank\">Curling 09.02.2026<\/a><\/p>\t\t\t\t<\/div>\n\t\t\t\t<\/div>\n\t\t\t\t<div class=\"elementor-element elementor-element-d528002 elementor-widget__width-initial elementor-widget elementor-widget-text-editor\" data-id=\"d528002\" data-element_type=\"widget\" data-e-type=\"widget\" data-widget_type=\"text-editor.default\">\n\t\t\t\t<div class=\"elementor-widget-container\">\n\t\t\t\t\t\t\t\t\t<p class=\"p1\"><span class=\"s1\">Am 9. Februar 2026 verbrachten acht Frauen und ein Mann einen gelungenen Curling-Abend in der Curlinghalle K\u00fcssnacht. Instruktor Hans-Peter f\u00fchrte uns fachkundig in den Curling-Sport ein und erkl\u00e4rte zuerst das spezielle Schuhwerk \u2013 dessen Sinn uns sp\u00e4testens auf dem Eis sofort klar wurde.<\/span><\/p><p class=\"p1\"><span class=\"s1\">Nach einer kurzen Einf\u00fchrung und der Angew\u00f6hnung ans Eis folgten die Spielregeln und erste Spiele. Curling erwies sich als anspruchsvoller Sport, der K\u00f6rperhaltung, Technik und auch etwas Gl\u00fcck verlangt. Trotz anf\u00e4nglichem Respekt vor dem Eis stand der Spass klar im Vordergrund.<\/span><\/p><p class=\"p1\"><span class=\"s1\">Die gelben Steine gewannen schlussendlich mit 6 : 2 gegen die roten. Es war ein rundum gelungener und sehr lustiger Abend, gepr\u00e4gt von viel Lachen, neuen Erfahrungen und sportlichem Ehrgeiz. Den Abend liessen wir gem\u00fctlich bei einem gemeinsamen Austausch mit Hans-Peter im Restaurant ausklingen.<\/span><\/p>\t\t\t\t\t\t\t\t<\/div>\n\t\t\t\t<\/div>\n\t\t\t\t\t<\/div>\n\t\t<\/div>\n\t\t\t\t\t<\/div>\n\t\t<\/section>\n\t\t\t\t<section class=\"elementor-section elementor-top-section elementor-element elementor-element-e7773e5 elementor-section-boxed elementor-section-height-default elementor-section-height-default\" data-id=\"e7773e5\" data-element_type=\"section\" data-e-type=\"section\">\n\t\t\t\t\t\t<div class=\"elementor-container elementor-column-gap-default\">\n\t\t\t\t\t<div class=\"elementor-column elementor-col-33 elementor-top-column elementor-element elementor-element-18ef58e\" data-id=\"18ef58e\" data-element_type=\"column\" data-e-type=\"column\">\n\t\t\t<div class=\"elementor-widget-wrap elementor-element-populated\">\n\t\t\t\t\t\t<div class=\"elementor-element elementor-element-79a4168 elementor-widget elementor-widget-image\" data-id=\"79a4168\" data-element_type=\"widget\" data-e-type=\"widget\" data-widget_type=\"image.default\">\n\t\t\t\t<div class=\"elementor-widget-container\">\n\t\t\t\t\t\t\t\t\t\t\t\t\t\t\t\t<a href=\"https:\/\/photos.app.goo.gl\/wrT3iqSQdjnxdJRXA\" target=\"_blank\">\n\t\t\t\t\t\t\t<img loading=\"lazy\" decoding=\"async\" width=\"678\" height=\"509\" src=\"https:\/\/frauenkreis-immensee.ch\/wp-content\/uploads\/2026\/01\/image-768x576.jpeg\" class=\"attachment-medium_large size-medium_large wp-image-5408\" alt=\"\" srcset=\"https:\/\/frauenkreis-immensee.ch\/wp-content\/uploads\/2026\/01\/image-768x576.jpeg 768w, https:\/\/frauenkreis-immensee.ch\/wp-content\/uploads\/2026\/01\/image-300x225.jpeg 300w, https:\/\/frauenkreis-immensee.ch\/wp-content\/uploads\/2026\/01\/image-1024x768.jpeg 1024w, https:\/\/frauenkreis-immensee.ch\/wp-content\/uploads\/2026\/01\/image-1536x1152.jpeg 1536w, https:\/\/frauenkreis-immensee.ch\/wp-content\/uploads\/2026\/01\/image-2048x1536.jpeg 2048w\" sizes=\"(max-width: 678px) 100vw, 678px\" \/>\t\t\t\t\t\t\t\t<\/a>\n\t\t\t\t\t\t\t\t\t\t\t\t\t\t\t<\/div>\n\t\t\t\t<\/div>\n\t\t\t\t\t<\/div>\n\t\t<\/div>\n\t\t\t\t<div class=\"elementor-column elementor-col-66 elementor-top-column elementor-element elementor-element-d6486b1\" data-id=\"d6486b1\" data-element_type=\"column\" data-e-type=\"column\">\n\t\t\t<div class=\"elementor-widget-wrap elementor-element-populated\">\n\t\t\t\t\t\t<div class=\"elementor-element elementor-element-99275fe elementor-widget elementor-widget-heading\" data-id=\"99275fe\" data-element_type=\"widget\" data-e-type=\"widget\" data-widget_type=\"heading.default\">\n\t\t\t\t<div class=\"elementor-widget-container\">\n\t\t\t\t\t<p class=\"elementor-heading-title elementor-size-default\"><a href=\"https:\/\/photos.app.goo.gl\/wrT3iqSQdjnxdJRXA\" target=\"_blank\">Escaperoom  16.1.2026<\/a><\/p>\t\t\t\t<\/div>\n\t\t\t\t<\/div>\n\t\t\t\t<div class=\"elementor-element elementor-element-3be168c elementor-widget__width-initial elementor-widget elementor-widget-text-editor\" data-id=\"3be168c\" data-element_type=\"widget\" data-e-type=\"widget\" data-widget_type=\"text-editor.default\">\n\t\t\t\t<div class=\"elementor-widget-container\">\n\t\t\t\t\t\t\t\t\t<p class=\"p1\"><span class=\"s1\">Mit viel Neugier und guter Laune machten sich 18 Frauen des Frauenkreises auf den Weg nach Obfelden zur Action World. Dort erwarteten uns spannende Escape Rooms: der Kunstraum, das Wunderland und der Tempelritter. In kleinen Gruppen stellten wir uns kniffligen R\u00e4tseln, logischen Aufgaben und \u00fcberraschenden Wendungen. Dank Teamgeist, Kreativit\u00e4t und gegenseitiger Unterst\u00fctzung meisterten alle Frauen die Herausforderungen erfolgreich und fanden den Weg aus den verschlossenen R\u00e4umen.<\/span><\/p><p class=\"p1\"><span class=\"s1\">Nach diesem actionreichen Erlebnis trafen wir uns noch auf ein kurzes Getr\u00e4nk, um die Eindr\u00fccke auszutauschen und gemeinsam zu lachen, bevor wir zufrieden und erf\u00fcllt die Heimreise antraten.<\/span><\/p>\t\t\t\t\t\t\t\t<\/div>\n\t\t\t\t<\/div>\n\t\t\t\t\t<\/div>\n\t\t<\/div>\n\t\t\t\t\t<\/div>\n\t\t<\/section>\n\t\t\t\t<section class=\"elementor-section elementor-top-section elementor-element elementor-element-019f693 elementor-section-boxed elementor-section-height-default elementor-section-height-default\" data-id=\"019f693\" data-element_type=\"section\" data-e-type=\"section\">\n\t\t\t\t\t\t<div class=\"elementor-container elementor-column-gap-default\">\n\t\t\t\t\t<div class=\"elementor-column elementor-col-33 elementor-top-column elementor-element elementor-element-1f344fc\" data-id=\"1f344fc\" data-element_type=\"column\" data-e-type=\"column\">\n\t\t\t<div class=\"elementor-widget-wrap elementor-element-populated\">\n\t\t\t\t\t\t<div class=\"elementor-element elementor-element-4259a94 elementor-widget elementor-widget-image\" data-id=\"4259a94\" data-element_type=\"widget\" data-e-type=\"widget\" data-widget_type=\"image.default\">\n\t\t\t\t<div class=\"elementor-widget-container\">\n\t\t\t\t\t\t\t\t\t\t\t\t\t\t\t\t<a href=\"https:\/\/photos.app.goo.gl\/zKJGpTsBWmtzuTpE8\" target=\"_blank\">\n\t\t\t\t\t\t\t<img loading=\"lazy\" decoding=\"async\" width=\"678\" height=\"904\" src=\"https:\/\/frauenkreis-immensee.ch\/wp-content\/uploads\/2025\/12\/d220aa54-bb84-445d-a836-855a27fe1b1b-768x1024.jpg\" class=\"attachment-medium_large size-medium_large wp-image-5229\" alt=\"\" srcset=\"https:\/\/frauenkreis-immensee.ch\/wp-content\/uploads\/2025\/12\/d220aa54-bb84-445d-a836-855a27fe1b1b-768x1024.jpg 768w, https:\/\/frauenkreis-immensee.ch\/wp-content\/uploads\/2025\/12\/d220aa54-bb84-445d-a836-855a27fe1b1b-225x300.jpg 225w, https:\/\/frauenkreis-immensee.ch\/wp-content\/uploads\/2025\/12\/d220aa54-bb84-445d-a836-855a27fe1b1b-1152x1536.jpg 1152w, https:\/\/frauenkreis-immensee.ch\/wp-content\/uploads\/2025\/12\/d220aa54-bb84-445d-a836-855a27fe1b1b.jpg 1200w\" sizes=\"(max-width: 678px) 100vw, 678px\" \/>\t\t\t\t\t\t\t\t<\/a>\n\t\t\t\t\t\t\t\t\t\t\t\t\t\t\t<\/div>\n\t\t\t\t<\/div>\n\t\t\t\t\t<\/div>\n\t\t<\/div>\n\t\t\t\t<div class=\"elementor-column elementor-col-66 elementor-top-column elementor-element elementor-element-3c9a3b6\" data-id=\"3c9a3b6\" data-element_type=\"column\" data-e-type=\"column\">\n\t\t\t<div class=\"elementor-widget-wrap elementor-element-populated\">\n\t\t\t\t\t\t<div class=\"elementor-element elementor-element-e07b676 elementor-widget elementor-widget-heading\" data-id=\"e07b676\" data-element_type=\"widget\" data-e-type=\"widget\" data-widget_type=\"heading.default\">\n\t\t\t\t<div class=\"elementor-widget-container\">\n\t\t\t\t\t<p class=\"elementor-heading-title elementor-size-default\"><a href=\"https:\/\/photos.app.goo.gl\/zKJGpTsBWmtzuTpE8\" target=\"_blank\">Guezlitauschb\u00f6rse  18.12.2025<\/a><\/p>\t\t\t\t<\/div>\n\t\t\t\t<\/div>\n\t\t\t\t<div class=\"elementor-element elementor-element-6c40e6a elementor-widget__width-initial elementor-widget elementor-widget-text-editor\" data-id=\"6c40e6a\" data-element_type=\"widget\" data-e-type=\"widget\" data-widget_type=\"text-editor.default\">\n\t\t\t\t<div class=\"elementor-widget-container\">\n\t\t\t\t\t\t\t\t\t<p>13 Frauen brachten liebevoll gebackene, kreative Guetzli zur Tauschb\u00f6rse mit &#8211; jedes ein kleines Unikat, ganz ohne 08\/15 Guetzli wie das Mail\u00e4nderli. An Ende des Abends waren die Guetzli vergriffen, die B\u00fcchsen daf\u00fcr bunt gef\u00fcllt mit verschiedensten Leckereien und strahlenden Gesichter bei den Frauen. Das besondere am Abend, es gab einen Wettbewerb, das kreativste Guetzli wurde pr\u00e4miert. 1. Platz ging an das Guetzli mit der roten Nase, ganz nach ihrer B\u00e4ckerin. Bei K\u00fcrbis-Tomaten- Suppe und \u00a0warmen Getr\u00e4nken mit &#8222;G\u00fcggs&#8220; sowie einer stimmungsvollen Guetzligeschichte entstand ein gem\u00fctlicher Abend in adventlicher Stimmung im kleinen Rahmen. Ein grosser Applaus an alle B\u00e4ckerinnen aus Immensee<\/p>\t\t\t\t\t\t\t\t<\/div>\n\t\t\t\t<\/div>\n\t\t\t\t\t<\/div>\n\t\t<\/div>\n\t\t\t\t\t<\/div>\n\t\t<\/section>\n\t\t\t\t<section class=\"elementor-section elementor-top-section elementor-element elementor-element-d7ff6cb elementor-section-boxed elementor-section-height-default elementor-section-height-default\" data-id=\"d7ff6cb\" data-element_type=\"section\" data-e-type=\"section\">\n\t\t\t\t\t\t<div class=\"elementor-container elementor-column-gap-default\">\n\t\t\t\t\t<div class=\"elementor-column elementor-col-33 elementor-top-column elementor-element elementor-element-ccc664e\" data-id=\"ccc664e\" data-element_type=\"column\" data-e-type=\"column\">\n\t\t\t<div class=\"elementor-widget-wrap elementor-element-populated\">\n\t\t\t\t\t\t<div class=\"elementor-element elementor-element-4b3f8c6 elementor-widget elementor-widget-image\" data-id=\"4b3f8c6\" data-element_type=\"widget\" data-e-type=\"widget\" data-widget_type=\"image.default\">\n\t\t\t\t<div class=\"elementor-widget-container\">\n\t\t\t\t\t\t\t\t\t\t\t\t\t\t\t\t<a href=\"https:\/\/photos.app.goo.gl\/twkJitSxuei8H8uUA\" target=\"_blank\">\n\t\t\t\t\t\t\t<img loading=\"lazy\" decoding=\"async\" width=\"678\" height=\"434\" src=\"https:\/\/frauenkreis-immensee.ch\/wp-content\/uploads\/2025\/11\/023fbd83-707f-421b-829f-dae9f09878ee-768x492.jpg\" class=\"attachment-medium_large size-medium_large wp-image-5218\" alt=\"\" srcset=\"https:\/\/frauenkreis-immensee.ch\/wp-content\/uploads\/2025\/11\/023fbd83-707f-421b-829f-dae9f09878ee-768x492.jpg 768w, https:\/\/frauenkreis-immensee.ch\/wp-content\/uploads\/2025\/11\/023fbd83-707f-421b-829f-dae9f09878ee-300x192.jpg 300w, https:\/\/frauenkreis-immensee.ch\/wp-content\/uploads\/2025\/11\/023fbd83-707f-421b-829f-dae9f09878ee-1024x656.jpg 1024w, https:\/\/frauenkreis-immensee.ch\/wp-content\/uploads\/2025\/11\/023fbd83-707f-421b-829f-dae9f09878ee.jpg 1516w\" sizes=\"(max-width: 678px) 100vw, 678px\" \/>\t\t\t\t\t\t\t\t<\/a>\n\t\t\t\t\t\t\t\t\t\t\t\t\t\t\t<\/div>\n\t\t\t\t<\/div>\n\t\t\t\t\t<\/div>\n\t\t<\/div>\n\t\t\t\t<div class=\"elementor-column elementor-col-66 elementor-top-column elementor-element elementor-element-0821585\" data-id=\"0821585\" data-element_type=\"column\" data-e-type=\"column\">\n\t\t\t<div class=\"elementor-widget-wrap elementor-element-populated\">\n\t\t\t\t\t\t<div class=\"elementor-element elementor-element-c49590e elementor-widget elementor-widget-heading\" data-id=\"c49590e\" data-element_type=\"widget\" data-e-type=\"widget\" data-widget_type=\"heading.default\">\n\t\t\t\t<div class=\"elementor-widget-container\">\n\t\t\t\t\t<p class=\"elementor-heading-title elementor-size-default\"><a href=\"https:\/\/photos.app.goo.gl\/twkJitSxuei8H8uUA\" target=\"_blank\">Adventskr\u00e4nze, Gl\u00fchwein-Duft &amp; viel gute Laune<\/a><\/p>\t\t\t\t<\/div>\n\t\t\t\t<\/div>\n\t\t\t\t<div class=\"elementor-element elementor-element-c24951c elementor-widget__width-initial elementor-widget elementor-widget-text-editor\" data-id=\"c24951c\" data-element_type=\"widget\" data-e-type=\"widget\" data-widget_type=\"text-editor.default\">\n\t\t\t\t<div class=\"elementor-widget-container\">\n\t\t\t\t\t\t\t\t\t<p>14 gut gelaunte Frauen trafen sich im Pfarreisaal zum Adventskranz-und Gesteckbinden. Gartenschere eingepackt, etwas Deko dazu &#8211; und schon konnte es losgehen. Denn der Vorstand hat einen riesen Haufen an \u00c4sten und anderem Dekomaterial aus Wald und Garten gesammelt. \u00a0Der Raum duftete herrlich nach frischen Tannenzweigen, aus der K\u00fcche lockte Gl\u00fchwein und Lebkuchen sowie Guezli. \u00a0Petra Sidler f\u00fchrte uns mit viel Fachwissen und Herz durch den Abend. Vielen Dank!<\/p><p>Entstanden sind wundersch\u00f6ne, stolze Einzelst\u00fccke- jedes ein kleines Kunstwerk, welche uns den Advent versch\u00f6nern und viel Freude bereiten werden.\u00a0<\/p>\t\t\t\t\t\t\t\t<\/div>\n\t\t\t\t<\/div>\n\t\t\t\t\t<\/div>\n\t\t<\/div>\n\t\t\t\t\t<\/div>\n\t\t<\/section>\n\t\t\t\t<section class=\"elementor-section elementor-top-section elementor-element elementor-element-eea2f32 elementor-section-boxed elementor-section-height-default elementor-section-height-default\" data-id=\"eea2f32\" data-element_type=\"section\" data-e-type=\"section\">\n\t\t\t\t\t\t<div class=\"elementor-container elementor-column-gap-default\">\n\t\t\t\t\t<div class=\"elementor-column elementor-col-33 elementor-top-column elementor-element elementor-element-eed2f02\" data-id=\"eed2f02\" data-element_type=\"column\" data-e-type=\"column\">\n\t\t\t<div class=\"elementor-widget-wrap elementor-element-populated\">\n\t\t\t\t\t\t<div class=\"elementor-element elementor-element-47b2c18 elementor-widget elementor-widget-image\" data-id=\"47b2c18\" data-element_type=\"widget\" data-e-type=\"widget\" data-widget_type=\"image.default\">\n\t\t\t\t<div class=\"elementor-widget-container\">\n\t\t\t\t\t\t\t\t\t\t\t\t\t\t\t\t<a href=\"https:\/\/photos.app.goo.gl\/8s2UCyP4v1fD81tp7\" target=\"_blank\">\n\t\t\t\t\t\t\t<img loading=\"lazy\" decoding=\"async\" width=\"678\" height=\"616\" src=\"https:\/\/frauenkreis-immensee.ch\/wp-content\/uploads\/2025\/11\/IMG_9554-768x698.jpeg\" class=\"attachment-medium_large size-medium_large wp-image-5202\" alt=\"\" srcset=\"https:\/\/frauenkreis-immensee.ch\/wp-content\/uploads\/2025\/11\/IMG_9554-768x698.jpeg 768w, https:\/\/frauenkreis-immensee.ch\/wp-content\/uploads\/2025\/11\/IMG_9554-300x273.jpeg 300w, https:\/\/frauenkreis-immensee.ch\/wp-content\/uploads\/2025\/11\/IMG_9554.jpeg 828w\" sizes=\"(max-width: 678px) 100vw, 678px\" \/>\t\t\t\t\t\t\t\t<\/a>\n\t\t\t\t\t\t\t\t\t\t\t\t\t\t\t<\/div>\n\t\t\t\t<\/div>\n\t\t\t\t\t<\/div>\n\t\t<\/div>\n\t\t\t\t<div class=\"elementor-column elementor-col-66 elementor-top-column elementor-element elementor-element-72c46d0\" data-id=\"72c46d0\" data-element_type=\"column\" data-e-type=\"column\">\n\t\t\t<div class=\"elementor-widget-wrap elementor-element-populated\">\n\t\t\t\t\t\t<div class=\"elementor-element elementor-element-67adfea elementor-widget elementor-widget-heading\" data-id=\"67adfea\" data-element_type=\"widget\" data-e-type=\"widget\" data-widget_type=\"heading.default\">\n\t\t\t\t<div class=\"elementor-widget-container\">\n\t\t\t\t\t<p class=\"elementor-heading-title elementor-size-default\"><a href=\"https:\/\/photos.app.goo.gl\/8s2UCyP4v1fD81tp7\" target=\"_blank\">Gelungene Schuelchilbi Immensee 16.11.2025<\/a><\/p>\t\t\t\t<\/div>\n\t\t\t\t<\/div>\n\t\t\t\t<div class=\"elementor-element elementor-element-69ea439 elementor-widget__width-initial elementor-widget elementor-widget-text-editor\" data-id=\"69ea439\" data-element_type=\"widget\" data-e-type=\"widget\" data-widget_type=\"text-editor.default\">\n\t\t\t\t<div class=\"elementor-widget-container\">\n\t\t\t\t\t\t\t\t\t<p class=\"p1\"><span class=\"s1\">Strahlende Kinderaugen, fr\u00f6hliches Treiben und viele sch\u00f6ne Gespr\u00e4che pr\u00e4gte unsere diesj\u00e4hrige Chilbi mit dem Motto Einig(Art)ig. Spielgeist, Gemeinschaft und musikalischen Genuss machten den Tag zu einem besonderen Erlebnis.\u00a0<\/span><\/p><p>Liebe Frauenkreis-Frauen: <strong>Danke<\/strong> f\u00fcr euren grossartigen Einsatz! Mit eurer Kreativit\u00e4t und spontanen Hilfe habt ihr einen wundervollen Chilbisonntag gezaubert.\u00a0<\/p>\t\t\t\t\t\t\t\t<\/div>\n\t\t\t\t<\/div>\n\t\t\t\t\t<\/div>\n\t\t<\/div>\n\t\t\t\t\t<\/div>\n\t\t<\/section>\n\t\t\t\t<section class=\"elementor-section elementor-top-section elementor-element elementor-element-1f9e0f2 elementor-section-boxed elementor-section-height-default elementor-section-height-default\" data-id=\"1f9e0f2\" data-element_type=\"section\" data-e-type=\"section\">\n\t\t\t\t\t\t<div class=\"elementor-container elementor-column-gap-default\">\n\t\t\t\t\t<div class=\"elementor-column elementor-col-33 elementor-top-column elementor-element elementor-element-048b0f6\" data-id=\"048b0f6\" data-element_type=\"column\" data-e-type=\"column\">\n\t\t\t<div class=\"elementor-widget-wrap elementor-element-populated\">\n\t\t\t\t\t\t<div class=\"elementor-element elementor-element-14d0988 elementor-widget elementor-widget-image\" data-id=\"14d0988\" data-element_type=\"widget\" data-e-type=\"widget\" data-widget_type=\"image.default\">\n\t\t\t\t<div class=\"elementor-widget-container\">\n\t\t\t\t\t\t\t\t\t\t\t\t\t\t\t\t<a href=\"https:\/\/photos.app.goo.gl\/okEJXjgyUBW1z4nZA\" target=\"_blank\">\n\t\t\t\t\t\t\t<img loading=\"lazy\" decoding=\"async\" width=\"678\" height=\"509\" src=\"https:\/\/frauenkreis-immensee.ch\/wp-content\/uploads\/2025\/11\/cefb4b98-5036-42fe-9e85-77ea983e8f0a-768x576.jpg\" class=\"attachment-medium_large size-medium_large wp-image-5160\" alt=\"\" srcset=\"https:\/\/frauenkreis-immensee.ch\/wp-content\/uploads\/2025\/11\/cefb4b98-5036-42fe-9e85-77ea983e8f0a-768x576.jpg 768w, https:\/\/frauenkreis-immensee.ch\/wp-content\/uploads\/2025\/11\/cefb4b98-5036-42fe-9e85-77ea983e8f0a-300x225.jpg 300w, https:\/\/frauenkreis-immensee.ch\/wp-content\/uploads\/2025\/11\/cefb4b98-5036-42fe-9e85-77ea983e8f0a-1024x768.jpg 1024w, https:\/\/frauenkreis-immensee.ch\/wp-content\/uploads\/2025\/11\/cefb4b98-5036-42fe-9e85-77ea983e8f0a.jpg 1280w\" sizes=\"(max-width: 678px) 100vw, 678px\" \/>\t\t\t\t\t\t\t\t<\/a>\n\t\t\t\t\t\t\t\t\t\t\t\t\t\t\t<\/div>\n\t\t\t\t<\/div>\n\t\t\t\t\t<\/div>\n\t\t<\/div>\n\t\t\t\t<div class=\"elementor-column elementor-col-66 elementor-top-column elementor-element elementor-element-c68d04c\" data-id=\"c68d04c\" data-element_type=\"column\" data-e-type=\"column\">\n\t\t\t<div class=\"elementor-widget-wrap elementor-element-populated\">\n\t\t\t\t\t\t<div class=\"elementor-element elementor-element-9721d80 elementor-widget elementor-widget-heading\" data-id=\"9721d80\" data-element_type=\"widget\" data-e-type=\"widget\" data-widget_type=\"heading.default\">\n\t\t\t\t<div class=\"elementor-widget-container\">\n\t\t\t\t\t<p class=\"elementor-heading-title elementor-size-default\"><a href=\"https:\/\/photos.app.goo.gl\/okEJXjgyUBW1z4nZA\" target=\"_blank\">Gemeinsamer Vorstandsabend Familienkreis, Primatreff und Frauenkreis 07.11.2025<\/a><\/p>\t\t\t\t<\/div>\n\t\t\t\t<\/div>\n\t\t\t\t<div class=\"elementor-element elementor-element-c23d269 elementor-widget__width-initial elementor-widget elementor-widget-text-editor\" data-id=\"c23d269\" data-element_type=\"widget\" data-e-type=\"widget\" data-widget_type=\"text-editor.default\">\n\t\t\t\t<div class=\"elementor-widget-container\">\n\t\t\t\t\t\t\t\t\t<p class=\"p2\">\u00a0<\/p><p class=\"p1\"><span class=\"s1\">In der November-Vollmondwoche fand ein gemeinsamer Abend des Vorstands, mit dem Leitungsteam der Untergruppen Primatreff und Familienkreis statt, um <strong>Danke<\/strong> zu sagen f\u00fcr all das Engagement und die wertvolle Arbeit im vergangenen Vereinsjahr.<\/span><\/p><p class=\"p1\"><span class=\"s1\">Mit einer Seebodenalp-Sage \u00fcber die Geschichte der Margrit starteten wir unsere Reise. Durch die Nacht, dem Vollmond entgegen, erreichten wir die erste Feuerstelle, wo der zweite Teil der Geschichte erz\u00e4hlt wurde \u2013 dort, wo Margrit pl\u00f6tzlich verschwand. Danach f\u00fchrte uns der Weg mit Stirnlampen weiter Richtung Holderenh\u00fctte, weiter auf der Suche nach Margrit (wir sp\u00fcrten sie im Wind) \u2013 \u00fcber dem Nebelmeer von K\u00fcssnacht, unter einem herrlich klaren Sternenhimmel. (Schaut unbedingt die Bilder an)\u00a0<\/span><\/p><p class=\"p1\"><span class=\"s1\">In der Holderenh\u00fctte erwartete uns Monika Durrer mit herzlicher Gastfreundschaft und einem k\u00f6stlichen Raclette. Bei guten Gespr\u00e4chen, viel Lachen und einer fr\u00f6hlichen Stimmung genossen wir den Abend in vollen Z\u00fcgen. Sp\u00e4ter machten wir uns wieder auf den R\u00fcckweg hinunter ins Nebelmeer \u2013 dankbar f\u00fcr diesen gelungenen, stimmungsvollen Abend.\u00a0<\/span><\/p>\t\t\t\t\t\t\t\t<\/div>\n\t\t\t\t<\/div>\n\t\t\t\t\t<\/div>\n\t\t<\/div>\n\t\t\t\t\t<\/div>\n\t\t<\/section>\n\t\t\t\t<section class=\"elementor-section elementor-top-section elementor-element elementor-element-ea97a29 elementor-section-boxed elementor-section-height-default elementor-section-height-default\" data-id=\"ea97a29\" data-element_type=\"section\" data-e-type=\"section\">\n\t\t\t\t\t\t<div class=\"elementor-container elementor-column-gap-default\">\n\t\t\t\t\t<div class=\"elementor-column elementor-col-33 elementor-top-column elementor-element elementor-element-29e5f65\" data-id=\"29e5f65\" data-element_type=\"column\" data-e-type=\"column\">\n\t\t\t<div class=\"elementor-widget-wrap elementor-element-populated\">\n\t\t\t\t\t\t<div class=\"elementor-element elementor-element-ce252df elementor-widget elementor-widget-image\" data-id=\"ce252df\" data-element_type=\"widget\" data-e-type=\"widget\" data-widget_type=\"image.default\">\n\t\t\t\t<div class=\"elementor-widget-container\">\n\t\t\t\t\t\t\t\t\t\t\t\t\t\t\t\t<a href=\"https:\/\/photos.app.goo.gl\/HjTeU1pTmCrvSL9s8\" target=\"_blank\">\n\t\t\t\t\t\t\t<img loading=\"lazy\" decoding=\"async\" width=\"678\" height=\"509\" src=\"https:\/\/frauenkreis-immensee.ch\/wp-content\/uploads\/2025\/10\/2548d12e-6531-4e69-85d6-23f70af06922-768x576.jpg\" class=\"attachment-medium_large size-medium_large wp-image-5150\" alt=\"\" srcset=\"https:\/\/frauenkreis-immensee.ch\/wp-content\/uploads\/2025\/10\/2548d12e-6531-4e69-85d6-23f70af06922-768x576.jpg 768w, https:\/\/frauenkreis-immensee.ch\/wp-content\/uploads\/2025\/10\/2548d12e-6531-4e69-85d6-23f70af06922-300x225.jpg 300w, https:\/\/frauenkreis-immensee.ch\/wp-content\/uploads\/2025\/10\/2548d12e-6531-4e69-85d6-23f70af06922-1024x768.jpg 1024w, https:\/\/frauenkreis-immensee.ch\/wp-content\/uploads\/2025\/10\/2548d12e-6531-4e69-85d6-23f70af06922-1536x1152.jpg 1536w, https:\/\/frauenkreis-immensee.ch\/wp-content\/uploads\/2025\/10\/2548d12e-6531-4e69-85d6-23f70af06922.jpg 1600w\" sizes=\"(max-width: 678px) 100vw, 678px\" \/>\t\t\t\t\t\t\t\t<\/a>\n\t\t\t\t\t\t\t\t\t\t\t\t\t\t\t<\/div>\n\t\t\t\t<\/div>\n\t\t\t\t\t<\/div>\n\t\t<\/div>\n\t\t\t\t<div class=\"elementor-column elementor-col-66 elementor-top-column elementor-element elementor-element-8db7e70\" data-id=\"8db7e70\" data-element_type=\"column\" data-e-type=\"column\">\n\t\t\t<div class=\"elementor-widget-wrap elementor-element-populated\">\n\t\t\t\t\t\t<div class=\"elementor-element elementor-element-8415803 elementor-widget elementor-widget-heading\" data-id=\"8415803\" data-element_type=\"widget\" data-e-type=\"widget\" data-widget_type=\"heading.default\">\n\t\t\t\t<div class=\"elementor-widget-container\">\n\t\t\t\t\t<p class=\"elementor-heading-title elementor-size-default\"><a href=\"https:\/\/photos.app.goo.gl\/HjTeU1pTmCrvSL9s8\" target=\"_blank\">Finanzielle Sicherheit f\u00fcr Frauen 29.10.2025<\/a><\/p>\t\t\t\t<\/div>\n\t\t\t\t<\/div>\n\t\t\t\t<div class=\"elementor-element elementor-element-73207cc elementor-widget__width-initial elementor-widget elementor-widget-text-editor\" data-id=\"73207cc\" data-element_type=\"widget\" data-e-type=\"widget\" data-widget_type=\"text-editor.default\">\n\t\t\t\t<div class=\"elementor-widget-container\">\n\t\t\t\t\t\t\t\t\t<p>Gespannt lauschten die Zuh\u00f6rerinnen den Worten von Sandra Fl\u00fcckiger, Finanzberaterin. So erhielten die Frauen Infos zur Vorsorge wenn der Zeitpunkt der Pensionierung vor der T\u00fcre steht. Was hat es auf sich mit der AHV, Pensionskasse und S\u00e4ule 3a, was, wenn jemand L\u00fccken in der Altersvorsorge hat oder dass man sich schon etwas fr\u00fcher mit der Pensionierung in finanzieller Hinsicht besch\u00e4ftigen sollte um einen Plan\/Budget auszuarbeiten und nicht erst wenn man kurz davor steht. Der informative, kurzweilige und spannende Vortrag war im nu vorbei, wobei die Frauen noch weiter h\u00e4tten zuh\u00f6ren k\u00f6nnen. So wurde auch beim anschliessendem Ap\u00e9ro noch rege weiterdiskutiert. Die aufkommenden Fragen w\u00e4hrend des Ap\u00e9ros wurden von Sandra Fl\u00fcckiger weiterhin geduldig beantwortet. Ein herzliches Dankesch\u00f6n an Sandra Fl\u00fcckiger f\u00fcr den tollen und informativen Vortrag.<\/p>\t\t\t\t\t\t\t\t<\/div>\n\t\t\t\t<\/div>\n\t\t\t\t\t<\/div>\n\t\t<\/div>\n\t\t\t\t\t<\/div>\n\t\t<\/section>\n\t\t\t\t<section class=\"elementor-section elementor-top-section elementor-element elementor-element-26ef90a elementor-section-boxed elementor-section-height-default elementor-section-height-default\" data-id=\"26ef90a\" data-element_type=\"section\" data-e-type=\"section\">\n\t\t\t\t\t\t<div class=\"elementor-container elementor-column-gap-default\">\n\t\t\t\t\t<div class=\"elementor-column elementor-col-33 elementor-top-column elementor-element elementor-element-01944cc\" data-id=\"01944cc\" data-element_type=\"column\" data-e-type=\"column\">\n\t\t\t<div class=\"elementor-widget-wrap elementor-element-populated\">\n\t\t\t\t\t\t<div class=\"elementor-element elementor-element-05e33a4 elementor-widget elementor-widget-image\" data-id=\"05e33a4\" data-element_type=\"widget\" data-e-type=\"widget\" data-widget_type=\"image.default\">\n\t\t\t\t<div class=\"elementor-widget-container\">\n\t\t\t\t\t\t\t\t\t\t\t\t\t\t\t\t<a href=\"https:\/\/photos.app.goo.gl\/KgjbLtxrWX24UnTe9\" target=\"_blank\">\n\t\t\t\t\t\t\t<img loading=\"lazy\" decoding=\"async\" width=\"678\" height=\"1012\" src=\"https:\/\/frauenkreis-immensee.ch\/wp-content\/uploads\/2025\/10\/IMG_9412-2-768x1146.jpeg\" class=\"attachment-medium_large size-medium_large wp-image-5126\" alt=\"\" srcset=\"https:\/\/frauenkreis-immensee.ch\/wp-content\/uploads\/2025\/10\/IMG_9412-2-768x1146.jpeg 768w, https:\/\/frauenkreis-immensee.ch\/wp-content\/uploads\/2025\/10\/IMG_9412-2-201x300.jpeg 201w, https:\/\/frauenkreis-immensee.ch\/wp-content\/uploads\/2025\/10\/IMG_9412-2-687x1024.jpeg 687w, https:\/\/frauenkreis-immensee.ch\/wp-content\/uploads\/2025\/10\/IMG_9412-2-1030x1536.jpeg 1030w, https:\/\/frauenkreis-immensee.ch\/wp-content\/uploads\/2025\/10\/IMG_9412-2-1373x2048.jpeg 1373w, https:\/\/frauenkreis-immensee.ch\/wp-content\/uploads\/2025\/10\/IMG_9412-2.jpeg 1538w\" sizes=\"(max-width: 678px) 100vw, 678px\" \/>\t\t\t\t\t\t\t\t<\/a>\n\t\t\t\t\t\t\t\t\t\t\t\t\t\t\t<\/div>\n\t\t\t\t<\/div>\n\t\t\t\t\t<\/div>\n\t\t<\/div>\n\t\t\t\t<div class=\"elementor-column elementor-col-66 elementor-top-column elementor-element elementor-element-1130322\" data-id=\"1130322\" data-element_type=\"column\" data-e-type=\"column\">\n\t\t\t<div class=\"elementor-widget-wrap elementor-element-populated\">\n\t\t\t\t\t\t<div class=\"elementor-element elementor-element-f8b9f7d elementor-widget elementor-widget-heading\" data-id=\"f8b9f7d\" data-element_type=\"widget\" data-e-type=\"widget\" data-widget_type=\"heading.default\">\n\t\t\t\t<div class=\"elementor-widget-container\">\n\t\t\t\t\t<p class=\"elementor-heading-title elementor-size-default\"><a href=\"https:\/\/photos.app.goo.gl\/KgjbLtxrWX24UnTe9\" target=\"_blank\">Sternstunde in Arth 17.10.2025<\/a><\/p>\t\t\t\t<\/div>\n\t\t\t\t<\/div>\n\t\t\t\t<div class=\"elementor-element elementor-element-a0dabe9 elementor-widget__width-initial elementor-widget elementor-widget-text-editor\" data-id=\"a0dabe9\" data-element_type=\"widget\" data-e-type=\"widget\" data-widget_type=\"text-editor.default\">\n\t\t\t\t<div class=\"elementor-widget-container\">\n\t\t\t\t\t\t\t\t\t<p class=\"p1\"><span class=\"s1\">Der Frauenkreis Immensee nahm an der Sternstunde in Arth teil, organisiert vom Kantonalen Frauenbund Schwyz und Frauenarth. Zum Thema <\/span><span class=\"s2\">Sch\u00f6pfung<\/span><span class=\"s1\"> machten wir uns gemeinsam auf den Weg durch Arth und Oberarth. Unterwegs f\u00fchrten gute Gespr\u00e4che und inspirierende Impulse zu <\/span><span class=\"s2\">Erde, Wasser, Luft und Feuer<\/span><span class=\"s1\"> zum Nachdenken. Wir besuchten Kapellen, Kirchen und Kraftorte und genossen die Abendd\u00e4mmerung in vollen Z\u00fcgen.<\/span><\/p><p class=\"p1\"><span class=\"s1\">Zum Abschluss erwartete uns ein liebevoll dekorierter Raum mit Sternen, eine w\u00e4rmende Suppe und ein k\u00f6stliches Dessertbuffet. \u00dcber 60 Frauen aus dem ganzen Kanton Schwyz nahmen teil \u2013 ein herzlicher Dank an Frauenarth f\u00fcr die sch\u00f6ne Organisation!<\/span><\/p>\t\t\t\t\t\t\t\t<\/div>\n\t\t\t\t<\/div>\n\t\t\t\t\t<\/div>\n\t\t<\/div>\n\t\t\t\t\t<\/div>\n\t\t<\/section>\n\t\t\t\t<section class=\"elementor-section elementor-top-section elementor-element elementor-element-fdf39f6 elementor-section-boxed elementor-section-height-default elementor-section-height-default\" data-id=\"fdf39f6\" data-element_type=\"section\" data-e-type=\"section\">\n\t\t\t\t\t\t<div class=\"elementor-container elementor-column-gap-default\">\n\t\t\t\t\t<div class=\"elementor-column elementor-col-33 elementor-top-column elementor-element elementor-element-3564280\" data-id=\"3564280\" data-element_type=\"column\" data-e-type=\"column\">\n\t\t\t<div class=\"elementor-widget-wrap elementor-element-populated\">\n\t\t\t\t\t\t<div class=\"elementor-element elementor-element-858f127 elementor-widget elementor-widget-image\" data-id=\"858f127\" data-element_type=\"widget\" data-e-type=\"widget\" data-widget_type=\"image.default\">\n\t\t\t\t<div class=\"elementor-widget-container\">\n\t\t\t\t\t\t\t\t\t\t\t\t\t\t\t\t<a href=\"https:\/\/photos.app.goo.gl\/aja1zJgpt5kAjKcMA\" target=\"_blank\">\n\t\t\t\t\t\t\t<img loading=\"lazy\" decoding=\"async\" width=\"678\" height=\"904\" src=\"https:\/\/frauenkreis-immensee.ch\/wp-content\/uploads\/2025\/10\/IMG_9373-768x1024.jpeg\" class=\"attachment-medium_large size-medium_large wp-image-5068\" alt=\"\" srcset=\"https:\/\/frauenkreis-immensee.ch\/wp-content\/uploads\/2025\/10\/IMG_9373-768x1024.jpeg 768w, https:\/\/frauenkreis-immensee.ch\/wp-content\/uploads\/2025\/10\/IMG_9373-225x300.jpeg 225w, https:\/\/frauenkreis-immensee.ch\/wp-content\/uploads\/2025\/10\/IMG_9373-1152x1536.jpeg 1152w, https:\/\/frauenkreis-immensee.ch\/wp-content\/uploads\/2025\/10\/IMG_9373-1536x2048.jpeg 1536w, https:\/\/frauenkreis-immensee.ch\/wp-content\/uploads\/2025\/10\/IMG_9373-scaled.jpeg 1920w\" sizes=\"(max-width: 678px) 100vw, 678px\" \/>\t\t\t\t\t\t\t\t<\/a>\n\t\t\t\t\t\t\t\t\t\t\t\t\t\t\t<\/div>\n\t\t\t\t<\/div>\n\t\t\t\t\t<\/div>\n\t\t<\/div>\n\t\t\t\t<div class=\"elementor-column elementor-col-66 elementor-top-column elementor-element elementor-element-4ca1831\" data-id=\"4ca1831\" data-element_type=\"column\" data-e-type=\"column\">\n\t\t\t<div class=\"elementor-widget-wrap elementor-element-populated\">\n\t\t\t\t\t\t<div class=\"elementor-element elementor-element-4869e7a elementor-widget elementor-widget-heading\" data-id=\"4869e7a\" data-element_type=\"widget\" data-e-type=\"widget\" data-widget_type=\"heading.default\">\n\t\t\t\t<div class=\"elementor-widget-container\">\n\t\t\t\t\t<p class=\"elementor-heading-title elementor-size-default\"><a href=\"https:\/\/photos.google.com\/share\/AF1QipOVF5APnh__az4qnzBB2BizeCcfW5icIP8_KrXsbIJ6qHtKdLYzQObVUqMs7Fna2A?key=MmVkd2R4akxubmh5d3FXVWp3Z3dtTnJxNy1FMm1n\" target=\"_blank\">Ged\u00e4chtnis- und Frauengottesdienst 14.10.2025<\/a><\/p>\t\t\t\t<\/div>\n\t\t\t\t<\/div>\n\t\t\t\t<div class=\"elementor-element elementor-element-6cb47c4 elementor-widget__width-initial elementor-widget elementor-widget-text-editor\" data-id=\"6cb47c4\" data-element_type=\"widget\" data-e-type=\"widget\" data-widget_type=\"text-editor.default\">\n\t\t\t\t<div class=\"elementor-widget-container\">\n\t\t\t\t\t\t\t\t\t<p>Der diesj\u00e4hrige Frauengottesdienst stand unter dem Thema &#8222;<em>Die Momente f\u00fcr die Ewigkeit &#8220;\u00a0<\/em>In dieser Feier dachten wir unserer verstorbenen Mitgliederfrauen und machten uns bewusst, wie wichtig es ist, die wertvollen Momente des Lebens zu geniessen &#8211; denn mitnehmen kann man nichts. Der Gottesdienst war besinnlich, tiefgr\u00fcndig und ber\u00fchrte viele Herzen, was beim anschliessenden Chilekafi zu angeregten Gespr\u00e4che f\u00fchrte &#8211; viele Frauen w\u00fcnschen sich mehr solche Feiern. Ein grosses Dankesch\u00f6n an Monika Durrer und Trudy von Matt f\u00fcr die Gestaltung dieser unvergesslichen Feier.\u00a0<\/p>\t\t\t\t\t\t\t\t<\/div>\n\t\t\t\t<\/div>\n\t\t\t\t\t<\/div>\n\t\t<\/div>\n\t\t\t\t\t<\/div>\n\t\t<\/section>\n\t\t\t\t<section class=\"elementor-section elementor-top-section elementor-element elementor-element-08fe86a elementor-section-boxed elementor-section-height-default elementor-section-height-default\" data-id=\"08fe86a\" data-element_type=\"section\" data-e-type=\"section\">\n\t\t\t\t\t\t<div class=\"elementor-container elementor-column-gap-default\">\n\t\t\t\t\t<div class=\"elementor-column elementor-col-33 elementor-top-column elementor-element elementor-element-38632e0\" data-id=\"38632e0\" data-element_type=\"column\" data-e-type=\"column\">\n\t\t\t<div class=\"elementor-widget-wrap elementor-element-populated\">\n\t\t\t\t\t\t<div class=\"elementor-element elementor-element-02afda3 elementor-widget elementor-widget-image\" data-id=\"02afda3\" data-element_type=\"widget\" data-e-type=\"widget\" data-widget_type=\"image.default\">\n\t\t\t\t<div class=\"elementor-widget-container\">\n\t\t\t\t\t\t\t\t\t\t\t\t\t\t\t\t<a href=\"https:\/\/photos.app.goo.gl\/rKQkSgfdpHpAQiwb8\" target=\"_blank\">\n\t\t\t\t\t\t\t<img loading=\"lazy\" decoding=\"async\" width=\"678\" height=\"509\" src=\"https:\/\/frauenkreis-immensee.ch\/wp-content\/uploads\/2025\/09\/35cd8cc8-222e-4ce3-85e4-47138bb00b46-2-768x576.jpg\" class=\"attachment-medium_large size-medium_large wp-image-4950\" alt=\"Fotogalerie Ausflug Frauenkreis\" srcset=\"https:\/\/frauenkreis-immensee.ch\/wp-content\/uploads\/2025\/09\/35cd8cc8-222e-4ce3-85e4-47138bb00b46-2-768x576.jpg 768w, https:\/\/frauenkreis-immensee.ch\/wp-content\/uploads\/2025\/09\/35cd8cc8-222e-4ce3-85e4-47138bb00b46-2-300x225.jpg 300w, https:\/\/frauenkreis-immensee.ch\/wp-content\/uploads\/2025\/09\/35cd8cc8-222e-4ce3-85e4-47138bb00b46-2-1024x768.jpg 1024w, https:\/\/frauenkreis-immensee.ch\/wp-content\/uploads\/2025\/09\/35cd8cc8-222e-4ce3-85e4-47138bb00b46-2-1536x1152.jpg 1536w, https:\/\/frauenkreis-immensee.ch\/wp-content\/uploads\/2025\/09\/35cd8cc8-222e-4ce3-85e4-47138bb00b46-2.jpg 1600w\" sizes=\"(max-width: 678px) 100vw, 678px\" \/>\t\t\t\t\t\t\t\t<\/a>\n\t\t\t\t\t\t\t\t\t\t\t\t\t\t\t<\/div>\n\t\t\t\t<\/div>\n\t\t\t\t\t<\/div>\n\t\t<\/div>\n\t\t\t\t<div class=\"elementor-column elementor-col-66 elementor-top-column elementor-element elementor-element-7307dfe\" data-id=\"7307dfe\" data-element_type=\"column\" data-e-type=\"column\">\n\t\t\t<div class=\"elementor-widget-wrap elementor-element-populated\">\n\t\t\t\t\t\t<div class=\"elementor-element elementor-element-35b04a3 elementor-widget elementor-widget-heading\" data-id=\"35b04a3\" data-element_type=\"widget\" data-e-type=\"widget\" data-widget_type=\"heading.default\">\n\t\t\t\t<div class=\"elementor-widget-container\">\n\t\t\t\t\t<p class=\"elementor-heading-title elementor-size-default\"><a href=\"https:\/\/photos.app.goo.gl\/rKQkSgfdpHpAQiwb8\" target=\"_blank\">Ausflug Frauenkreis Immensee nach Bern 05.99.2025<\/a><\/p>\t\t\t\t<\/div>\n\t\t\t\t<\/div>\n\t\t\t\t<div class=\"elementor-element elementor-element-dd23d8a elementor-widget__width-initial elementor-widget elementor-widget-text-editor\" data-id=\"dd23d8a\" data-element_type=\"widget\" data-e-type=\"widget\" data-widget_type=\"text-editor.default\">\n\t\t\t\t<div class=\"elementor-widget-container\">\n\t\t\t\t\t\t\t\t\t<p class=\"p2\">\u00a0<\/p><p class=\"p1\"><span class=\"s1\">Unser diesj\u00e4hriger Ausflug f\u00fchrte uns nach Bern \u2013 und die Stadt zeigte sich von ihrer besten Seite. Bei einem gef\u00fchrten Altstadtbummel entdeckten wir viele spannende Ecken und Geschichten. Immer wieder kamen wir an den sch\u00f6nen Berner Brunnen vorbei, perfekt um die Wasserflasche nachzuf\u00fcllen. Nat\u00fcrlich wurde fleissig fotografiert \u2013 die vielen Schnappsch\u00fcsse sprechen f\u00fcr sich (siehe Fotoverlauf).<\/span><\/p><p class=\"p1\"><span class=\"s1\">Am Nachmittag hatte jede Zeit f\u00fcr sich: einige tauchten ins Museum ein, andere st\u00fcrzten sich ins Shoppingvergn\u00fcgen, genossen einen feinen Ap\u00e9ro oder schlenderten \u00fcber die Bundesmeile und den Biomarkt. Begleitet von herrlichem Wetter, im Gegensatz zur Innerschwyz erlebten wir einen wunderbaren Tag voller Eindr\u00fccke, Begegnungen und sch\u00f6ner Momente.<\/span><\/p><p>\u00a0<\/p>\t\t\t\t\t\t\t\t<\/div>\n\t\t\t\t<\/div>\n\t\t\t\t\t<\/div>\n\t\t<\/div>\n\t\t\t\t\t<\/div>\n\t\t<\/section>\n\t\t\t\t<section class=\"elementor-section elementor-top-section elementor-element elementor-element-55c953f elementor-section-boxed elementor-section-height-default elementor-section-height-default\" data-id=\"55c953f\" data-element_type=\"section\" data-e-type=\"section\">\n\t\t\t\t\t\t<div class=\"elementor-container elementor-column-gap-default\">\n\t\t\t\t\t<div class=\"elementor-column elementor-col-33 elementor-top-column elementor-element elementor-element-8316977\" data-id=\"8316977\" data-element_type=\"column\" data-e-type=\"column\">\n\t\t\t<div class=\"elementor-widget-wrap elementor-element-populated\">\n\t\t\t\t\t\t<div class=\"elementor-element elementor-element-54049b6 elementor-widget elementor-widget-image\" data-id=\"54049b6\" data-element_type=\"widget\" data-e-type=\"widget\" data-widget_type=\"image.default\">\n\t\t\t\t<div class=\"elementor-widget-container\">\n\t\t\t\t\t\t\t\t\t\t\t\t\t\t\t\t<a href=\"https:\/\/photos.app.goo.gl\/dWevJmcHD92DP93K8\" target=\"_blank\">\n\t\t\t\t\t\t\t<img loading=\"lazy\" decoding=\"async\" width=\"678\" height=\"904\" src=\"https:\/\/frauenkreis-immensee.ch\/wp-content\/uploads\/2025\/08\/a30fb70e-bcf5-4d52-873a-adfed024c388-768x1024.jpg\" class=\"attachment-medium_large size-medium_large wp-image-4912\" alt=\"\" srcset=\"https:\/\/frauenkreis-immensee.ch\/wp-content\/uploads\/2025\/08\/a30fb70e-bcf5-4d52-873a-adfed024c388-768x1024.jpg 768w, https:\/\/frauenkreis-immensee.ch\/wp-content\/uploads\/2025\/08\/a30fb70e-bcf5-4d52-873a-adfed024c388-225x300.jpg 225w, https:\/\/frauenkreis-immensee.ch\/wp-content\/uploads\/2025\/08\/a30fb70e-bcf5-4d52-873a-adfed024c388-1152x1536.jpg 1152w, https:\/\/frauenkreis-immensee.ch\/wp-content\/uploads\/2025\/08\/a30fb70e-bcf5-4d52-873a-adfed024c388.jpg 1200w\" sizes=\"(max-width: 678px) 100vw, 678px\" \/>\t\t\t\t\t\t\t\t<\/a>\n\t\t\t\t\t\t\t\t\t\t\t\t\t\t\t<\/div>\n\t\t\t\t<\/div>\n\t\t\t\t\t<\/div>\n\t\t<\/div>\n\t\t\t\t<div class=\"elementor-column elementor-col-66 elementor-top-column elementor-element elementor-element-0c9ed88\" data-id=\"0c9ed88\" data-element_type=\"column\" data-e-type=\"column\">\n\t\t\t<div class=\"elementor-widget-wrap elementor-element-populated\">\n\t\t\t\t\t\t<div class=\"elementor-element elementor-element-1989f2a elementor-widget elementor-widget-heading\" data-id=\"1989f2a\" data-element_type=\"widget\" data-e-type=\"widget\" data-widget_type=\"heading.default\">\n\t\t\t\t<div class=\"elementor-widget-container\">\n\t\t\t\t\t<p class=\"elementor-heading-title elementor-size-default\"><a href=\"https:\/\/photos.app.goo.gl\/dWevJmcHD92DP93K8\" target=\"_blank\">Ein Abend voller Impulse f\u00fcr mehr Ausgeglichenheit: Vortrag von C\u00e9line Fischer 26.08.2025\n<\/a><\/p>\t\t\t\t<\/div>\n\t\t\t\t<\/div>\n\t\t\t\t<div class=\"elementor-element elementor-element-fba19bb elementor-widget elementor-widget-text-editor\" data-id=\"fba19bb\" data-element_type=\"widget\" data-e-type=\"widget\" data-widget_type=\"text-editor.default\">\n\t\t\t\t<div class=\"elementor-widget-container\">\n\t\t\t\t\t\t\t\t\t<p>C\u00e9line Fischer, ganzheitliche K\u00f6rpertherapeutin und Pflegefachfrau, sprach \u00fcber \u201eTipps und Tricks f\u00fcr mehr Ausgeglichenheit im Alltag\u201c.<\/p><p>C\u00e9line Fischer, die in ihrer eigenen Praxis verschiedenste Therapien wie Dorntherapie, Fussreflexzonentherapie, Mannea, YONI Steaming und Ern\u00e4hrungsberatung anbietet, weiss Theorie und Praxis geschickt zu verbinden. Durch ihre T\u00e4tigkeit als Pflegefachfrau im Akutbereich kennt sie auch die schulmedizinische Seite \u2013 ein Spannungsfeld, das sie mit Leichtigkeit und Lebensfreude \u00fcberbr\u00fcckt.<\/p><p>Schon in ihrer Art zu sprechen zeigte sich: C\u00e9line Fischer ist eine Lebefrau, die ihre innere Balance ausstrahlt und andere motiviert, es ihr gleichzutun. Ihr zentraler Gedanke:<\/p><p>\u201eAusgeglichenheit ist der Schl\u00fcssel zur inneren Harmonie.\u201c<\/p><p>Besonders wertvoll f\u00fcr die Immenseer Frauen waren die vielen praktischen Anregungen, die direkt in den Alltag \u00fcbernommen werden k\u00f6nnen. Hier einige Beispiele:<\/p><ul><li>Schlaf &amp; Ern\u00e4hrung: Wer gut schlafen und sich nachts optimal erholen m\u00f6chte, sollte am Abend eine Portion Eiweiss zu sich nehmen \u2013 zum Beispiel Quark mit etwas Schokoladenpulver. Das unterst\u00fctzt die Muskelregeneration, stabilisiert den Blutzuckerspiegel und f\u00f6rdert die n\u00e4chtliche Erholung.<\/li><\/ul><ul><li>Zyklusorientierte Ern\u00e4hrung: Frauen d\u00fcrfen auf ihre K\u00f6rpersignale h\u00f6ren. Oft zeigen sich Bed\u00fcrfnisse ganz praktisch beim Einkaufen \u2013 kleine \u201eGluschtis\u201c k\u00f6nnen Hinweise sein, was dem K\u00f6rper gerade guttut.<\/li><\/ul><ul><li>Gesundheit: Bewegung und Sport sind wichtig, doch genauso entscheidend sind Regenerationspausen. Erholung geh\u00f6rt ebenso zur Gesundheit wie Aktivit\u00e4t. Und nicht zu vergessen: Lachen \u2013 es ist Medizin f\u00fcr K\u00f6rper und Seele zugleich.<\/li><\/ul><ul><li>Umfeld<b>:<\/b> Auch das soziale Leben tr\u00e4gt zur Balance bei. Fischer ermutigte die Frauen, ihre Treffen bewusster zu gestalten \u2013 etwa durch gemeinsame Spazierg\u00e4nge an der frischen Luft statt ausschliesslich beim gem\u00fctlichen \u201eK\u00e4ffele\u201c.<\/li><\/ul><ul><li>Tagesstruktur &amp; das Ich<b>:<\/b> Kleine Inseln im Alltag, bewusst gestaltete Routinen und die Aufmerksamkeit f\u00fcr die eigenen Bed\u00fcrfnisse helfen, die innere Mitte nicht zu verlieren. Dabei heisst es das Natel wegzulegen.<\/li><\/ul><p>Nach dem inspirierenden Vortrag nutzten die Teilnehmerinnen die Gelegenheit, beim Ap\u00e9ro Erfahrungen und Gedanken auszutauschen. Viele nahmen konkrete Ideen mit nach Hause \u2013 und die Motivation, im Alltag kleine Schritte in Richtung mehr Ausgeglichenheit zu gehen.<\/p><p>Der Abend mit Celine Fischer hat gezeigt: Innere Harmonie entsteht nicht durch grosse Umstellungen, sondern durch bewusste kleine Entscheidungen, die K\u00f6rper, Geist und Seele n\u00e4hren.<\/p>\t\t\t\t\t\t\t\t<\/div>\n\t\t\t\t<\/div>\n\t\t\t\t\t<\/div>\n\t\t<\/div>\n\t\t\t\t\t<\/div>\n\t\t<\/section>\n\t\t\t\t<section class=\"elementor-section elementor-top-section elementor-element elementor-element-aab47d8 elementor-section-boxed elementor-section-height-default elementor-section-height-default\" data-id=\"aab47d8\" data-element_type=\"section\" data-e-type=\"section\">\n\t\t\t\t\t\t<div class=\"elementor-container elementor-column-gap-default\">\n\t\t\t\t\t<div class=\"elementor-column elementor-col-33 elementor-top-column elementor-element elementor-element-81fd2f1\" data-id=\"81fd2f1\" data-element_type=\"column\" data-e-type=\"column\">\n\t\t\t<div class=\"elementor-widget-wrap elementor-element-populated\">\n\t\t\t\t\t\t<div class=\"elementor-element elementor-element-0e89f28 elementor-widget elementor-widget-image\" data-id=\"0e89f28\" data-element_type=\"widget\" data-e-type=\"widget\" data-widget_type=\"image.default\">\n\t\t\t\t<div class=\"elementor-widget-container\">\n\t\t\t\t\t\t\t\t\t\t\t\t\t\t\t\t<a href=\"https:\/\/photos.app.goo.gl\/8LU6Mnv83XpSrMYr8\" target=\"_blank\">\n\t\t\t\t\t\t\t<img loading=\"lazy\" decoding=\"async\" width=\"678\" height=\"904\" src=\"https:\/\/frauenkreis-immensee.ch\/wp-content\/uploads\/2025\/08\/IMG_9110-768x1024.jpeg\" class=\"attachment-medium_large size-medium_large wp-image-4911\" alt=\"\" srcset=\"https:\/\/frauenkreis-immensee.ch\/wp-content\/uploads\/2025\/08\/IMG_9110-768x1024.jpeg 768w, https:\/\/frauenkreis-immensee.ch\/wp-content\/uploads\/2025\/08\/IMG_9110-225x300.jpeg 225w, https:\/\/frauenkreis-immensee.ch\/wp-content\/uploads\/2025\/08\/IMG_9110-1152x1536.jpeg 1152w, https:\/\/frauenkreis-immensee.ch\/wp-content\/uploads\/2025\/08\/IMG_9110-1536x2048.jpeg 1536w, https:\/\/frauenkreis-immensee.ch\/wp-content\/uploads\/2025\/08\/IMG_9110-scaled.jpeg 1920w\" sizes=\"(max-width: 678px) 100vw, 678px\" \/>\t\t\t\t\t\t\t\t<\/a>\n\t\t\t\t\t\t\t\t\t\t\t\t\t\t\t<\/div>\n\t\t\t\t<\/div>\n\t\t\t\t\t<\/div>\n\t\t<\/div>\n\t\t\t\t<div class=\"elementor-column elementor-col-66 elementor-top-column elementor-element elementor-element-fcd8057\" data-id=\"fcd8057\" data-element_type=\"column\" data-e-type=\"column\">\n\t\t\t<div class=\"elementor-widget-wrap elementor-element-populated\">\n\t\t\t\t\t\t<div class=\"elementor-element elementor-element-336be5b elementor-widget elementor-widget-heading\" data-id=\"336be5b\" data-element_type=\"widget\" data-e-type=\"widget\" data-widget_type=\"heading.default\">\n\t\t\t\t<div class=\"elementor-widget-container\">\n\t\t\t\t\t<p class=\"elementor-heading-title elementor-size-default\"><a href=\"https:\/\/photos.app.goo.gl\/8LU6Mnv83XpSrMYr8\" target=\"_blank\">Gelungenes Dorffest Immensee dank vielen HelferInnen 23.08.2025<\/a><\/p>\t\t\t\t<\/div>\n\t\t\t\t<\/div>\n\t\t\t\t<div class=\"elementor-element elementor-element-78ddef1 elementor-widget elementor-widget-text-editor\" data-id=\"78ddef1\" data-element_type=\"widget\" data-e-type=\"widget\" data-widget_type=\"text-editor.default\">\n\t\t\t\t<div class=\"elementor-widget-container\">\n\t\t\t\t\t\t\t\t\t<p>Dorffest Immensee \u2013 ein gelungener Tag<\/p><p>Am 23. August fand in Immensee das Dorffest mit Gr\u00fcmpelturnier statt. Die Primarsch\u00fcler zeigten vollen Einsatz, die Muskelkraft von Gross und Klein wurden im Steinstossen gemessen, die J\u00fcngsten zeigten ihr K\u00f6nnen beim Bobbycarrennen und am Nachmittag sorgte Ueli Schmezer f\u00fcr beste Kinderunterhaltung. Am Abend lud die Musikgesellschaft Immensee und ein L\u00e4ndlertrio zum gem\u00fctlichen Beisammensein ein.<\/p><p>Dank der Unterst\u00fctzung von der Immenseer Musikgesellschaft, dem Frauenkreis, der Immogeister, der Hohlgassrassler und weiteren Vereinen wurde das Fest ein voller Erfolg. Ein herzliches Dankesch\u00f6n gilt allen freiwilligen Helferinnen, die mit ihrem Einsatz diesen Anlass erm\u00f6glicht haben.<\/p>\t\t\t\t\t\t\t\t<\/div>\n\t\t\t\t<\/div>\n\t\t\t\t\t<\/div>\n\t\t<\/div>\n\t\t\t\t\t<\/div>\n\t\t<\/section>\n\t\t\t\t<section class=\"elementor-section elementor-top-section elementor-element elementor-element-e84eefe elementor-section-boxed elementor-section-height-default elementor-section-height-default\" data-id=\"e84eefe\" data-element_type=\"section\" data-e-type=\"section\">\n\t\t\t\t\t\t<div class=\"elementor-container elementor-column-gap-default\">\n\t\t\t\t\t<div class=\"elementor-column elementor-col-33 elementor-top-column elementor-element elementor-element-17033ea\" data-id=\"17033ea\" data-element_type=\"column\" data-e-type=\"column\">\n\t\t\t<div class=\"elementor-widget-wrap elementor-element-populated\">\n\t\t\t\t\t\t<div class=\"elementor-element elementor-element-8b85c07 elementor-widget elementor-widget-image\" data-id=\"8b85c07\" data-element_type=\"widget\" data-e-type=\"widget\" data-widget_type=\"image.default\">\n\t\t\t\t<div class=\"elementor-widget-container\">\n\t\t\t\t\t\t\t\t\t\t\t\t\t\t\t\t<a href=\"https:\/\/photos.app.goo.gl\/Km2iRm1kT5rrKXi89\" target=\"_blank\">\n\t\t\t\t\t\t\t<img loading=\"lazy\" decoding=\"async\" width=\"678\" height=\"904\" src=\"https:\/\/frauenkreis-immensee.ch\/wp-content\/uploads\/2025\/07\/IMG_8867-768x1024.jpeg\" class=\"attachment-medium_large size-medium_large wp-image-4867\" alt=\"\" srcset=\"https:\/\/frauenkreis-immensee.ch\/wp-content\/uploads\/2025\/07\/IMG_8867-768x1024.jpeg 768w, https:\/\/frauenkreis-immensee.ch\/wp-content\/uploads\/2025\/07\/IMG_8867-225x300.jpeg 225w, https:\/\/frauenkreis-immensee.ch\/wp-content\/uploads\/2025\/07\/IMG_8867-1152x1536.jpeg 1152w, https:\/\/frauenkreis-immensee.ch\/wp-content\/uploads\/2025\/07\/IMG_8867-1536x2048.jpeg 1536w, https:\/\/frauenkreis-immensee.ch\/wp-content\/uploads\/2025\/07\/IMG_8867-scaled.jpeg 1920w\" sizes=\"(max-width: 678px) 100vw, 678px\" \/>\t\t\t\t\t\t\t\t<\/a>\n\t\t\t\t\t\t\t\t\t\t\t\t\t\t\t<\/div>\n\t\t\t\t<\/div>\n\t\t\t\t\t<\/div>\n\t\t<\/div>\n\t\t\t\t<div class=\"elementor-column elementor-col-66 elementor-top-column elementor-element elementor-element-62e631b\" data-id=\"62e631b\" data-element_type=\"column\" data-e-type=\"column\">\n\t\t\t<div class=\"elementor-widget-wrap elementor-element-populated\">\n\t\t\t\t\t\t<div class=\"elementor-element elementor-element-c03862d elementor-widget elementor-widget-heading\" data-id=\"c03862d\" data-element_type=\"widget\" data-e-type=\"widget\" data-widget_type=\"heading.default\">\n\t\t\t\t<div class=\"elementor-widget-container\">\n\t\t\t\t\t<p class=\"elementor-heading-title elementor-size-default\"><a href=\"https:\/\/photos.app.goo.gl\/Km2iRm1kT5rrKXi89\" target=\"_blank\">Frauenkreis Ap\u00e9ro im Seerestaurant zu Schl\u00fcssel am 26.06.25<\/a><\/p>\t\t\t\t<\/div>\n\t\t\t\t<\/div>\n\t\t\t\t<div class=\"elementor-element elementor-element-aa6bf9d elementor-widget elementor-widget-text-editor\" data-id=\"aa6bf9d\" data-element_type=\"widget\" data-e-type=\"widget\" data-widget_type=\"text-editor.default\">\n\t\t\t\t<div class=\"elementor-widget-container\">\n\t\t\t\t\t\t\t\t\t<p>Man h\u00f6rte es schon von weitem: fr\u00f6hliches Lachen und lebhafte Gespr\u00e4che \u2013 in Immensee traffen sich die Frauen zu einem ungezwungenen Ap\u00e9ro im Seerestaurant Schl\u00fcssel. Es war ein fr\u00f6hliches Kommen und Gehen. Wir hatten Wettergl\u00fcck und genossen den lauen Sommerabend auf der Gartenterrasse . Ein lustiger Abend mit spannenden Begegnungen und anregenden Gespr\u00e4chen \u2013 einfach sch\u00f6n!<\/p><p>\u00a0<\/p>\t\t\t\t\t\t\t\t<\/div>\n\t\t\t\t<\/div>\n\t\t\t\t\t<\/div>\n\t\t<\/div>\n\t\t\t\t\t<\/div>\n\t\t<\/section>\n\t\t\t\t<section class=\"elementor-section elementor-top-section elementor-element elementor-element-5f2520f elementor-section-boxed elementor-section-height-default elementor-section-height-default\" data-id=\"5f2520f\" data-element_type=\"section\" data-e-type=\"section\">\n\t\t\t\t\t\t<div class=\"elementor-container elementor-column-gap-default\">\n\t\t\t\t\t<div class=\"elementor-column elementor-col-33 elementor-top-column elementor-element elementor-element-832d6ee\" data-id=\"832d6ee\" data-element_type=\"column\" data-e-type=\"column\">\n\t\t\t<div class=\"elementor-widget-wrap elementor-element-populated\">\n\t\t\t\t\t\t<div class=\"elementor-element elementor-element-991ca04 elementor-widget elementor-widget-image\" data-id=\"991ca04\" data-element_type=\"widget\" data-e-type=\"widget\" data-widget_type=\"image.default\">\n\t\t\t\t<div class=\"elementor-widget-container\">\n\t\t\t\t\t\t\t\t\t\t\t\t\t\t\t\t<a href=\"https:\/\/photos.app.goo.gl\/kAWrKKgtJkpxaqWu7\" target=\"_blank\">\n\t\t\t\t\t\t\t<img loading=\"lazy\" decoding=\"async\" width=\"678\" height=\"904\" src=\"https:\/\/frauenkreis-immensee.ch\/wp-content\/uploads\/2025\/06\/IMG_8790-768x1024.jpeg\" class=\"attachment-medium_large size-medium_large wp-image-4857\" alt=\"\" srcset=\"https:\/\/frauenkreis-immensee.ch\/wp-content\/uploads\/2025\/06\/IMG_8790-768x1024.jpeg 768w, https:\/\/frauenkreis-immensee.ch\/wp-content\/uploads\/2025\/06\/IMG_8790-225x300.jpeg 225w, https:\/\/frauenkreis-immensee.ch\/wp-content\/uploads\/2025\/06\/IMG_8790-1152x1536.jpeg 1152w, https:\/\/frauenkreis-immensee.ch\/wp-content\/uploads\/2025\/06\/IMG_8790-1536x2048.jpeg 1536w, https:\/\/frauenkreis-immensee.ch\/wp-content\/uploads\/2025\/06\/IMG_8790-scaled.jpeg 1920w\" sizes=\"(max-width: 678px) 100vw, 678px\" \/>\t\t\t\t\t\t\t\t<\/a>\n\t\t\t\t\t\t\t\t\t\t\t\t\t\t\t<\/div>\n\t\t\t\t<\/div>\n\t\t\t\t\t<\/div>\n\t\t<\/div>\n\t\t\t\t<div class=\"elementor-column elementor-col-66 elementor-top-column elementor-element elementor-element-da5829f\" data-id=\"da5829f\" data-element_type=\"column\" data-e-type=\"column\">\n\t\t\t<div class=\"elementor-widget-wrap elementor-element-populated\">\n\t\t\t\t\t\t<div class=\"elementor-element elementor-element-55d6302 elementor-widget elementor-widget-heading\" data-id=\"55d6302\" data-element_type=\"widget\" data-e-type=\"widget\" data-widget_type=\"heading.default\">\n\t\t\t\t<div class=\"elementor-widget-container\">\n\t\t\t\t\t<p class=\"elementor-heading-title elementor-size-default\"><a href=\"https:\/\/photos.app.goo.gl\/kAWrKKgtJkpxaqWu7\" target=\"_blank\">Helferinneneinsatz an der Tour de Suisse<\/a><\/p>\t\t\t\t<\/div>\n\t\t\t\t<\/div>\n\t\t\t\t<div class=\"elementor-element elementor-element-7492e67 elementor-widget elementor-widget-text-editor\" data-id=\"7492e67\" data-element_type=\"widget\" data-e-type=\"widget\" data-widget_type=\"text-editor.default\">\n\t\t\t\t<div class=\"elementor-widget-container\">\n\t\t\t\t\t\t\t\t\t<p>Vom <b>13. bis 15. Juni<\/b> fand das gro\u00dfe \ud83d\udeb4\u200d\u2642\ufe0f\ud83d\udeb4\u200d\u2640\ufe0f\ud83d\udeb4Spektakel, die <b>Tour de Suisse <\/b>in <b>K\u00fcssnacht<\/b> statt. Ein besonderes Highlight war die <b>ehrenamtliche<\/b> Mithilfe von <b>14 Frauen<\/b> aus dem Frauenkreis Immensee, die aktiv mitgewirkt und somit unserer Vereinskasse aufgebessert haben.<\/p><p><b>Engagement und Teamarbeit<\/b><\/p><p>Die Frauen waren unverkennbar in ihren <b>gelben T-Shirts<\/b> und haben insgesamt <b>142 Stunden<\/b> Arbeit geleistet. Ihr Engagement war beeindruckend: Einige von ihnen haben sogar <b>vier Schichten<\/b> gearbeitet, sei es im Service, an der Bar oder Foodcorner oder im Verkehrssicherheitsdienst.<\/p><p><b>Herzlichen Dank!<\/b><\/p><p>Ein gro\u00dfes Dankesch\u00f6n an alle Beteiligten! Euer Einsatz hat sich gelohnt und hat die Veranstaltung bereichert. Ihr seid ein tolles Team! \ud83d\udc4f\ud83d\udc9b<\/p>\t\t\t\t\t\t\t\t<\/div>\n\t\t\t\t<\/div>\n\t\t\t\t\t<\/div>\n\t\t<\/div>\n\t\t\t\t\t<\/div>\n\t\t<\/section>\n\t\t\t\t<section class=\"elementor-section elementor-top-section elementor-element elementor-element-fc49805 elementor-section-boxed elementor-section-height-default elementor-section-height-default\" data-id=\"fc49805\" data-element_type=\"section\" data-e-type=\"section\">\n\t\t\t\t\t\t<div class=\"elementor-container elementor-column-gap-default\">\n\t\t\t\t\t<div class=\"elementor-column elementor-col-33 elementor-top-column elementor-element elementor-element-325feef\" data-id=\"325feef\" data-element_type=\"column\" data-e-type=\"column\">\n\t\t\t<div class=\"elementor-widget-wrap elementor-element-populated\">\n\t\t\t\t\t\t<div class=\"elementor-element elementor-element-87c530c elementor-widget elementor-widget-image\" data-id=\"87c530c\" data-element_type=\"widget\" data-e-type=\"widget\" data-widget_type=\"image.default\">\n\t\t\t\t<div class=\"elementor-widget-container\">\n\t\t\t\t\t\t\t\t\t\t\t\t\t\t\t\t<a href=\"https:\/\/photos.app.goo.gl\/vR7g37eKLeq59amV6\" target=\"_blank\">\n\t\t\t\t\t\t\t<img loading=\"lazy\" decoding=\"async\" width=\"678\" height=\"904\" src=\"https:\/\/frauenkreis-immensee.ch\/wp-content\/uploads\/2025\/05\/IMG_6585-768x1024.jpeg\" class=\"attachment-medium_large size-medium_large wp-image-4788\" alt=\"\" srcset=\"https:\/\/frauenkreis-immensee.ch\/wp-content\/uploads\/2025\/05\/IMG_6585-768x1024.jpeg 768w, https:\/\/frauenkreis-immensee.ch\/wp-content\/uploads\/2025\/05\/IMG_6585-225x300.jpeg 225w, https:\/\/frauenkreis-immensee.ch\/wp-content\/uploads\/2025\/05\/IMG_6585-1152x1536.jpeg 1152w, https:\/\/frauenkreis-immensee.ch\/wp-content\/uploads\/2025\/05\/IMG_6585-1536x2048.jpeg 1536w, https:\/\/frauenkreis-immensee.ch\/wp-content\/uploads\/2025\/05\/IMG_6585-scaled.jpeg 1920w\" sizes=\"(max-width: 678px) 100vw, 678px\" \/>\t\t\t\t\t\t\t\t<\/a>\n\t\t\t\t\t\t\t\t\t\t\t\t\t\t\t<\/div>\n\t\t\t\t<\/div>\n\t\t\t\t\t<\/div>\n\t\t<\/div>\n\t\t\t\t<div class=\"elementor-column elementor-col-66 elementor-top-column elementor-element elementor-element-48d0eae\" data-id=\"48d0eae\" data-element_type=\"column\" data-e-type=\"column\">\n\t\t\t<div class=\"elementor-widget-wrap elementor-element-populated\">\n\t\t\t\t\t\t<div class=\"elementor-element elementor-element-6b515eb elementor-widget elementor-widget-heading\" data-id=\"6b515eb\" data-element_type=\"widget\" data-e-type=\"widget\" data-widget_type=\"heading.default\">\n\t\t\t\t<div class=\"elementor-widget-container\">\n\t\t\t\t\t<p class=\"elementor-heading-title elementor-size-default\"><a href=\"https:\/\/photos.app.goo.gl\/vR7g37eKLeq59amV6\" target=\"_blank\">\nWalkingrunde Frauenkreis im kleiner Runde 21.05.2025<\/a><\/p>\t\t\t\t<\/div>\n\t\t\t\t<\/div>\n\t\t\t\t<div class=\"elementor-element elementor-element-927af71 elementor-widget elementor-widget-text-editor\" data-id=\"927af71\" data-element_type=\"widget\" data-e-type=\"widget\" data-widget_type=\"text-editor.default\">\n\t\t\t\t<div class=\"elementor-widget-container\">\n\t\t\t\t\t\t\t\t\t<p>Getreu dem Motto: &#8220; Wenn Engel reisen, ist es trocken&#8220; genossen wir &#8211; w\u00e4hrend der Regenpause &#8211; den Morgen sportlich und walkten eine B\u00f6schenrotrunde. Da dieses Mal keine Mitglieder teilgenommen haben, konnten wir kurzerhand eine fast laufende Vorstandssitzung abhalten &#8211; effizient, aktiv und an der frischen Luft.\u00a0<\/p>\t\t\t\t\t\t\t\t<\/div>\n\t\t\t\t<\/div>\n\t\t\t\t\t<\/div>\n\t\t<\/div>\n\t\t\t\t\t<\/div>\n\t\t<\/section>\n\t\t\t\t<section class=\"elementor-section elementor-top-section elementor-element elementor-element-c562b00 elementor-section-boxed elementor-section-height-default elementor-section-height-default\" data-id=\"c562b00\" data-element_type=\"section\" data-e-type=\"section\">\n\t\t\t\t\t\t<div class=\"elementor-container elementor-column-gap-default\">\n\t\t\t\t\t<div class=\"elementor-column elementor-col-33 elementor-top-column elementor-element elementor-element-e97d862\" data-id=\"e97d862\" data-element_type=\"column\" data-e-type=\"column\">\n\t\t\t<div class=\"elementor-widget-wrap elementor-element-populated\">\n\t\t\t\t\t\t<div class=\"elementor-element elementor-element-1eaab8a elementor-widget elementor-widget-image\" data-id=\"1eaab8a\" data-element_type=\"widget\" data-e-type=\"widget\" data-widget_type=\"image.default\">\n\t\t\t\t<div class=\"elementor-widget-container\">\n\t\t\t\t\t\t\t\t\t\t\t\t\t\t\t\t<a href=\"https:\/\/photos.app.goo.gl\/A9Y7pW9oUvCH3Bzu6\" target=\"_blank\">\n\t\t\t\t\t\t\t<img loading=\"lazy\" decoding=\"async\" width=\"678\" height=\"509\" src=\"https:\/\/frauenkreis-immensee.ch\/wp-content\/uploads\/2025\/05\/83781fa6-00f2-4011-b4eb-7ead87aa1799-768x576.jpg\" class=\"attachment-medium_large size-medium_large wp-image-4778\" alt=\"\" srcset=\"https:\/\/frauenkreis-immensee.ch\/wp-content\/uploads\/2025\/05\/83781fa6-00f2-4011-b4eb-7ead87aa1799-768x576.jpg 768w, https:\/\/frauenkreis-immensee.ch\/wp-content\/uploads\/2025\/05\/83781fa6-00f2-4011-b4eb-7ead87aa1799-300x225.jpg 300w, https:\/\/frauenkreis-immensee.ch\/wp-content\/uploads\/2025\/05\/83781fa6-00f2-4011-b4eb-7ead87aa1799-1024x768.jpg 1024w, https:\/\/frauenkreis-immensee.ch\/wp-content\/uploads\/2025\/05\/83781fa6-00f2-4011-b4eb-7ead87aa1799-1536x1152.jpg 1536w, https:\/\/frauenkreis-immensee.ch\/wp-content\/uploads\/2025\/05\/83781fa6-00f2-4011-b4eb-7ead87aa1799.jpg 2048w\" sizes=\"(max-width: 678px) 100vw, 678px\" \/>\t\t\t\t\t\t\t\t<\/a>\n\t\t\t\t\t\t\t\t\t\t\t\t\t\t\t<\/div>\n\t\t\t\t<\/div>\n\t\t\t\t\t<\/div>\n\t\t<\/div>\n\t\t\t\t<div class=\"elementor-column elementor-col-66 elementor-top-column elementor-element elementor-element-5bff842\" data-id=\"5bff842\" data-element_type=\"column\" data-e-type=\"column\">\n\t\t\t<div class=\"elementor-widget-wrap elementor-element-populated\">\n\t\t\t\t\t\t<div class=\"elementor-element elementor-element-eedba50 elementor-widget elementor-widget-heading\" data-id=\"eedba50\" data-element_type=\"widget\" data-e-type=\"widget\" data-widget_type=\"heading.default\">\n\t\t\t\t<div class=\"elementor-widget-container\">\n\t\t\t\t\t<p class=\"elementor-heading-title elementor-size-default\"><a href=\"https:\/\/photos.app.goo.gl\/A9Y7pW9oUvCH3Bzu6\" target=\"_blank\">\nMaiandacht in der Kapelle Sunnehof Immensee 14.05.2025 zusammen mit dem frauennetz k\u00fcssnacht  merlischachen<\/a><\/p>\t\t\t\t<\/div>\n\t\t\t\t<\/div>\n\t\t\t\t<div class=\"elementor-element elementor-element-270e1c0 elementor-widget elementor-widget-text-editor\" data-id=\"270e1c0\" data-element_type=\"widget\" data-e-type=\"widget\" data-widget_type=\"text-editor.default\">\n\t\t\t\t<div class=\"elementor-widget-container\">\n\t\t\t\t\t\t\t\t\t<p>Ein stimmungsvoller und besinnlicher Abend fand am 14. Mai 2025 in der Andachtskapelle des Sunnehofs in Immensee statt. Gemeinsam mit dem frauennetz k\u00fcssnacht merlischachen und des Frauenkreis Immensee wurde zur Maiandacht eingeladen, welche im Zeichen der Heiligen Madonna von Lourdes stand. Die Andacht wurde gestaltet von der K\u00fcssnachter Pfarreileiterin Claudia Zimmermann.<\/p><p>Schon beim Betreten der Kapelle war eine besondere Atmosph\u00e4re sp\u00fcrbar: Die untergehende Abendsonne tauchten die farbigen Fenster &#8211; gestaltet vom Luzerner Glask\u00fcnstler Christoph Stooss &#8211; in ein warmes, oranges Licht und verlieh der Kapelle eine fast mystische Ausstrahlung, was dem Anlass zus\u00e4tzlich eine ruhige und meditative Stimmung schuf.<span class=\"Apple-converted-space\">\u00a0<\/span><\/p><p>Musikalisch wurde die Andacht vom Werktagsch\u00f6rli unter der Leitung von Martina F\u00e4h umrahmt. Die abgestimmten Lieder auf den Inhalt der Andacht wurden von Josef Wechsler und Guido Hodel begleitet. Die Lieder gaben der Andacht eine besonders feierliche Note.<span class=\"Apple-converted-space\">\u00a0<\/span><\/p><p>Im Mittelpunkt der Andacht stand das Thema \u201eHeilige Madonna von Lourdes\u201c. Die Geschichte von der Bernadette dem einfachen, kr\u00e4nkelnden Bauernm\u00e4dchen, das in Lourdes im Jahre 1858 mehrere Erscheinungen der Jungfrau Maria erlebte, wurde in Erinnerung gerufen. Lourdes, als weltbekannter Wallfahrtsort, symbolisiert bis heute Hoffnung, Glaube und Heilung.<span class=\"Apple-converted-space\">\u00a0<\/span><\/p><p>Im Anschluss an die Andacht traf man sich zu einem gem\u00fctlichen Beisammensein im Restaurant Schwert, was dem Abend einem gemeinschaftlichen Anschluss verlieh.<span class=\"Apple-converted-space\">\u00a0<\/span><\/p><p>Ein grosses Dankesch\u00f6n an Claudia Zimmermann und dem Werktagsch\u00f6rli, die diesen besonderen<span class=\"Apple-converted-space\">\u00a0 <\/span>Anlass mitgetragen und bereichert haben. Wir waren \u00fcberw\u00e4ltigt, dass so viele Frauen aus dem Bezirk teilgenommen haben. Urspr\u00fcnglich hatten wir 33 Gesangsb\u00fccher, wir konnten diese nicht einmal zu zweit teilen.<span class=\"Apple-converted-space\">\u00a0<\/span><\/p>\t\t\t\t\t\t\t\t<\/div>\n\t\t\t\t<\/div>\n\t\t\t\t\t<\/div>\n\t\t<\/div>\n\t\t\t\t\t<\/div>\n\t\t<\/section>\n\t\t\t\t<section class=\"elementor-section elementor-top-section elementor-element elementor-element-d45220c elementor-section-boxed elementor-section-height-default elementor-section-height-default\" data-id=\"d45220c\" data-element_type=\"section\" data-e-type=\"section\">\n\t\t\t\t\t\t<div class=\"elementor-container elementor-column-gap-default\">\n\t\t\t\t\t<div class=\"elementor-column elementor-col-33 elementor-top-column elementor-element elementor-element-cb9df6e\" data-id=\"cb9df6e\" data-element_type=\"column\" data-e-type=\"column\">\n\t\t\t<div class=\"elementor-widget-wrap elementor-element-populated\">\n\t\t\t\t\t\t<div class=\"elementor-element elementor-element-6dca77a elementor-widget elementor-widget-image\" data-id=\"6dca77a\" data-element_type=\"widget\" data-e-type=\"widget\" data-widget_type=\"image.default\">\n\t\t\t\t<div class=\"elementor-widget-container\">\n\t\t\t\t\t\t\t\t\t\t\t\t\t\t\t\t<a href=\"https:\/\/photos.app.goo.gl\/jZwnn1YMMkrCTSgn7\" target=\"_blank\">\n\t\t\t\t\t\t\t<img loading=\"lazy\" decoding=\"async\" width=\"678\" height=\"303\" src=\"https:\/\/frauenkreis-immensee.ch\/wp-content\/uploads\/2025\/04\/Bildschirmfoto-2025-04-16-um-14.20.44-768x343.png\" class=\"attachment-medium_large size-medium_large wp-image-4766\" alt=\"\" srcset=\"https:\/\/frauenkreis-immensee.ch\/wp-content\/uploads\/2025\/04\/Bildschirmfoto-2025-04-16-um-14.20.44-768x343.png 768w, https:\/\/frauenkreis-immensee.ch\/wp-content\/uploads\/2025\/04\/Bildschirmfoto-2025-04-16-um-14.20.44-300x134.png 300w, https:\/\/frauenkreis-immensee.ch\/wp-content\/uploads\/2025\/04\/Bildschirmfoto-2025-04-16-um-14.20.44-1024x457.png 1024w, https:\/\/frauenkreis-immensee.ch\/wp-content\/uploads\/2025\/04\/Bildschirmfoto-2025-04-16-um-14.20.44.png 1352w\" sizes=\"(max-width: 678px) 100vw, 678px\" \/>\t\t\t\t\t\t\t\t<\/a>\n\t\t\t\t\t\t\t\t\t\t\t\t\t\t\t<\/div>\n\t\t\t\t<\/div>\n\t\t\t\t\t<\/div>\n\t\t<\/div>\n\t\t\t\t<div class=\"elementor-column elementor-col-66 elementor-top-column elementor-element elementor-element-2800caf\" data-id=\"2800caf\" data-element_type=\"column\" data-e-type=\"column\">\n\t\t\t<div class=\"elementor-widget-wrap elementor-element-populated\">\n\t\t\t\t\t\t<div class=\"elementor-element elementor-element-a29e335 elementor-widget elementor-widget-heading\" data-id=\"a29e335\" data-element_type=\"widget\" data-e-type=\"widget\" data-widget_type=\"heading.default\">\n\t\t\t\t<div class=\"elementor-widget-container\">\n\t\t\t\t\t<p class=\"elementor-heading-title elementor-size-default\"><a href=\"https:\/\/photos.app.goo.gl\/jZwnn1YMMkrCTSgn7\" target=\"_blank\">\nOsterfreude im Altersheim Sunnehof, 14.04.2025<\/a><\/p>\t\t\t\t<\/div>\n\t\t\t\t<\/div>\n\t\t\t\t<div class=\"elementor-element elementor-element-be9b581 elementor-widget elementor-widget-text-editor\" data-id=\"be9b581\" data-element_type=\"widget\" data-e-type=\"widget\" data-widget_type=\"text-editor.default\">\n\t\t\t\t<div class=\"elementor-widget-container\">\n\t\t\t\t\t\t\t\t\t<p>Der Frauenkreis Immensee bereitete den BewohnerInnen des Altesheim Sunnehof eine kleine Osterfreude. Mit einer liebevoll gestalteten Narzisse im Glas, die selbst zum Bl\u00fchen gebracht werden kann und dem Kaffeegutschein, zauberten die Vorstandsfrauen vielen SeniorInnen ein L\u00e4cheln ins Gesicht. Die leuchtenden Augen und die sp\u00fcrbare Freude zeigten, wie sehr dieser Ostergruss gesch\u00e4tzt wurde.<\/p><p>Wer weiss, wenn die Blumen verbl\u00fcht sind&#8230;.vielleicht werden die Knollen in den Altersheimgarten gepflanzt und erfreuen die BewohnerInnen n\u00e4chstes Jahr mit ihrer Pracht&#8230;&#8230;<\/p>\t\t\t\t\t\t\t\t<\/div>\n\t\t\t\t<\/div>\n\t\t\t\t\t<\/div>\n\t\t<\/div>\n\t\t\t\t\t<\/div>\n\t\t<\/section>\n\t\t\t\t<section class=\"elementor-section elementor-top-section elementor-element elementor-element-8a25692 elementor-section-boxed elementor-section-height-default elementor-section-height-default\" data-id=\"8a25692\" data-element_type=\"section\" data-e-type=\"section\">\n\t\t\t\t\t\t<div class=\"elementor-container elementor-column-gap-default\">\n\t\t\t\t\t<div class=\"elementor-column elementor-col-33 elementor-top-column elementor-element elementor-element-a04add2\" data-id=\"a04add2\" data-element_type=\"column\" data-e-type=\"column\">\n\t\t\t<div class=\"elementor-widget-wrap elementor-element-populated\">\n\t\t\t\t\t\t<div class=\"elementor-element elementor-element-a02784f elementor-widget elementor-widget-image\" data-id=\"a02784f\" data-element_type=\"widget\" data-e-type=\"widget\" data-widget_type=\"image.default\">\n\t\t\t\t<div class=\"elementor-widget-container\">\n\t\t\t\t\t\t\t\t\t\t\t\t\t\t\t\t<a href=\"https:\/\/photos.app.goo.gl\/KiRqCExLmMRFdRMGA\" target=\"_blank\">\n\t\t\t\t\t\t\t<img loading=\"lazy\" decoding=\"async\" width=\"678\" height=\"659\" src=\"https:\/\/frauenkreis-immensee.ch\/wp-content\/uploads\/2025\/04\/7fa88920-5302-45d4-bcb3-e312017ddded-768x747.jpg\" class=\"attachment-medium_large size-medium_large wp-image-4742\" alt=\"\" srcset=\"https:\/\/frauenkreis-immensee.ch\/wp-content\/uploads\/2025\/04\/7fa88920-5302-45d4-bcb3-e312017ddded-768x747.jpg 768w, https:\/\/frauenkreis-immensee.ch\/wp-content\/uploads\/2025\/04\/7fa88920-5302-45d4-bcb3-e312017ddded-300x292.jpg 300w, https:\/\/frauenkreis-immensee.ch\/wp-content\/uploads\/2025\/04\/7fa88920-5302-45d4-bcb3-e312017ddded-1024x996.jpg 1024w, https:\/\/frauenkreis-immensee.ch\/wp-content\/uploads\/2025\/04\/7fa88920-5302-45d4-bcb3-e312017ddded-1536x1494.jpg 1536w, https:\/\/frauenkreis-immensee.ch\/wp-content\/uploads\/2025\/04\/7fa88920-5302-45d4-bcb3-e312017ddded.jpg 2048w\" sizes=\"(max-width: 678px) 100vw, 678px\" \/>\t\t\t\t\t\t\t\t<\/a>\n\t\t\t\t\t\t\t\t\t\t\t\t\t\t\t<\/div>\n\t\t\t\t<\/div>\n\t\t\t\t\t<\/div>\n\t\t<\/div>\n\t\t\t\t<div class=\"elementor-column elementor-col-66 elementor-top-column elementor-element elementor-element-d5bdf96\" data-id=\"d5bdf96\" data-element_type=\"column\" data-e-type=\"column\">\n\t\t\t<div class=\"elementor-widget-wrap elementor-element-populated\">\n\t\t\t\t\t\t<div class=\"elementor-element elementor-element-bee00e1 elementor-widget elementor-widget-heading\" data-id=\"bee00e1\" data-element_type=\"widget\" data-e-type=\"widget\" data-widget_type=\"heading.default\">\n\t\t\t\t<div class=\"elementor-widget-container\">\n\t\t\t\t\t<p class=\"elementor-heading-title elementor-size-default\"><a href=\"https:\/\/photos.app.goo.gl\/KiRqCExLmMRFdRMGA\" target=\"_blank\">\n\"B\u00e4umige\"Geschichten f\u00fcr Erwachsene mit Sandra Zwald, 27.03.2025<\/a><\/p>\t\t\t\t<\/div>\n\t\t\t\t<\/div>\n\t\t\t\t<div class=\"elementor-element elementor-element-0eea578 elementor-widget elementor-widget-text-editor\" data-id=\"0eea578\" data-element_type=\"widget\" data-e-type=\"widget\" data-widget_type=\"text-editor.default\">\n\t\t\t\t<div class=\"elementor-widget-container\">\n\t\t\t\t\t\t\t\t\t<p>Am 27. M\u00e4rz fand ein ganz besonderer Anlass im Pfarreisaal in Immensee statt, der die Herzen der TeilnehmerInnen h\u00f6herschlagen liess. Zu Gast war Sandra Zwald, eine talentierte M\u00e4rchenerz\u00e4hlerin, die das Publikum mit ihren \u201eb\u00e4umigen\u201c Geschichten aus aller Welt in ihren Bann zog.<\/p><p>Die M\u00e4rchen von Sandra Zwald begeisterten die Zuh\u00f6rerInnen und entf\u00fchrten sie in eine Welt voller Fantasie und Magie. Ihre fesselnde Art, Geschichten zu erz\u00e4hlen, lie\u00df die Zeit wie im Flug vergehen. Besonders beeindruckend war, wie sie es verstand, ihre Zuh\u00f6rerInnen mitzureissen und sie tief in die erz\u00e4hlten Geschichten eintauchen zu lassen. Ja, es war, als w\u00e4ren die M\u00e4rchenfiguren direkt im Raum oder wir die Zuschauer befanden sich direkt am Ort des Geschehens.<span class=\"Apple-converted-space\">\u00a0<\/span><\/p><p>Alle G\u00e4ste waren sichtlich begeistert und nahmen viele sch\u00f6ne Eindr\u00fccke mit nach Hause. Anschliessend wurde beim gem\u00fctlichen Ap\u00e9ro noch die M\u00e4rchen besprochen und diskutiert: offen blieb, was aus der Suppe wurde, die der Schafbock so vehement verteidigt hatte? Wer die Antwort dazu will, Sandra Zwald wird die L\u00f6sung sicher an ihrem n\u00e4chsten M\u00e4rchenanlass pr\u00e4sentieren. Der Abend war ein voller Erfolg und wird den TeilnehmerInnen noch lange in Erinnerung bleiben. Ein grosses Dankesch\u00f6n an Sandra Zwald und allen BesucherInnen des Anlasses.<\/p>\t\t\t\t\t\t\t\t<\/div>\n\t\t\t\t<\/div>\n\t\t\t\t\t<\/div>\n\t\t<\/div>\n\t\t\t\t\t<\/div>\n\t\t<\/section>\n\t\t\t\t<section class=\"elementor-section elementor-top-section elementor-element elementor-element-f53db55 elementor-section-boxed elementor-section-height-default elementor-section-height-default\" data-id=\"f53db55\" data-element_type=\"section\" data-e-type=\"section\">\n\t\t\t\t\t\t<div class=\"elementor-container elementor-column-gap-default\">\n\t\t\t\t\t<div class=\"elementor-column elementor-col-33 elementor-top-column elementor-element elementor-element-23beb26\" data-id=\"23beb26\" data-element_type=\"column\" data-e-type=\"column\">\n\t\t\t<div class=\"elementor-widget-wrap elementor-element-populated\">\n\t\t\t\t\t\t<div class=\"elementor-element elementor-element-f489c6e elementor-widget elementor-widget-image\" data-id=\"f489c6e\" data-element_type=\"widget\" data-e-type=\"widget\" data-widget_type=\"image.default\">\n\t\t\t\t<div class=\"elementor-widget-container\">\n\t\t\t\t\t\t\t\t\t\t\t\t\t\t\t\t<a href=\"https:\/\/photos.app.goo.gl\/tBsBupsmmC3vFW9Q9\" target=\"_blank\">\n\t\t\t\t\t\t\t<img loading=\"lazy\" decoding=\"async\" width=\"678\" height=\"904\" src=\"https:\/\/frauenkreis-immensee.ch\/wp-content\/uploads\/2025\/03\/ac15e3fe-ebd7-4ab7-8bc0-b045d0a56cd3-768x1024.jpg\" class=\"attachment-medium_large size-medium_large wp-image-4718\" alt=\"\" srcset=\"https:\/\/frauenkreis-immensee.ch\/wp-content\/uploads\/2025\/03\/ac15e3fe-ebd7-4ab7-8bc0-b045d0a56cd3-768x1024.jpg 768w, https:\/\/frauenkreis-immensee.ch\/wp-content\/uploads\/2025\/03\/ac15e3fe-ebd7-4ab7-8bc0-b045d0a56cd3-225x300.jpg 225w, https:\/\/frauenkreis-immensee.ch\/wp-content\/uploads\/2025\/03\/ac15e3fe-ebd7-4ab7-8bc0-b045d0a56cd3-1152x1536.jpg 1152w, https:\/\/frauenkreis-immensee.ch\/wp-content\/uploads\/2025\/03\/ac15e3fe-ebd7-4ab7-8bc0-b045d0a56cd3.jpg 1536w\" sizes=\"(max-width: 678px) 100vw, 678px\" \/>\t\t\t\t\t\t\t\t<\/a>\n\t\t\t\t\t\t\t\t\t\t\t\t\t\t\t<\/div>\n\t\t\t\t<\/div>\n\t\t\t\t\t<\/div>\n\t\t<\/div>\n\t\t\t\t<div class=\"elementor-column elementor-col-66 elementor-top-column elementor-element elementor-element-8d6b33a\" data-id=\"8d6b33a\" data-element_type=\"column\" data-e-type=\"column\">\n\t\t\t<div class=\"elementor-widget-wrap elementor-element-populated\">\n\t\t\t\t\t\t<div class=\"elementor-element elementor-element-4746e19 elementor-widget elementor-widget-heading\" data-id=\"4746e19\" data-element_type=\"widget\" data-e-type=\"widget\" data-widget_type=\"heading.default\">\n\t\t\t\t<div class=\"elementor-widget-container\">\n\t\t\t\t\t<p class=\"elementor-heading-title elementor-size-default\"><a href=\"https:\/\/photos.app.goo.gl\/tBsBupsmmC3vFW9Q9\" target=\"_blank\">\nDanke-Essen f\u00fcr unsere ehrenamtlichen HelferInnen<\/a><\/p>\t\t\t\t<\/div>\n\t\t\t\t<\/div>\n\t\t\t\t<div class=\"elementor-element elementor-element-91b5166 elementor-widget elementor-widget-text-editor\" data-id=\"91b5166\" data-element_type=\"widget\" data-e-type=\"widget\" data-widget_type=\"text-editor.default\">\n\t\t\t\t<div class=\"elementor-widget-container\">\n\t\t\t\t\t\t\t\t\t<p>Es soll nie selbstverst\u00e4ndlich sein und werden\u2026 helfende H\u00e4nde werden immer gesucht! Deshalb \u00fcberraschten wir den Frauenkreis, unsere ehrenamtlichen HelferInnen, mit einem feinen Spaghetti-Essen und einem geselligen Abend als Dankesch\u00f6n.\u00a0<\/p>\t\t\t\t\t\t\t\t<\/div>\n\t\t\t\t<\/div>\n\t\t\t\t\t<\/div>\n\t\t<\/div>\n\t\t\t\t\t<\/div>\n\t\t<\/section>\n\t\t\t\t<section class=\"elementor-section elementor-top-section elementor-element elementor-element-7102d5f elementor-section-boxed elementor-section-height-default elementor-section-height-default\" data-id=\"7102d5f\" data-element_type=\"section\" data-e-type=\"section\">\n\t\t\t\t\t\t<div class=\"elementor-container elementor-column-gap-default\">\n\t\t\t\t\t<div class=\"elementor-column elementor-col-33 elementor-top-column elementor-element elementor-element-42cada0\" data-id=\"42cada0\" data-element_type=\"column\" data-e-type=\"column\">\n\t\t\t<div class=\"elementor-widget-wrap elementor-element-populated\">\n\t\t\t\t\t\t<div class=\"elementor-element elementor-element-0af7187 elementor-widget elementor-widget-image\" data-id=\"0af7187\" data-element_type=\"widget\" data-e-type=\"widget\" data-widget_type=\"image.default\">\n\t\t\t\t<div class=\"elementor-widget-container\">\n\t\t\t\t\t\t\t\t\t\t\t\t\t\t\t\t<a href=\"https:\/\/photos.app.goo.gl\/hFW6KVDpXhvBoQFn7\" target=\"_blank\">\n\t\t\t\t\t\t\t<img loading=\"lazy\" decoding=\"async\" width=\"678\" height=\"509\" src=\"https:\/\/frauenkreis-immensee.ch\/wp-content\/uploads\/2025\/03\/e8d45212-f6ea-471b-bbab-fb415c13a8db-1024x768.jpg\" class=\"attachment-large size-large wp-image-4687\" alt=\"\" srcset=\"https:\/\/frauenkreis-immensee.ch\/wp-content\/uploads\/2025\/03\/e8d45212-f6ea-471b-bbab-fb415c13a8db-1024x768.jpg 1024w, https:\/\/frauenkreis-immensee.ch\/wp-content\/uploads\/2025\/03\/e8d45212-f6ea-471b-bbab-fb415c13a8db-300x225.jpg 300w, https:\/\/frauenkreis-immensee.ch\/wp-content\/uploads\/2025\/03\/e8d45212-f6ea-471b-bbab-fb415c13a8db-768x576.jpg 768w, https:\/\/frauenkreis-immensee.ch\/wp-content\/uploads\/2025\/03\/e8d45212-f6ea-471b-bbab-fb415c13a8db-1536x1152.jpg 1536w, https:\/\/frauenkreis-immensee.ch\/wp-content\/uploads\/2025\/03\/e8d45212-f6ea-471b-bbab-fb415c13a8db.jpg 2016w\" sizes=\"(max-width: 678px) 100vw, 678px\" \/>\t\t\t\t\t\t\t\t<\/a>\n\t\t\t\t\t\t\t\t\t\t\t\t\t\t\t<\/div>\n\t\t\t\t<\/div>\n\t\t\t\t\t<\/div>\n\t\t<\/div>\n\t\t\t\t<div class=\"elementor-column elementor-col-66 elementor-top-column elementor-element elementor-element-c024056\" data-id=\"c024056\" data-element_type=\"column\" data-e-type=\"column\">\n\t\t\t<div class=\"elementor-widget-wrap elementor-element-populated\">\n\t\t\t\t\t\t<div class=\"elementor-element elementor-element-700c875 elementor-widget elementor-widget-heading\" data-id=\"700c875\" data-element_type=\"widget\" data-e-type=\"widget\" data-widget_type=\"heading.default\">\n\t\t\t\t<div class=\"elementor-widget-container\">\n\t\t\t\t\t<p class=\"elementor-heading-title elementor-size-default\"><a href=\"https:\/\/photos.app.goo.gl\/hFW6KVDpXhvBoQFn7\" target=\"_blank\">84. GV vom 11.03.2025<\/a><\/p>\t\t\t\t<\/div>\n\t\t\t\t<\/div>\n\t\t\t\t<div class=\"elementor-element elementor-element-84f7731 elementor-widget elementor-widget-text-editor\" data-id=\"84f7731\" data-element_type=\"widget\" data-e-type=\"widget\" data-widget_type=\"text-editor.default\">\n\t\t\t\t<div class=\"elementor-widget-container\">\n\t\t\t\t\t\t\t\t\t<p>Der Frauenkreis Immensee feierte mit rund 90 TeilnehmerInnen ihre 84. GV. Highlight war das 20 Jahr-Jubil\u00e4um des Primatreffs. Neu im Vorstand vom Frauenkreis begr\u00fcssten wir Anita Bachmann und Petra Sidler sowie die Revisorin Franziska Bischoff.<\/p>\t\t\t\t\t\t\t\t<\/div>\n\t\t\t\t<\/div>\n\t\t\t\t\t<\/div>\n\t\t<\/div>\n\t\t\t\t\t<\/div>\n\t\t<\/section>\n\t\t\t\t<section class=\"elementor-section elementor-top-section elementor-element elementor-element-d486247 elementor-section-boxed elementor-section-height-default elementor-section-height-default\" data-id=\"d486247\" data-element_type=\"section\" data-e-type=\"section\">\n\t\t\t\t\t\t<div class=\"elementor-container elementor-column-gap-default\">\n\t\t\t\t\t<div class=\"elementor-column elementor-col-33 elementor-top-column elementor-element elementor-element-5cd5e01\" data-id=\"5cd5e01\" data-element_type=\"column\" data-e-type=\"column\">\n\t\t\t<div class=\"elementor-widget-wrap elementor-element-populated\">\n\t\t\t\t\t\t<div class=\"elementor-element elementor-element-c4efecc elementor-widget elementor-widget-image\" data-id=\"c4efecc\" data-element_type=\"widget\" data-e-type=\"widget\" data-widget_type=\"image.default\">\n\t\t\t\t<div class=\"elementor-widget-container\">\n\t\t\t\t\t\t\t\t\t\t\t\t\t\t\t\t<a href=\"https:\/\/photos.app.goo.gl\/a9Gtb3Q9fzLr8Y6R8\" target=\"_blank\">\n\t\t\t\t\t\t\t<img loading=\"lazy\" decoding=\"async\" width=\"678\" height=\"732\" src=\"https:\/\/frauenkreis-immensee.ch\/wp-content\/uploads\/2024\/12\/60f7c423-ddbe-4c27-8470-a42a9e82a416-948x1024.jpg\" class=\"attachment-large size-large wp-image-4424\" alt=\"\" srcset=\"https:\/\/frauenkreis-immensee.ch\/wp-content\/uploads\/2024\/12\/60f7c423-ddbe-4c27-8470-a42a9e82a416-948x1024.jpg 948w, https:\/\/frauenkreis-immensee.ch\/wp-content\/uploads\/2024\/12\/60f7c423-ddbe-4c27-8470-a42a9e82a416-278x300.jpg 278w, https:\/\/frauenkreis-immensee.ch\/wp-content\/uploads\/2024\/12\/60f7c423-ddbe-4c27-8470-a42a9e82a416-768x830.jpg 768w, https:\/\/frauenkreis-immensee.ch\/wp-content\/uploads\/2024\/12\/60f7c423-ddbe-4c27-8470-a42a9e82a416-1422x1536.jpg 1422w, https:\/\/frauenkreis-immensee.ch\/wp-content\/uploads\/2024\/12\/60f7c423-ddbe-4c27-8470-a42a9e82a416.jpg 1896w\" sizes=\"(max-width: 678px) 100vw, 678px\" \/>\t\t\t\t\t\t\t\t<\/a>\n\t\t\t\t\t\t\t\t\t\t\t\t\t\t\t<\/div>\n\t\t\t\t<\/div>\n\t\t\t\t\t<\/div>\n\t\t<\/div>\n\t\t\t\t<div class=\"elementor-column elementor-col-66 elementor-top-column elementor-element elementor-element-71213d2\" data-id=\"71213d2\" data-element_type=\"column\" data-e-type=\"column\">\n\t\t\t<div class=\"elementor-widget-wrap elementor-element-populated\">\n\t\t\t\t\t\t<div class=\"elementor-element elementor-element-533625f elementor-widget elementor-widget-heading\" data-id=\"533625f\" data-element_type=\"widget\" data-e-type=\"widget\" data-widget_type=\"heading.default\">\n\t\t\t\t<div class=\"elementor-widget-container\">\n\t\t\t\t\t<p class=\"elementor-heading-title elementor-size-default\"><a href=\"https:\/\/photos.app.goo.gl\/a9Gtb3Q9fzLr8Y6R8\" target=\"_blank\">Adventsfenster Frauenkreis Immensee 13.12.2024<\/a><\/p>\t\t\t\t<\/div>\n\t\t\t\t<\/div>\n\t\t\t\t<div class=\"elementor-element elementor-element-4f09546 elementor-widget elementor-widget-text-editor\" data-id=\"4f09546\" data-element_type=\"widget\" data-e-type=\"widget\" data-widget_type=\"text-editor.default\">\n\t\t\t\t<div class=\"elementor-widget-container\">\n\t\t\t\t\t\t\t\t\t<p>Eine dunkle, kalte Nacht wird von Lichtern erhellt, schon aus der Ferne h\u00f6rt man Gespr\u00e4che und Lachen und es riecht verf\u00fchrerisch nach Punsch und S\u00fcssem&#8230;&#8230;<\/p>\t\t\t\t\t\t\t\t<\/div>\n\t\t\t\t<\/div>\n\t\t\t\t\t<\/div>\n\t\t<\/div>\n\t\t\t\t\t<\/div>\n\t\t<\/section>\n\t\t\t\t<section class=\"elementor-section elementor-top-section elementor-element elementor-element-f716c1c elementor-section-boxed elementor-section-height-default elementor-section-height-default\" data-id=\"f716c1c\" data-element_type=\"section\" data-e-type=\"section\">\n\t\t\t\t\t\t<div class=\"elementor-container elementor-column-gap-default\">\n\t\t\t\t\t<div class=\"elementor-column elementor-col-33 elementor-top-column elementor-element elementor-element-9cb2cc8\" data-id=\"9cb2cc8\" data-element_type=\"column\" data-e-type=\"column\">\n\t\t\t<div class=\"elementor-widget-wrap elementor-element-populated\">\n\t\t\t\t\t\t<div class=\"elementor-element elementor-element-6c52923 elementor-widget elementor-widget-image\" data-id=\"6c52923\" data-element_type=\"widget\" data-e-type=\"widget\" data-widget_type=\"image.default\">\n\t\t\t\t<div class=\"elementor-widget-container\">\n\t\t\t\t\t\t\t\t\t\t\t\t\t\t\t\t<a href=\"https:\/\/photos.app.goo.gl\/DzRi1hkHWu6ppizW9\" target=\"_blank\">\n\t\t\t\t\t\t\t<img loading=\"lazy\" decoding=\"async\" width=\"678\" height=\"402\" src=\"https:\/\/frauenkreis-immensee.ch\/wp-content\/uploads\/2024\/11\/IMG_8012-1024x607.jpeg\" class=\"attachment-large size-large wp-image-4359\" alt=\"\" srcset=\"https:\/\/frauenkreis-immensee.ch\/wp-content\/uploads\/2024\/11\/IMG_8012-1024x607.jpeg 1024w, https:\/\/frauenkreis-immensee.ch\/wp-content\/uploads\/2024\/11\/IMG_8012-300x178.jpeg 300w, https:\/\/frauenkreis-immensee.ch\/wp-content\/uploads\/2024\/11\/IMG_8012-768x455.jpeg 768w, https:\/\/frauenkreis-immensee.ch\/wp-content\/uploads\/2024\/11\/IMG_8012-1536x911.jpeg 1536w, https:\/\/frauenkreis-immensee.ch\/wp-content\/uploads\/2024\/11\/IMG_8012-2048x1214.jpeg 2048w\" sizes=\"(max-width: 678px) 100vw, 678px\" \/>\t\t\t\t\t\t\t\t<\/a>\n\t\t\t\t\t\t\t\t\t\t\t\t\t\t\t<\/div>\n\t\t\t\t<\/div>\n\t\t\t\t\t<\/div>\n\t\t<\/div>\n\t\t\t\t<div class=\"elementor-column elementor-col-66 elementor-top-column elementor-element elementor-element-9507dd8\" data-id=\"9507dd8\" data-element_type=\"column\" data-e-type=\"column\">\n\t\t\t<div class=\"elementor-widget-wrap elementor-element-populated\">\n\t\t\t\t\t\t<div class=\"elementor-element elementor-element-b3a6063 elementor-widget elementor-widget-heading\" data-id=\"b3a6063\" data-element_type=\"widget\" data-e-type=\"widget\" data-widget_type=\"heading.default\">\n\t\t\t\t<div class=\"elementor-widget-container\">\n\t\t\t\t\t<p class=\"elementor-heading-title elementor-size-default\"><a href=\"https:\/\/photos.app.goo.gl\/DzRi1hkHWu6ppizW9\" target=\"_blank\">Refresher Verkehrstheorie mit Hansruedi von Euw 18.11.2024<\/a><\/p>\t\t\t\t<\/div>\n\t\t\t\t<\/div>\n\t\t\t\t<div class=\"elementor-element elementor-element-e277ee2 elementor-widget elementor-widget-text-editor\" data-id=\"e277ee2\" data-element_type=\"widget\" data-e-type=\"widget\" data-widget_type=\"text-editor.default\">\n\t\t\t\t<div class=\"elementor-widget-container\">\n\t\t\t\t\t\t\t\t\t<p>Ist es noch m\u00f6glich, uns im Stra\u00dfenverkehr wohl zu f\u00fchlen? Ja, aufgrund der eigenen F\u00e4higkeiten und des Fachwissens im Stra\u00dfenverkehr wird die Sicherheit erh\u00f6ht. Der Frauenkreis Immensee hat aufgrund dessen zum Refresher-Verkehrstheorieabend mit Fahrlehrer Hansruedi von Euw aus Ibach eingeladen.<span class=\"Apple-converted-space\">\u00a0<\/span><\/p><p>Im Jahr 1977 gab es noch 1302 Verkehrstote, nun im Jahr 2023 noch 236 Verkehrsopfer. Dies hat man erreicht, indem die Autos sicherer geworden sind. Andererseits wurden Regeln eingef\u00fchrt (Angurtpflicht, Tempoanpassungen, Promilleanpassungen, obligatorisches Fahren mit Licht, R\u00fcckgriff auf die Motorfahrzeug-Haftpflicht-Versicherung\u2026 und und und\u2026), wei\u00df Hansruedi von Euw zu berichten. Er erz\u00e4hlt lebendig den Besuchern des Verkehrstheoriekurses \u00fcber die \u00c4nderungen und immer wieder h\u00f6rt man im Saal ein \u201eBejahen\u201c oder \u201eOh, habe ich nicht gewusst.\u201c Die PowerPoint-Pr\u00e4sentation ist gespickt mit Bildern von Stra\u00dfenabschnitten aus unserer Umgebung. So ist wohl jede Person einmal an einer solchen Kreuzung oder Kreisel gestanden und konnte sich gut in die Theorie hineinversetzen. Mittels Kurzfilmen und Erkl\u00e4rungen informierte uns Hansruedi von Euw \u00fcber die neuesten \u00c4nderungen im Stra\u00dfenverkehr. Nat\u00fcrlich war f\u00fcr uns auch die neueste Technologie in den Fahrzeugen zur Sicherheit der Insassen von gro\u00dfem Interesse. Es war ein kurzweiliger Kursabend. Ein grosses Dankesch\u00f6n an Hansruedi von Euw. Vielleicht sieht er ja bald ein:e Kursbesucher:in<span class=\"Apple-converted-space\">\u00a0 <\/span>bei einem Fahrtraining f\u00fcr Senioren.<\/p>\t\t\t\t\t\t\t\t<\/div>\n\t\t\t\t<\/div>\n\t\t\t\t\t<\/div>\n\t\t<\/div>\n\t\t\t\t\t<\/div>\n\t\t<\/section>\n\t\t\t\t<section class=\"elementor-section elementor-top-section elementor-element elementor-element-5d945f1 elementor-section-boxed elementor-section-height-default elementor-section-height-default\" data-id=\"5d945f1\" data-element_type=\"section\" data-e-type=\"section\">\n\t\t\t\t\t\t<div class=\"elementor-container elementor-column-gap-default\">\n\t\t\t\t\t<div class=\"elementor-column elementor-col-33 elementor-top-column elementor-element elementor-element-59cfbf6\" data-id=\"59cfbf6\" data-element_type=\"column\" data-e-type=\"column\">\n\t\t\t<div class=\"elementor-widget-wrap elementor-element-populated\">\n\t\t\t\t\t\t<div class=\"elementor-element elementor-element-5334a38 elementor-widget elementor-widget-image\" data-id=\"5334a38\" data-element_type=\"widget\" data-e-type=\"widget\" data-widget_type=\"image.default\">\n\t\t\t\t<div class=\"elementor-widget-container\">\n\t\t\t\t\t\t\t\t\t\t\t\t\t\t\t\t<a href=\"https:\/\/photos.app.goo.gl\/5mcrHcGnh1VtHxUR6\" target=\"_blank\">\n\t\t\t\t\t\t\t<img loading=\"lazy\" decoding=\"async\" width=\"678\" height=\"509\" src=\"https:\/\/frauenkreis-immensee.ch\/wp-content\/uploads\/2024\/10\/IMG_7779-1024x768.jpeg\" class=\"attachment-large size-large wp-image-4307\" alt=\"\" srcset=\"https:\/\/frauenkreis-immensee.ch\/wp-content\/uploads\/2024\/10\/IMG_7779-1024x768.jpeg 1024w, https:\/\/frauenkreis-immensee.ch\/wp-content\/uploads\/2024\/10\/IMG_7779-300x225.jpeg 300w, https:\/\/frauenkreis-immensee.ch\/wp-content\/uploads\/2024\/10\/IMG_7779-768x576.jpeg 768w, https:\/\/frauenkreis-immensee.ch\/wp-content\/uploads\/2024\/10\/IMG_7779-1536x1152.jpeg 1536w, https:\/\/frauenkreis-immensee.ch\/wp-content\/uploads\/2024\/10\/IMG_7779-2048x1536.jpeg 2048w\" sizes=\"(max-width: 678px) 100vw, 678px\" \/>\t\t\t\t\t\t\t\t<\/a>\n\t\t\t\t\t\t\t\t\t\t\t\t\t\t\t<\/div>\n\t\t\t\t<\/div>\n\t\t\t\t\t<\/div>\n\t\t<\/div>\n\t\t\t\t<div class=\"elementor-column elementor-col-66 elementor-top-column elementor-element elementor-element-506ee39\" data-id=\"506ee39\" data-element_type=\"column\" data-e-type=\"column\">\n\t\t\t<div class=\"elementor-widget-wrap elementor-element-populated\">\n\t\t\t\t\t\t<div class=\"elementor-element elementor-element-42d821f elementor-widget elementor-widget-heading\" data-id=\"42d821f\" data-element_type=\"widget\" data-e-type=\"widget\" data-widget_type=\"heading.default\">\n\t\t\t\t<div class=\"elementor-widget-container\">\n\t\t\t\t\t<p class=\"elementor-heading-title elementor-size-default\"><a href=\"https:\/\/photos.app.goo.gl\/5mcrHcGnh1VtHxUR6\" target=\"_blank\">Frauen- und Ged\u00e4chtnigottesdienst 15.10.2024<\/a><\/p>\t\t\t\t<\/div>\n\t\t\t\t<\/div>\n\t\t\t\t<div class=\"elementor-element elementor-element-52b550c elementor-widget elementor-widget-text-editor\" data-id=\"52b550c\" data-element_type=\"widget\" data-e-type=\"widget\" data-widget_type=\"text-editor.default\">\n\t\t\t\t<div class=\"elementor-widget-container\">\n\t\t\t\t\t\t\t\t\t<p>&#8230;. wie auch immer das Strickwerk unseres Lebens geworden ist, in Gottes Augen, unter seinem liebevollen Blick ist es einmalig und kostbar&#8230;..<\/p><p>\u00a0<\/p><p>In diesem Gedenkgottesdienst z\u00fcndeten wir eine Kerze an, f\u00fcr<\/p><p>Rita Wernli-Fuchs, gestorben am 30.11.2023\u00a0<\/p><p>Anna Stocker-Gloggner, gestorben am 09.02.2024<\/p><p>und gedachten alle verstorbenen Mitgliederfrauen vom Frauenkreis Immensee.\u00a0<\/p><p>\u00a0<\/p><p>Im Anschliessenden &#8222;Chilekafi&#8220; durfte das gem\u00fctliche Zusammensitzen nicht fehlen.<\/p>\t\t\t\t\t\t\t\t<\/div>\n\t\t\t\t<\/div>\n\t\t\t\t\t<\/div>\n\t\t<\/div>\n\t\t\t\t\t<\/div>\n\t\t<\/section>\n\t\t\t\t<section class=\"elementor-section elementor-top-section elementor-element elementor-element-ced51cd elementor-section-boxed elementor-section-height-default elementor-section-height-default\" data-id=\"ced51cd\" data-element_type=\"section\" data-e-type=\"section\">\n\t\t\t\t\t\t<div class=\"elementor-container elementor-column-gap-default\">\n\t\t\t\t\t<div class=\"elementor-column elementor-col-33 elementor-top-column elementor-element elementor-element-c94ebb3\" data-id=\"c94ebb3\" data-element_type=\"column\" data-e-type=\"column\">\n\t\t\t<div class=\"elementor-widget-wrap elementor-element-populated\">\n\t\t\t\t\t\t<div class=\"elementor-element elementor-element-457aa40 elementor-widget elementor-widget-image\" data-id=\"457aa40\" data-element_type=\"widget\" data-e-type=\"widget\" data-widget_type=\"image.default\">\n\t\t\t\t<div class=\"elementor-widget-container\">\n\t\t\t\t\t\t\t\t\t\t\t\t\t\t\t\t<a href=\"https:\/\/photos.app.goo.gl\/shhADXuPjF4pxpwn8\" target=\"_blank\">\n\t\t\t\t\t\t\t<img loading=\"lazy\" decoding=\"async\" width=\"678\" height=\"452\" src=\"https:\/\/frauenkreis-immensee.ch\/wp-content\/uploads\/2024\/09\/image-1024x683.jpeg\" class=\"attachment-large size-large wp-image-4225\" alt=\"\" srcset=\"https:\/\/frauenkreis-immensee.ch\/wp-content\/uploads\/2024\/09\/image-1024x683.jpeg 1024w, https:\/\/frauenkreis-immensee.ch\/wp-content\/uploads\/2024\/09\/image-300x200.jpeg 300w, https:\/\/frauenkreis-immensee.ch\/wp-content\/uploads\/2024\/09\/image-768x512.jpeg 768w, https:\/\/frauenkreis-immensee.ch\/wp-content\/uploads\/2024\/09\/image-1536x1024.jpeg 1536w, https:\/\/frauenkreis-immensee.ch\/wp-content\/uploads\/2024\/09\/image.jpeg 1920w\" sizes=\"(max-width: 678px) 100vw, 678px\" \/>\t\t\t\t\t\t\t\t<\/a>\n\t\t\t\t\t\t\t\t\t\t\t\t\t\t\t<\/div>\n\t\t\t\t<\/div>\n\t\t\t\t\t<\/div>\n\t\t<\/div>\n\t\t\t\t<div class=\"elementor-column elementor-col-66 elementor-top-column elementor-element elementor-element-9b1c7a4\" data-id=\"9b1c7a4\" data-element_type=\"column\" data-e-type=\"column\">\n\t\t\t<div class=\"elementor-widget-wrap elementor-element-populated\">\n\t\t\t\t\t\t<div class=\"elementor-element elementor-element-5805453 elementor-widget elementor-widget-heading\" data-id=\"5805453\" data-element_type=\"widget\" data-e-type=\"widget\" data-widget_type=\"heading.default\">\n\t\t\t\t<div class=\"elementor-widget-container\">\n\t\t\t\t\t<p class=\"elementor-heading-title elementor-size-default\"><a href=\"https:\/\/photos.app.goo.gl\/shhADXuPjF4pxpwn8\" target=\"_blank\">Tagesausflug 13.09.2024<\/a><\/p>\t\t\t\t<\/div>\n\t\t\t\t<\/div>\n\t\t\t\t<div class=\"elementor-element elementor-element-77c2e27 elementor-widget elementor-widget-text-editor\" data-id=\"77c2e27\" data-element_type=\"widget\" data-e-type=\"widget\" data-widget_type=\"text-editor.default\">\n\t\t\t\t<div class=\"elementor-widget-container\">\n\t\t\t\t\t\t\t\t\t<p><strong>Vierzig Frauen und jede Menge Salz<\/strong><\/p><p>P\u00fcnktlich um 8 Uhr fuhr der Car Richtung Aarau, wo auf uns in der Altstadt ein gem\u00fctliches Fr\u00fchst\u00fcck wartete. Anschliessend ging es auf direktem Weg zur Saline Riburg. Auf der F\u00fchrung erfuhren wir Frauen viel Details \u00fcber die Salzgewinnung und deren Nutzen. Zur anschliessenden St\u00e4rkung ging es weiter nach Laufenburg, durch den Rhein \u00a0geteilten schweizer- und deutschen St\u00e4dtchen. Beim anschliessenden &#8222;St\u00e4dtchentschlendern&#8220; \u00fcberraschten uns viele Alltagsgegenst\u00e4nde, die \u00fcberstrickt waren.<\/p><p>\u00a0<\/p>\t\t\t\t\t\t\t\t<\/div>\n\t\t\t\t<\/div>\n\t\t\t\t\t<\/div>\n\t\t<\/div>\n\t\t\t\t\t<\/div>\n\t\t<\/section>\n\t\t\t\t<section class=\"elementor-section elementor-top-section elementor-element elementor-element-2c6714f elementor-section-boxed elementor-section-height-default elementor-section-height-default\" data-id=\"2c6714f\" data-element_type=\"section\" data-e-type=\"section\">\n\t\t\t\t\t\t<div class=\"elementor-container elementor-column-gap-default\">\n\t\t\t\t\t<div class=\"elementor-column elementor-col-33 elementor-top-column elementor-element elementor-element-5a5d972\" data-id=\"5a5d972\" data-element_type=\"column\" data-e-type=\"column\">\n\t\t\t<div class=\"elementor-widget-wrap elementor-element-populated\">\n\t\t\t\t\t\t<div class=\"elementor-element elementor-element-ac9ed83 elementor-widget elementor-widget-image\" data-id=\"ac9ed83\" data-element_type=\"widget\" data-e-type=\"widget\" data-widget_type=\"image.default\">\n\t\t\t\t<div class=\"elementor-widget-container\">\n\t\t\t\t\t\t\t\t\t\t\t\t\t\t\t\t<a href=\"https:\/\/photos.app.goo.gl\/akhNDmaUnBSULVDt9\" target=\"_blank\">\n\t\t\t\t\t\t\t<img loading=\"lazy\" decoding=\"async\" width=\"678\" height=\"904\" src=\"https:\/\/frauenkreis-immensee.ch\/wp-content\/uploads\/2024\/06\/ecad6a88-9d14-43bd-9b06-3f4f4d91c224-768x1024.jpg\" class=\"attachment-large size-large wp-image-4126\" alt=\"\" srcset=\"https:\/\/frauenkreis-immensee.ch\/wp-content\/uploads\/2024\/06\/ecad6a88-9d14-43bd-9b06-3f4f4d91c224-768x1024.jpg 768w, https:\/\/frauenkreis-immensee.ch\/wp-content\/uploads\/2024\/06\/ecad6a88-9d14-43bd-9b06-3f4f4d91c224-225x300.jpg 225w, https:\/\/frauenkreis-immensee.ch\/wp-content\/uploads\/2024\/06\/ecad6a88-9d14-43bd-9b06-3f4f4d91c224-1152x1536.jpg 1152w, https:\/\/frauenkreis-immensee.ch\/wp-content\/uploads\/2024\/06\/ecad6a88-9d14-43bd-9b06-3f4f4d91c224.jpg 1536w\" sizes=\"(max-width: 678px) 100vw, 678px\" \/>\t\t\t\t\t\t\t\t<\/a>\n\t\t\t\t\t\t\t\t\t\t\t\t\t\t\t<\/div>\n\t\t\t\t<\/div>\n\t\t\t\t\t<\/div>\n\t\t<\/div>\n\t\t\t\t<div class=\"elementor-column elementor-col-66 elementor-top-column elementor-element elementor-element-bc1e5e3\" data-id=\"bc1e5e3\" data-element_type=\"column\" data-e-type=\"column\">\n\t\t\t<div class=\"elementor-widget-wrap elementor-element-populated\">\n\t\t\t\t\t\t<div class=\"elementor-element elementor-element-aeb4afa elementor-widget elementor-widget-heading\" data-id=\"aeb4afa\" data-element_type=\"widget\" data-e-type=\"widget\" data-widget_type=\"heading.default\">\n\t\t\t\t<div class=\"elementor-widget-container\">\n\t\t\t\t\t<p class=\"elementor-heading-title elementor-size-default\"><a href=\"https:\/\/photos.app.goo.gl\/akhNDmaUnBSULVDt9\" target=\"_blank\">Frauen-Ap\u00e9ro am See, 27.06.2024<\/a><\/p>\t\t\t\t<\/div>\n\t\t\t\t<\/div>\n\t\t\t\t<div class=\"elementor-element elementor-element-90ea856 elementor-widget elementor-widget-text-editor\" data-id=\"90ea856\" data-element_type=\"widget\" data-e-type=\"widget\" data-widget_type=\"text-editor.default\">\n\t\t\t\t<div class=\"elementor-widget-container\">\n\t\t\t\t\t\t\t\t\t<p>Was f\u00fcr einen herrlichen Sommerabend wir doch f\u00fcr den Frauen-Ap\u00e9ro erwischt haben. Es wurde ein gelungener, geselliger Abend mit Zeit f\u00fcr Gespr\u00e4che und neue Bekanntschaften.<span class=\"Apple-converted-space\">\u00a0<\/span><\/p>\t\t\t\t\t\t\t\t<\/div>\n\t\t\t\t<\/div>\n\t\t\t\t\t<\/div>\n\t\t<\/div>\n\t\t\t\t\t<\/div>\n\t\t<\/section>\n\t\t\t\t<section class=\"elementor-section elementor-top-section elementor-element elementor-element-e9f8297 elementor-section-boxed elementor-section-height-default elementor-section-height-default\" data-id=\"e9f8297\" data-element_type=\"section\" data-e-type=\"section\">\n\t\t\t\t\t\t<div class=\"elementor-container elementor-column-gap-default\">\n\t\t\t\t\t<div class=\"elementor-column elementor-col-33 elementor-top-column elementor-element elementor-element-3c07146\" data-id=\"3c07146\" data-element_type=\"column\" data-e-type=\"column\">\n\t\t\t<div class=\"elementor-widget-wrap elementor-element-populated\">\n\t\t\t\t\t\t<div class=\"elementor-element elementor-element-174ef72 elementor-widget elementor-widget-image\" data-id=\"174ef72\" data-element_type=\"widget\" data-e-type=\"widget\" data-widget_type=\"image.default\">\n\t\t\t\t<div class=\"elementor-widget-container\">\n\t\t\t\t\t\t\t\t\t\t\t\t\t\t\t\t<a href=\"https:\/\/photos.app.goo.gl\/uQbMMKqwx25EzJoc9\" target=\"_blank\">\n\t\t\t\t\t\t\t<img loading=\"lazy\" decoding=\"async\" width=\"678\" height=\"904\" src=\"https:\/\/frauenkreis-immensee.ch\/wp-content\/uploads\/2024\/06\/IMG_6579-768x1024.jpeg\" class=\"attachment-large size-large wp-image-4070\" alt=\"\" srcset=\"https:\/\/frauenkreis-immensee.ch\/wp-content\/uploads\/2024\/06\/IMG_6579-768x1024.jpeg 768w, https:\/\/frauenkreis-immensee.ch\/wp-content\/uploads\/2024\/06\/IMG_6579-225x300.jpeg 225w, https:\/\/frauenkreis-immensee.ch\/wp-content\/uploads\/2024\/06\/IMG_6579-1152x1536.jpeg 1152w, https:\/\/frauenkreis-immensee.ch\/wp-content\/uploads\/2024\/06\/IMG_6579-1536x2048.jpeg 1536w, https:\/\/frauenkreis-immensee.ch\/wp-content\/uploads\/2024\/06\/IMG_6579-scaled.jpeg 1920w\" sizes=\"(max-width: 678px) 100vw, 678px\" \/>\t\t\t\t\t\t\t\t<\/a>\n\t\t\t\t\t\t\t\t\t\t\t\t\t\t\t<\/div>\n\t\t\t\t<\/div>\n\t\t\t\t\t<\/div>\n\t\t<\/div>\n\t\t\t\t<div class=\"elementor-column elementor-col-66 elementor-top-column elementor-element elementor-element-37a8b39\" data-id=\"37a8b39\" data-element_type=\"column\" data-e-type=\"column\">\n\t\t\t<div class=\"elementor-widget-wrap elementor-element-populated\">\n\t\t\t\t\t\t<div class=\"elementor-element elementor-element-25c87d9 elementor-widget elementor-widget-heading\" data-id=\"25c87d9\" data-element_type=\"widget\" data-e-type=\"widget\" data-widget_type=\"heading.default\">\n\t\t\t\t<div class=\"elementor-widget-container\">\n\t\t\t\t\t<p class=\"elementor-heading-title elementor-size-default\"><a href=\"https:\/\/photos.app.goo.gl\/uQbMMKqwx25EzJoc9\" target=\"_blank\">Frauen-Walkingrunde im Chiemen 12.06.2024<\/a><\/p>\t\t\t\t<\/div>\n\t\t\t\t<\/div>\n\t\t\t\t<div class=\"elementor-element elementor-element-ad5a9ca elementor-widget elementor-widget-text-editor\" data-id=\"ad5a9ca\" data-element_type=\"widget\" data-e-type=\"widget\" data-widget_type=\"text-editor.default\">\n\t\t\t\t<div class=\"elementor-widget-container\">\n\t\t\t\t\t\t\t\t\t<p>Just f\u00fcr unseren Walking-Spaziermorgen im Chiemen zeigte sich nach tr\u00fcben Tagen endlich wieder die Sonne. Nicht nur die V\u00f6gel im Wald zwitscherten um die Wette, auch wir Frauen hatten einiges zu plaudern. Wir genossen die Natur in vollen Z\u00fcgen. Anschliessend an die Walkingrunde gab es noch ein gem\u00fctliches Zusammensitzen im Restaurant Baumgarten. Auf jeden Fall werden wir zusammen wieder auf eine Spaziertour gehen. Eine kurzfristige Ank\u00fcndigung folgt bei Gelegenheit.<\/p><p>\u00a0<\/p>\t\t\t\t\t\t\t\t<\/div>\n\t\t\t\t<\/div>\n\t\t\t\t\t<\/div>\n\t\t<\/div>\n\t\t\t\t\t<\/div>\n\t\t<\/section>\n\t\t\t\t<section class=\"elementor-section elementor-top-section elementor-element elementor-element-46a462e elementor-section-boxed elementor-section-height-default elementor-section-height-default\" data-id=\"46a462e\" data-element_type=\"section\" data-e-type=\"section\">\n\t\t\t\t\t\t<div class=\"elementor-container elementor-column-gap-default\">\n\t\t\t\t\t<div class=\"elementor-column elementor-col-33 elementor-top-column elementor-element elementor-element-938b5be\" data-id=\"938b5be\" data-element_type=\"column\" data-e-type=\"column\">\n\t\t\t<div class=\"elementor-widget-wrap elementor-element-populated\">\n\t\t\t\t\t\t<div class=\"elementor-element elementor-element-769bf77 elementor-widget elementor-widget-image\" data-id=\"769bf77\" data-element_type=\"widget\" data-e-type=\"widget\" data-widget_type=\"image.default\">\n\t\t\t\t<div class=\"elementor-widget-container\">\n\t\t\t\t\t\t\t\t\t\t\t\t\t\t\t\t<a href=\"https:\/\/photos.app.goo.gl\/VoL91hGsWFJTpeoFA\" target=\"_blank\">\n\t\t\t\t\t\t\t<img loading=\"lazy\" decoding=\"async\" width=\"678\" height=\"509\" src=\"https:\/\/frauenkreis-immensee.ch\/wp-content\/uploads\/2024\/05\/285e150f-3816-4c60-a928-ec1ed1face97-1024x768.jpg\" class=\"attachment-large size-large wp-image-4010\" alt=\"\" srcset=\"https:\/\/frauenkreis-immensee.ch\/wp-content\/uploads\/2024\/05\/285e150f-3816-4c60-a928-ec1ed1face97-1024x768.jpg 1024w, https:\/\/frauenkreis-immensee.ch\/wp-content\/uploads\/2024\/05\/285e150f-3816-4c60-a928-ec1ed1face97-300x225.jpg 300w, https:\/\/frauenkreis-immensee.ch\/wp-content\/uploads\/2024\/05\/285e150f-3816-4c60-a928-ec1ed1face97-768x576.jpg 768w, https:\/\/frauenkreis-immensee.ch\/wp-content\/uploads\/2024\/05\/285e150f-3816-4c60-a928-ec1ed1face97-1536x1152.jpg 1536w, https:\/\/frauenkreis-immensee.ch\/wp-content\/uploads\/2024\/05\/285e150f-3816-4c60-a928-ec1ed1face97.jpg 2048w\" sizes=\"(max-width: 678px) 100vw, 678px\" \/>\t\t\t\t\t\t\t\t<\/a>\n\t\t\t\t\t\t\t\t\t\t\t\t\t\t\t<\/div>\n\t\t\t\t<\/div>\n\t\t\t\t\t<\/div>\n\t\t<\/div>\n\t\t\t\t<div class=\"elementor-column elementor-col-66 elementor-top-column elementor-element elementor-element-cd6a494\" data-id=\"cd6a494\" data-element_type=\"column\" data-e-type=\"column\">\n\t\t\t<div class=\"elementor-widget-wrap elementor-element-populated\">\n\t\t\t\t\t\t<div class=\"elementor-element elementor-element-de63b8f elementor-widget elementor-widget-heading\" data-id=\"de63b8f\" data-element_type=\"widget\" data-e-type=\"widget\" data-widget_type=\"heading.default\">\n\t\t\t\t<div class=\"elementor-widget-container\">\n\t\t\t\t\t<p class=\"elementor-heading-title elementor-size-default\"><a href=\"https:\/\/photos.app.goo.gl\/VoL91hGsWFJTpeoFA\" target=\"_blank\">Maiandacht in Merlischachen zusammen mit dem frauennetz k\u00fcssnacht merlischachen 22.05.2024<\/a><\/p>\t\t\t\t<\/div>\n\t\t\t\t<\/div>\n\t\t\t\t<div class=\"elementor-element elementor-element-70e73b7 elementor-widget elementor-widget-text-editor\" data-id=\"70e73b7\" data-element_type=\"widget\" data-e-type=\"widget\" data-widget_type=\"text-editor.default\">\n\t\t\t\t<div class=\"elementor-widget-container\">\n\t\t\t\t\t\t\t\t\t<p>Der allj\u00e4hrlichen Einladung zur Maiandacht vom frauennetz k\u00fcssnacht merlischachen und dem Frauenkreis Immensee folgten \u00fcber 40 Frauen. Schon vor der Kirche ging es lebendig zu und her. Claudia Zimmermann nahm uns mit auf den Jakobsweg und erz\u00e4hlte uns die Legende vom Apostel Jakobus, den Kirchenpatron von Merlischachen. Umrahmt wurde die Andacht vom Kirchenchor Merlischachen. Einmal mehr sch\u00f6n war es den Kl\u00e4ngen in der Kirche zuzuh\u00f6ren. Ein grosses Dankesch\u00f6n an den Kirchenchor Merlischachen und Claudia Zimmermann f\u00fcr die Gestaltung der eindr\u00fccklichen Feier.\u00a0<\/p><p>Nat\u00fcrlich durfte das gem\u00fctliche Zusammensitzen und der Austausch nach der Andacht nicht fehlen.\u00a0<\/p>\t\t\t\t\t\t\t\t<\/div>\n\t\t\t\t<\/div>\n\t\t\t\t\t<\/div>\n\t\t<\/div>\n\t\t\t\t\t<\/div>\n\t\t<\/section>\n\t\t\t\t<section class=\"elementor-section elementor-top-section elementor-element elementor-element-9b1e9ea elementor-section-boxed elementor-section-height-default elementor-section-height-default\" data-id=\"9b1e9ea\" data-element_type=\"section\" data-e-type=\"section\">\n\t\t\t\t\t\t<div class=\"elementor-container elementor-column-gap-default\">\n\t\t\t\t\t<div class=\"elementor-column elementor-col-33 elementor-top-column elementor-element elementor-element-2586421\" data-id=\"2586421\" data-element_type=\"column\" data-e-type=\"column\">\n\t\t\t<div class=\"elementor-widget-wrap elementor-element-populated\">\n\t\t\t\t\t\t<div class=\"elementor-element elementor-element-ef62afb elementor-widget elementor-widget-image\" data-id=\"ef62afb\" data-element_type=\"widget\" data-e-type=\"widget\" data-widget_type=\"image.default\">\n\t\t\t\t<div class=\"elementor-widget-container\">\n\t\t\t\t\t\t\t\t\t\t\t\t\t\t\t\t<a href=\"https:\/\/photos.app.goo.gl\/oNLKyiyxdy2dC16S8\" target=\"_blank\">\n\t\t\t\t\t\t\t<img loading=\"lazy\" decoding=\"async\" width=\"678\" height=\"509\" src=\"https:\/\/frauenkreis-immensee.ch\/wp-content\/uploads\/2024\/04\/e5fb0d93-8c39-43e3-bcc9-099c2a03534e-1024x768.jpg\" class=\"attachment-large size-large wp-image-3927\" alt=\"\" srcset=\"https:\/\/frauenkreis-immensee.ch\/wp-content\/uploads\/2024\/04\/e5fb0d93-8c39-43e3-bcc9-099c2a03534e-1024x768.jpg 1024w, https:\/\/frauenkreis-immensee.ch\/wp-content\/uploads\/2024\/04\/e5fb0d93-8c39-43e3-bcc9-099c2a03534e-300x225.jpg 300w, https:\/\/frauenkreis-immensee.ch\/wp-content\/uploads\/2024\/04\/e5fb0d93-8c39-43e3-bcc9-099c2a03534e-768x576.jpg 768w, https:\/\/frauenkreis-immensee.ch\/wp-content\/uploads\/2024\/04\/e5fb0d93-8c39-43e3-bcc9-099c2a03534e-1536x1152.jpg 1536w, https:\/\/frauenkreis-immensee.ch\/wp-content\/uploads\/2024\/04\/e5fb0d93-8c39-43e3-bcc9-099c2a03534e.jpg 2016w\" sizes=\"(max-width: 678px) 100vw, 678px\" \/>\t\t\t\t\t\t\t\t<\/a>\n\t\t\t\t\t\t\t\t\t\t\t\t\t\t\t<\/div>\n\t\t\t\t<\/div>\n\t\t\t\t\t<\/div>\n\t\t<\/div>\n\t\t\t\t<div class=\"elementor-column elementor-col-66 elementor-top-column elementor-element elementor-element-f8abd0c\" data-id=\"f8abd0c\" data-element_type=\"column\" data-e-type=\"column\">\n\t\t\t<div class=\"elementor-widget-wrap elementor-element-populated\">\n\t\t\t\t\t\t<div class=\"elementor-element elementor-element-89b3ba8 elementor-widget elementor-widget-heading\" data-id=\"89b3ba8\" data-element_type=\"widget\" data-e-type=\"widget\" data-widget_type=\"heading.default\">\n\t\t\t\t<div class=\"elementor-widget-container\">\n\t\t\t\t\t<p class=\"elementor-heading-title elementor-size-default\"><a href=\"https:\/\/photos.app.goo.gl\/oNLKyiyxdy2dC16S8\" target=\"_blank\">Erlebniskochen mit Thermomix 23.04.2024 unter der Leitung von Laura Ulrich<\/a><\/p>\t\t\t\t<\/div>\n\t\t\t\t<\/div>\n\t\t\t\t<div class=\"elementor-element elementor-element-a9fec02 elementor-widget elementor-widget-text-editor\" data-id=\"a9fec02\" data-element_type=\"widget\" data-e-type=\"widget\" data-widget_type=\"text-editor.default\">\n\t\t\t\t<div class=\"elementor-widget-container\">\n\t\t\t\t\t\t\t\t\t<p>F\u00fchle den Spass am Kochen&#8230;.und das noch preisg\u00fcnstig, effizient, einfach in der Bedienung und mit vielen verschiedenen Rezeptm\u00f6glichkeiten. Selten war ein Kurs so schnell ausgebucht. Laura Ulrich f\u00fchrte mit ihrem Fachwissen und mit Liebe zum Detail durch den Abend. Wir Frauen konnten uns ein leckeres 4 Gang Men\u00fc kochen und dieses auch geniessen. Ein gelungener Anlass, der viel zu schnell zu Ende ging, aber jede Frau konnte f\u00fcr sich Ideen sammeln, ausprobieren und wer weiss, vielleicht gibt es bald einen neuen K\u00fcchenhelfer zu Hause? Ein grosses Dankesch\u00f6n an Laura, Fabienne, Christoph und Charlie.<\/p>\t\t\t\t\t\t\t\t<\/div>\n\t\t\t\t<\/div>\n\t\t\t\t\t<\/div>\n\t\t<\/div>\n\t\t\t\t\t<\/div>\n\t\t<\/section>\n\t\t\t\t<section class=\"elementor-section elementor-top-section elementor-element elementor-element-b4579c0 elementor-section-boxed elementor-section-height-default elementor-section-height-default\" data-id=\"b4579c0\" data-element_type=\"section\" data-e-type=\"section\">\n\t\t\t\t\t\t<div class=\"elementor-container elementor-column-gap-default\">\n\t\t\t\t\t<div class=\"elementor-column elementor-col-33 elementor-top-column elementor-element elementor-element-c0ddbc7\" data-id=\"c0ddbc7\" data-element_type=\"column\" data-e-type=\"column\">\n\t\t\t<div class=\"elementor-widget-wrap elementor-element-populated\">\n\t\t\t\t\t\t<div class=\"elementor-element elementor-element-09ae842 elementor-widget elementor-widget-image\" data-id=\"09ae842\" data-element_type=\"widget\" data-e-type=\"widget\" data-widget_type=\"image.default\">\n\t\t\t\t<div class=\"elementor-widget-container\">\n\t\t\t\t\t\t\t\t\t\t\t\t\t\t\t\t<a href=\"https:\/\/photos.app.goo.gl\/og2onuTA8gWUE8q39\" target=\"_blank\">\n\t\t\t\t\t\t\t<img loading=\"lazy\" decoding=\"async\" width=\"678\" height=\"859\" src=\"https:\/\/frauenkreis-immensee.ch\/wp-content\/uploads\/2024\/04\/Titelbild-Besinnungszmorge-808x1024.jpeg\" class=\"attachment-large size-large wp-image-3882\" alt=\"\" srcset=\"https:\/\/frauenkreis-immensee.ch\/wp-content\/uploads\/2024\/04\/Titelbild-Besinnungszmorge-808x1024.jpeg 808w, https:\/\/frauenkreis-immensee.ch\/wp-content\/uploads\/2024\/04\/Titelbild-Besinnungszmorge-237x300.jpeg 237w, https:\/\/frauenkreis-immensee.ch\/wp-content\/uploads\/2024\/04\/Titelbild-Besinnungszmorge-768x973.jpeg 768w, https:\/\/frauenkreis-immensee.ch\/wp-content\/uploads\/2024\/04\/Titelbild-Besinnungszmorge-1212x1536.jpeg 1212w, https:\/\/frauenkreis-immensee.ch\/wp-content\/uploads\/2024\/04\/Titelbild-Besinnungszmorge-1616x2048.jpeg 1616w, https:\/\/frauenkreis-immensee.ch\/wp-content\/uploads\/2024\/04\/Titelbild-Besinnungszmorge-scaled.jpeg 2020w\" sizes=\"(max-width: 678px) 100vw, 678px\" \/>\t\t\t\t\t\t\t\t<\/a>\n\t\t\t\t\t\t\t\t\t\t\t\t\t\t\t<\/div>\n\t\t\t\t<\/div>\n\t\t\t\t\t<\/div>\n\t\t<\/div>\n\t\t\t\t<div class=\"elementor-column elementor-col-66 elementor-top-column elementor-element elementor-element-edcc9c6\" data-id=\"edcc9c6\" data-element_type=\"column\" data-e-type=\"column\">\n\t\t\t<div class=\"elementor-widget-wrap elementor-element-populated\">\n\t\t\t\t\t\t<div class=\"elementor-element elementor-element-0397ed5 elementor-widget elementor-widget-heading\" data-id=\"0397ed5\" data-element_type=\"widget\" data-e-type=\"widget\" data-widget_type=\"heading.default\">\n\t\t\t\t<div class=\"elementor-widget-container\">\n\t\t\t\t\t<p class=\"elementor-heading-title elementor-size-default\"><a href=\"https:\/\/photos.app.goo.gl\/og2onuTA8gWUE8q39\" target=\"_blank\">Besinnungszmorge 18.04.2024 mit Anita Baumgartner und Norbert Spiegler<\/a><\/p>\t\t\t\t<\/div>\n\t\t\t\t<\/div>\n\t\t\t\t<div class=\"elementor-element elementor-element-0cd77e9 elementor-widget elementor-widget-text-editor\" data-id=\"0cd77e9\" data-element_type=\"widget\" data-e-type=\"widget\" data-widget_type=\"text-editor.default\">\n\t\t\t\t<div class=\"elementor-widget-container\">\n\t\t\t\t\t\t\t\t\t<p><b>\u201eWir haben nur diese Welt, und wenn wir sie nicht richtig behandeln, wird sie uns ins Gesicht springen.\u201c (Emeka Udemba)<\/b><\/p><p>Ein herzliches Dankesch\u00f6n an Anita und Norbert f\u00fcr diesen eindr\u00fccklichen Morgen. Nach einem gem\u00fctlichen Zmorge mit lebendigen Gespr\u00e4chen wurden wir musikalisch und spirituell mit Fragen zum Nachdenken \u00fcber uns Menschen als Teil der Natur in die \u00f6kospirituelle Besinnung eingef\u00fchrt. Wir schwelgten in Erinnerungen und Dankbarkeit \u00fcber das Sch\u00f6ne aus nah und fern, machten uns Gedanken was uns in unserer jetzigen Welt<span class=\"Apple-converted-space\">\u00a0 <\/span>belastet, suchten nach M\u00f6glichkeiten in Aktion zu treten um einen klitzekleinen Teil der Welt zu \u00e4ndern\u2026 oder fragten uns, welche Eigenschaften ein Engel braucht um die Welt zu versch\u00f6nern und zu erhalten. Es war ein interessanter, kurzweiliger Morgen mit Lichtblicken trotz Schneesturm und K\u00e4lte draussen.<span class=\"Apple-converted-space\">\u00a0<\/span><\/p>\t\t\t\t\t\t\t\t<\/div>\n\t\t\t\t<\/div>\n\t\t\t\t\t<\/div>\n\t\t<\/div>\n\t\t\t\t\t<\/div>\n\t\t<\/section>\n\t\t\t\t<section class=\"elementor-section elementor-top-section elementor-element elementor-element-9b95050 elementor-section-boxed elementor-section-height-default elementor-section-height-default\" data-id=\"9b95050\" data-element_type=\"section\" data-e-type=\"section\">\n\t\t\t\t\t\t<div class=\"elementor-container elementor-column-gap-default\">\n\t\t\t\t\t<div class=\"elementor-column elementor-col-33 elementor-top-column elementor-element elementor-element-c48f496\" data-id=\"c48f496\" data-element_type=\"column\" data-e-type=\"column\">\n\t\t\t<div class=\"elementor-widget-wrap elementor-element-populated\">\n\t\t\t\t\t\t<div class=\"elementor-element elementor-element-b1d1c10 elementor-widget elementor-widget-image\" data-id=\"b1d1c10\" data-element_type=\"widget\" data-e-type=\"widget\" data-widget_type=\"image.default\">\n\t\t\t\t<div class=\"elementor-widget-container\">\n\t\t\t\t\t\t\t\t\t\t\t\t\t\t\t\t<a href=\"https:\/\/photos.app.goo.gl\/iKUrWWtLWYQYnPvx8\" target=\"_blank\">\n\t\t\t\t\t\t\t<img loading=\"lazy\" decoding=\"async\" width=\"678\" height=\"989\" src=\"https:\/\/frauenkreis-immensee.ch\/wp-content\/uploads\/2024\/04\/image000011-scaled-e1713542064594-702x1024.jpeg\" class=\"attachment-large size-large wp-image-3804\" alt=\"\" srcset=\"https:\/\/frauenkreis-immensee.ch\/wp-content\/uploads\/2024\/04\/image000011-scaled-e1713542064594-702x1024.jpeg 702w, https:\/\/frauenkreis-immensee.ch\/wp-content\/uploads\/2024\/04\/image000011-scaled-e1713542064594-206x300.jpeg 206w, https:\/\/frauenkreis-immensee.ch\/wp-content\/uploads\/2024\/04\/image000011-scaled-e1713542064594-768x1120.jpeg 768w, https:\/\/frauenkreis-immensee.ch\/wp-content\/uploads\/2024\/04\/image000011-scaled-e1713542064594-1053x1536.jpeg 1053w, https:\/\/frauenkreis-immensee.ch\/wp-content\/uploads\/2024\/04\/image000011-scaled-e1713542064594-1404x2048.jpeg 1404w, https:\/\/frauenkreis-immensee.ch\/wp-content\/uploads\/2024\/04\/image000011-scaled-e1713542064594.jpeg 1655w\" sizes=\"(max-width: 678px) 100vw, 678px\" \/>\t\t\t\t\t\t\t\t<\/a>\n\t\t\t\t\t\t\t\t\t\t\t\t\t\t\t<\/div>\n\t\t\t\t<\/div>\n\t\t\t\t\t<\/div>\n\t\t<\/div>\n\t\t\t\t<div class=\"elementor-column elementor-col-66 elementor-top-column elementor-element elementor-element-02a09e4\" data-id=\"02a09e4\" data-element_type=\"column\" data-e-type=\"column\">\n\t\t\t<div class=\"elementor-widget-wrap elementor-element-populated\">\n\t\t\t\t\t\t<div class=\"elementor-element elementor-element-1293759 elementor-widget elementor-widget-heading\" data-id=\"1293759\" data-element_type=\"widget\" data-e-type=\"widget\" data-widget_type=\"heading.default\">\n\t\t\t\t<div class=\"elementor-widget-container\">\n\t\t\t\t\t<p class=\"elementor-heading-title elementor-size-default\"><a href=\"https:\/\/photos.app.goo.gl\/iKUrWWtLWYQYnPvx8\" target=\"_blank\">Osterbescherung Altersheim Sunnehof 25.03.2024<\/a><\/p>\t\t\t\t<\/div>\n\t\t\t\t<\/div>\n\t\t\t\t<div class=\"elementor-element elementor-element-f01f68c elementor-widget elementor-widget-text-editor\" data-id=\"f01f68c\" data-element_type=\"widget\" data-e-type=\"widget\" data-widget_type=\"text-editor.default\">\n\t\t\t\t<div class=\"elementor-widget-container\">\n\t\t\t\t\t\t\t\t\t<p>Wie jedes Jahr \u00fcberraschte der Frauenkreis Immensee die Bewohner*innen des Altersheim Sunnehof. Jeweils freudig wurden wir beim kurzen, pers\u00f6nlichen Besuch empfangen. Mit einen kleinem Ostergruss in Form von einem Str\u00e4usschen oder Tulpe zusammen mit einem Kaffeegutschein, bekamen wir als Dank ein strahlendes L\u00e4cheln zur\u00fcck. Es wurde von allen sehr gesch\u00e4tzt, dass es in diesem Jahr, nicht wie sonst Schokolade, etwas anderes als Gruss gab.<\/p>\t\t\t\t\t\t\t\t<\/div>\n\t\t\t\t<\/div>\n\t\t\t\t\t<\/div>\n\t\t<\/div>\n\t\t\t\t\t<\/div>\n\t\t<\/section>\n\t\t<div class=\"elementor-element elementor-element-2ede61d e-flex e-con-boxed e-con e-parent\" data-id=\"2ede61d\" data-element_type=\"container\" data-e-type=\"container\">\n\t\t\t\t\t<div class=\"e-con-inner\">\n\t\t\t\t<div class=\"elementor-element elementor-element-7c267ad elementor-widget elementor-widget-image\" data-id=\"7c267ad\" data-element_type=\"widget\" data-e-type=\"widget\" data-widget_type=\"image.default\">\n\t\t\t\t<div class=\"elementor-widget-container\">\n\t\t\t\t\t\t\t\t\t\t\t\t\t\t\t<img loading=\"lazy\" decoding=\"async\" width=\"300\" height=\"183\" src=\"https:\/\/frauenkreis-immensee.ch\/wp-content\/uploads\/2025\/09\/Frauenbund_Symbol_vernetzt_RGB_mit_Weissraum-3-300x183.jpg\" class=\"attachment-medium size-medium wp-image-5055\" alt=\"\" srcset=\"https:\/\/frauenkreis-immensee.ch\/wp-content\/uploads\/2025\/09\/Frauenbund_Symbol_vernetzt_RGB_mit_Weissraum-3-300x183.jpg 300w, https:\/\/frauenkreis-immensee.ch\/wp-content\/uploads\/2025\/09\/Frauenbund_Symbol_vernetzt_RGB_mit_Weissraum-3-1024x624.jpg 1024w, https:\/\/frauenkreis-immensee.ch\/wp-content\/uploads\/2025\/09\/Frauenbund_Symbol_vernetzt_RGB_mit_Weissraum-3-768x468.jpg 768w, https:\/\/frauenkreis-immensee.ch\/wp-content\/uploads\/2025\/09\/Frauenbund_Symbol_vernetzt_RGB_mit_Weissraum-3-1536x937.jpg 1536w, https:\/\/frauenkreis-immensee.ch\/wp-content\/uploads\/2025\/09\/Frauenbund_Symbol_vernetzt_RGB_mit_Weissraum-3-2048x1249.jpg 2048w\" sizes=\"(max-width: 300px) 100vw, 300px\" \/>\t\t\t\t\t\t\t\t\t\t\t\t\t\t\t<\/div>\n\t\t\t\t<\/div>\n\t\t\t\t\t<\/div>\n\t\t\t\t<\/div>\n\t\t\t\t<\/div>\n\t\t","protected":false},"excerpt":{"rendered":"<p>Wenn Du mit der Ver\u00f6ffentlichung eines Bildes nicht einverstanden bist,\u00a0 informiere dringend den\u00a0WEBMASTER. Wir werden das Bild sofort von der Seite nehmen. Bild antippen und weitere Fotos geniessen.\u00a0 Wieder ist vorbei &#8211; der Muddy Angel Run 4.7.2026 Mit f\u00fcnf Frauen vom Frauenkreis Immensee waren wir \u00a0mitten im Schlamm, voller Lacher und Teamgeist. Spassfaktor? Riesig! Es [&hellip;]<\/p>\n","protected":false},"author":1,"featured_media":0,"parent":0,"menu_order":0,"comment_status":"closed","ping_status":"closed","template":"elementor_header_footer","meta":{"footnotes":""},"class_list":["post-691","page","type-page","status-publish","hentry"],"_links":{"self":[{"href":"https:\/\/frauenkreis-immensee.ch\/index.php?rest_route=\/wp\/v2\/pages\/691","targetHints":{"allow":["GET"]}}],"collection":[{"href":"https:\/\/frauenkreis-immensee.ch\/index.php?rest_route=\/wp\/v2\/pages"}],"about":[{"href":"https:\/\/frauenkreis-immensee.ch\/index.php?rest_route=\/wp\/v2\/types\/page"}],"author":[{"embeddable":true,"href":"https:\/\/frauenkreis-immensee.ch\/index.php?rest_route=\/wp\/v2\/users\/1"}],"replies":[{"embeddable":true,"href":"https:\/\/frauenkreis-immensee.ch\/index.php?rest_route=%2Fwp%2Fv2%2Fcomments&post=691"}],"version-history":[{"count":768,"href":"https:\/\/frauenkreis-immensee.ch\/index.php?rest_route=\/wp\/v2\/pages\/691\/revisions"}],"predecessor-version":[{"id":5742,"href":"https:\/\/frauenkreis-immensee.ch\/index.php?rest_route=\/wp\/v2\/pages\/691\/revisions\/5742"}],"wp:attachment":[{"href":"https:\/\/frauenkreis-immensee.ch\/index.php?rest_route=%2Fwp%2Fv2%2Fmedia&parent=691"}],"curies":[{"name":"wp","href":"https:\/\/api.w.org\/{rel}","templated":true}]}}